{"id":26354,"date":"2019-01-21T18:35:56","date_gmt":"2019-01-21T17:35:56","guid":{"rendered":"https:\/\/www.garvanacoustic.com\/?page_id=26354"},"modified":"2025-08-18T11:08:26","modified_gmt":"2025-08-18T09:08:26","slug":"ueber-uns","status":"publish","type":"page","link":"https:\/\/www.garvanacoustic.com\/de\/firma\/ueber-uns\/","title":{"rendered":"\u00dcber uns"},"content":{"rendered":"<section  class=\"bg-image-srcset cover-background\" style=\"background-image: url(https:\/\/www.garvanacoustic.com\/wp-content\/uploads\/2018\/10\/garvan-chi-siamo-header.jpg);\" data-bg-srcset=\"https:\/\/www.garvanacoustic.com\/wp-content\/uploads\/2018\/10\/garvan-chi-siamo-header.jpg 1920w, https:\/\/www.garvanacoustic.com\/wp-content\/uploads\/2018\/10\/garvan-chi-siamo-header-300x128.jpg 300w, https:\/\/www.garvanacoustic.com\/wp-content\/uploads\/2018\/10\/garvan-chi-siamo-header-768x329.jpg 768w, https:\/\/www.garvanacoustic.com\/wp-content\/uploads\/2018\/10\/garvan-chi-siamo-header-1024x438.jpg 1024w, https:\/\/www.garvanacoustic.com\/wp-content\/uploads\/2018\/10\/garvan-chi-siamo-header-81x35.jpg 81w\"><div class=\"selection-overlay\" style=\"background-color:rgba(48,48,48,0.7);\"><\/div><div class=\"container\"><div class=\"row\"><div class=\"wpb_column hcode-column-container vc_col-sm-8 vc_col-md-6 col-xs-mobile-fullwidth\" data-front-class=\"col-xs-mobile-fullwidth\"><div class=\"vc-column-innner-wrapper\"><div class=\"white-text slider-subtitle1 bg-inherit no-margin text-left no-padding\"  style=\"color:#ffffff !important\">Design. Create. Innovate.<\/div><\/div><\/div><\/div><\/div><\/section><section class=\" vc_custom_1539681349995\"><div class=\"container\"><div class=\"row\"><div class=\"wpb_column hcode-column-container sm-text-center vc_col-sm-12 vc_col-md-7 col-xs-mobile-fullwidth\" data-front-class=\"sm-text-center col-xs-mobile-fullwidth\"><div class=\"vc-column-innner-wrapper\"><img decoding=\"async\" width=\"600\" height=\"500\" src=\"https:\/\/www.garvanacoustic.com\/wp-content\/uploads\/2018\/10\/garvan-chi-siamo.jpg\" class=\"\" alt=\"\" srcset=\"https:\/\/www.garvanacoustic.com\/wp-content\/uploads\/2018\/10\/garvan-chi-siamo.jpg 600w, https:\/\/www.garvanacoustic.com\/wp-content\/uploads\/2018\/10\/garvan-chi-siamo-300x250.jpg 300w, https:\/\/www.garvanacoustic.com\/wp-content\/uploads\/2018\/10\/garvan-chi-siamo-81x68.jpg 81w\" sizes=\"(max-width: 600px) 100vw, 600px\" \/><\/div><\/div><div class=\"wpb_column hcode-column-container sm-text-center vc_col-sm-12 vc_col-md-5 col-xs-mobile-fullwidth\" data-front-class=\"sm-text-center col-xs-mobile-fullwidth\"><div class=\"vc-column-innner-wrapper\"><h1 class=\"section-title no-padding margin-five text-transform-none black-text\" style=\"font-weight:700;\">Hersteller von Lautsprechern und schallschluckenden Platten<\/h1><div class=\"title-small font-weight-300\"><p>Garvan bietet eine ausgezeichnete Klangerfahrung durch Architektur-Lautsprecher, die sich in der Umgebung integrieren.<br \/>\nDas wird von Versenkbare- und Designl\u00f6sungen erm\u00f6glicht, welche endlose Materialen, Farben und individuellen Gestaltungen bieten.<br \/>\nWir stellen uns in dem Punkt, wo akustische Physik und Materialwissenschaft sich mit Sch\u00f6nheit, k\u00fcnstlichen Gedanken und der Exzellenz des Made in Italy treffen.<\/p>\n<\/div><\/div><\/div><div class=\"wpb_column hcode-column-container sm-text-center xs-text-center vc_col-sm-12 col-xs-mobile-fullwidth\" data-front-class=\"sm-text-center xs-text-center col-xs-mobile-fullwidth\"><div class=\"vc-column-innner-wrapper\">[vc_empty_space]<div class=\"title-small font-weight-300\"><p>Unseres Ziel ist es, unsere Gegenst\u00e4ndlichkeit und Know-how im Dienst der Kreativit\u00e4t zu stellen.<br \/>\nWir helfen daf\u00fcr, Projekte zu materialisieren und Harmonie im Leben der Menschen zu bringen.<br \/>\nLetztendlich sind wir hier, um die Welt um uns herum zu verbessern.<\/p>\n<\/div><\/div><\/div><\/div><\/div><\/section><section class=\"padding-three-tb\"><div class=\"container\"><div class=\"row\"><div class=\"wpb_column hcode-column-container vc_col-sm-6 col-xs-mobile-fullwidth\" data-front-class=\"col-xs-mobile-fullwidth\"><div class=\"vc-column-innner-wrapper\"><h1 class=\"section-title no-padding margin-five text-transform-none black-text\" style=\"font-weight:700;\">Unsere Geschichte<\/h1><\/div><\/div><div class=\"wpb_column hcode-column-container vc_col-sm-6 col-xs-mobile-fullwidth\" data-front-class=\"col-xs-mobile-fullwidth\"><div class=\"vc-column-innner-wrapper\">[vc_single_image image=\"76486\" img_size=\"medium\"]<\/div><\/div><div class=\"wpb_column hcode-column-container vc_col-sm-12 col-xs-mobile-fullwidth\" data-front-class=\"col-xs-mobile-fullwidth\"><div class=\"vc-column-innner-wrapper\"><p><strong>2005<br \/>\nEntstehung von Garvan Acoustic | <\/strong>Roberto Gaudenzi und Andrea Martelli gr\u00fcndeten Garvan Acoustic. Im selben Jahr wurde die erste Kollektion von akustischen Architektur-Lautsprechern pr\u00e4sentiert, die hochwertigen Verzierungen - wie Leder, Edelstahl und edles Holz - aufwiesen. Die erste Version von Goccia war schon Teil des ersten Katalogs.<br \/>\nDer Begriff \u201eArchitektur-Lautsprecher\u201c wurde sofort eingef\u00fchrt. Dieser Begriff ist noch immer benutzt und bezeichnet eine Kombination von Handwerkskunst, Made-in-Italy und best\u00e4ndiger Innovation, die alle unsere Produkte kennzeichnen.<br \/>\nDie Zusammenarbeit mit Samuele Brunetti stellt eine wertvolle Hilfe in Bezug auf die interne Organisation und den Handel der Produkte dar.<\/p>\n<p><strong>2006<br \/>\nGarvan Acoustic erneuert sich mit dem wandb\u00fcndigen Lautsprecher | <\/strong>Ausgehend von einer Idee des Architekturb\u00fcros Bartoletti und Cicognani aus Faenza wurde der erste wandb\u00fcndige Einbaulautsprecher der Welt nach fast einem Jahr von Forschung und Entwicklung hergestellt. Dieser Lautsprecher wurde in der \u00dcberarbeitung des allgemeinen Katalogs Garvan 2006 hinzugef\u00fcgt.<\/p>\n<p><strong>2007<br \/>\nFuori Salone Milano | <\/strong>Zum ersten Mal stellte Garvan die eigene Kollektion bei der Messe Fuorisalone Milano aus und es wurde ein bedeutendes Interesse bemerkt.<br \/>\n2008 - AD Architectural Digest \/ After Show<br \/>\nDer mit echtem Leder bezogene Pyramid-Lautsprecher SPE420 wurde in der Rezension einer namhaften Installation auf dem Magazin AD Architectural Digest benannt.<br \/>\nGarvan Acoustic vertont die exklusivsten Umgebungen der von Free Event organisierten After-Shows von Zucchero Fornaciari, Vasco Rossi, Luciano Ligabue.<\/p>\n<p><strong>2009<br \/>\nDer Keramiklautsprecher Goccia aus Faenza | <\/strong>Der Lautsprecher Goccia wurde in einer neuen Version neugestaltet, welche die Verwendung von der Keramik aus Faenza f\u00fcr die Herstellung des Geh\u00e4uses und eines neuen Lautsprechers beinhaltet. Dank seiner Pastellfarben, Gold, Kupfer und Platin erlaubt die neue Goccia, echte Kunstgegenst\u00e4nde zu erzeugen, die von der Erfahrung von Roberto Gatti entstehen.<\/p>\n<p><strong>2010<br \/>\nNeue Partnerschaft: Jacuzzi\u00ae und After Show | <\/strong>2010 begann die Zusammenarbeit mit Jacuzzi\u00ae und Garvan Acoustic gestaltete akustisch seinen namhaften Raum bei der internationaler Messe Cersaie in Bologna.<br \/>\nGarvan Acoustic vertont die exklusivsten Umgebungen der von Free Event organisierten After-Shows von Black Eyed Peas, Muse, Luciano Ligabue.<\/p>\n<p><strong>2011<br \/>\nCOR-TEN\u00ae Effekt \/ Top Design Award | <\/strong>Garvan Acoustic ist unter die ersten \u2013 wenn sie nicht gar der erste war \u2013 Hersteller von Lautsprecher, der den COR-TEN\u00ae Effekt f\u00fcr die Verzierungen verwendet. Es handelt sich um eine spezielle Behandlung, dass sich matrial anf\u00fchlt und eine br\u00e4unliche Farbe aufweist, die langfristig unver\u00e4ndert bleibt.<br \/>\nDer Outdoor Garvan Lautsprecher SA113 wurde mit der Pr\u00e4mie \"Top Design\" bei der Messe Top Audio Video Show von Milano ausgezeichnet.<\/p>\n<p><strong>2012<br \/>\nIBM \/ Turiner Sportmuseum \/ MSC Crociere \/ Karriere-Preis an Ennio Morricone | <\/strong>F\u00fcr die Umsetzung des Firmensitzes der IBM in Rom wurden die besten avantgardistischen Technologien im audio-visuellen Bereich eingesetzt und die versenkbaren Lautsprecher von Garvan wurden nicht nur wegen der hohen Qualit\u00e4t des Klangs sondern auch wegen ihrer beachtlichen \u00e4sthetischen Note ausgew\u00e4hlt.<br \/>\nAndererseits beleben die Einbaulautsprecher von Garvan die Werke des Turiner Sportmuseums. Es ist der erste permanente Ausstellungsraum Italiens, der sich den Sportrarit\u00e4ten widmet und ist das einzige Museum in Italien, das innerhalb eines Stadions ist, das hei\u00dft das Turiner Stadio Olimpico. Garvan Acoustic erzeugt eine Reihe von pers\u00f6nlich gestalteten Lautsprechern f\u00fcr das neue von Sophia Lauren getaufte Kreuzfahrtschiff MSC Divina. Das Projekt wurde in Zusammenarbeit mit dem Architekten Luca Mori des Architekturb\u00fcros De Jorio durchgef\u00fchrt.<br \/>\nGarvan hatte das Privileg, technischer Partner von Soundtrack-Stars zu sein: es geht um der Karriere-Preis, welcher an Maestro Ennio Morricone anl\u00e4sslich des Memorials \"Luciano\u2019s Friend The Talent Goes On\" verliehen wurde. Zus\u00e4tzlich stattete Garvan die Location der Preisverleihung mit den \"Goccia\", der Keramiklautsprecher aus Faenza, aus.<\/p>\n<p><strong>2013<br \/>\nMarkteinf\u00fchrung der neuen mit Corian\u00ae versch\u00f6nerten Outdoor Lautsprecher 360\u00b0 \/ MSC Crociere \/ 70. Internationale Filmfestspiele Venedig | <\/strong>Garvan Acoustic ist unter die ersten \u2013 wenn sie nicht gar der erste war \u2013 Hersteller von Lautsprecher, die den Material Corian\u00ae f\u00fcr seine neue Kollektion von Outdoor Lautsprechern 360\u00b0 verwendet.<br \/>\nGarvan erzeugt eine Reihe von Lautsprechern, die dazu bestimmt f\u00fcr das neue Kreuzfahrtschiff MSC Preziosa ist, das von Sophia Loren vom Stapel gelassen wurde. Die Arbeit wurde in Zusammenarbeit mit dem Architekten Luca Mori des Architekturb\u00fcros De Jorio.<br \/>\nGarvan wurde als technischer Partner bei \u201cSoundtrack Stars\u201d ausgew\u00e4hlt, n\u00e4mlich die Pr\u00e4mie f\u00fcr die beste Filmmusik bei der 70. Internationalen Filmfestspiele von 28. August bis 7. September 2013 in Venedig.<\/p>\n<p><strong>2014<br \/>\nMarkteinf\u00fchrung von SA210 und der Technologie G-Bass\u2122 \/ Auszeichnung \"Protagonisten f\u00fcr die Entwicklung\" \/ Jacuzzi\u00ae | <\/strong>Pr\u00e4sentation des neuen Outdoor Lausprecher SA210 mit der Technologie G-Bass\u2122, welcher Ergebnis der Forschung von Garvan ist: Verwendung eines mit \u00dcbertragungsleitung belasteten doppelten Lautsprechers f\u00fcr eine optimale Wiedergabe im Bereich der Niederfrequenzen ohne Verwendung zus\u00e4tzlicher Subwoofer.<br \/>\nGarvan Acoustic wurde unter den exzellenten Unternehmen der Provinz Ravenna wegen seines Wirtschaftswachstums, Besch\u00e4ftigungszuwachses, seiner Innovation und Qualit\u00e4t ausgezeichnet.<br \/>\nVom 8. bis 13. April fand wieder der Salone del Mobile in Mailand statt. Hier ist Garvan Partner von Jacuzzi\u00ae, dem Markf\u00fchrer im Bereich Spa und Bad.<\/p>\n<p><strong>2015<br \/>\nGresini Racing \/ Internationale Filmfestspiele | <\/strong>Aprilia Racing Team Gresini, italienische Mannschaft, die an der MotoGP Weltmeisterschaft teilnimmt, entschied sich f\u00fcr die exklusiven Goccia Lautsprecher von Garvan Acoustic, um die beste Beschallung in ihrer Hospitality, dem \"Heim\" des Teams und seiner G\u00e4ste w\u00e4hrend der Grand Prix Wochenenden sicherzustellen.<br \/>\nGarvan wurde als technischer Partner bei \u201cSoundtrack Stars\u201d ausgew\u00e4hlt, n\u00e4mlich die Pr\u00e4mie f\u00fcr die beste Filmmusik bei der 72. Internationalen Filmfestspiele von 2. bis 7. September 2015 in Venedig.<\/p>\n<p><strong>2016<br \/>\nParis einweiht \u00abViale dei canti\u00bb \/ Aldo Drudi D-Performance \/ Internationalen Filmfestspiele | <\/strong>Am 26. Mai wurde in der Parisern Rue de Grenelle, in Anwesenheit vieles Publikum und der italienischen Botschafterin der UNESCO, Frau Vincenza Lomonaco, das Multimedia-Projekt Viale dei Canti eingeweiht. Die Graffiti-Arbeit steht direkt neben dem Italienischen Kulturinstitut und spiegelt die perfekte Mischung von der Kunst und dem Know-how der Made in Italy. Das \u201emusikalische Geheimnis\u201c, das im Herzen dieser Installation versteckt ist, stammt auch aus Italien: sechs unsichtbare, akustische Lautsprecher von Garvan verteilen die Poesie der Viale dei Canti, ein Projekt des weltweit ber\u00fchmten Komponisten Stefano Gervasoni.<br \/>\nPartner des Projekts Burasca, das vom lokalen Designer Aldo Drudi durchgef\u00fchrt wurde. Er ist ber\u00fchmt f\u00fcr die Grafik auf die Helme von verschiedenen Meistern des Motorradsports, darunter Valentino Rossi.<br \/>\nGarvan wurde als technischer Partner bei \u201cSoundtrack Stars\u201d ausgew\u00e4hlt, n\u00e4mlich die Pr\u00e4mie f\u00fcr die beste Filmmusik bei der 74. Internationalen Filmfestspiele von 31. August bis 10. September 2016 in Venedig.<\/p>\n<p><strong>2017<br \/>\nMarkteinf\u00fchrung der neuen Einbau-Subwoofer mit der Technologie G-Bass\u2122 | <\/strong>Bei der Messe ISE Amsterdam wurde die neue und innovative Reihe WIR pr\u00e4sentiert: Es handelt sich um wandb\u00fcndigen Einbau-Subwoofer f\u00fcr Gipskarton mit \u00dcbertragung G-Bass\u2122, welche die Leistungen im Vergleich zu einer traditionelleren Konfiguration verbessern und \u00fcber eine \u00e4sthetische Schlichtheit verf\u00fcgen.<\/p>\n<p><strong>2018<br \/>\nLaura Pausini dankt Garvan Acoustic in ihrem neuen Album \"Fatti Sentire\" | <\/strong>Garvan Acoustic ist technischer Partner von ORS Studios und wird im neuen Album \"Fatti Sentire\" von der ber\u00fchmten italienischen S\u00e4ngerin Laura Pausini bedankt. Das Album wurde teilweise bei ORS Studios aufgenommen, wo ein Audiosystem mit den Lautsprechern von Garvan Acoustic ist.<\/p>\n<p><strong>2018<br \/>\nGarvan beim Misano World Circuit Marco Simoncelli | <\/strong>Vom 20. bis 22. Juli haben 18 der Garvan Acoustic Subwoofers und Wandlautsprecher den kraftvollen Klang des 4-Zylinder-Desmosedici Stradale-Motors der neuen Ducati Panigale V4 auf dem Marco Simoncelli Misano World Circuit originalgetreu und authentisch interpretiert.<br \/>\nAnl\u00e4sslich der Ausstellung Eicma 2018 vertraute Ducati auf Garvan Acoustic, um den Besuchern das Erlebnis eines reinen italienischen Sounds zu bieten. Zwei SA225 Lautsprecher reproduzierten originalgetreu und authentisch die kraftvolle Melodie der Ducati Panigale V4.<\/p>\n<p><strong>2019<br \/>\nGoccia Lautsprecher im Kino | <\/strong>Unsere SA210 Outdoor-Lautsprecher spielen im Film \u201eIl Campione\u201c und in den Fernsehserien \u201eSet Up Girl\u201c und \u201eSOS Chirurgia\u201c.<\/p>\n<p data-pm-slice=\"1 1 &#091;&#093;\"><strong>2020<br \/>\nAuf der Design Shanghai Messe<\/strong> | Auf der Design Shanghai Messe (3. - 6. Juni 2021) beschallen die Goccia-Lautsprecher den prestigetr\u00e4chtigen Roche Bobois Showroom. Installation durch unseren chinesischen Vertriebspartner Sentimenthifi.<\/p>\n<p><strong>2021<br \/>\nGarvan-Lautsprecher als Fernsehstars<\/strong> | Die Goccia-Lautsprecher kehren mit den TV-Serien \"Ritocc\u00e0ti!\" und \"Il Re del Bisturi\" ins Fernsehen zur\u00fcck.<\/p>\n<p><strong>Neue Produkte im Garvan-Katalog<\/strong> | Folgende Produkte werden vorgestellt: Soundbars, Micro-Lautsprecher und vier 11-cm-Einbaulautsprecher. Der neue Outdoor-Lautsprecher SN120 wird mit marktf\u00fchrender Leistung pr\u00e4sentiert.<\/p>\n<p><strong>2022<br \/>\nUnsere Lautsprecher setzen die Segel<\/strong> | Ferretti Yachts w\u00e4hlt Garvan Acoustic als Standard-Audiosystem f\u00fcr seine luxuri\u00f6sen Yachten.<br \/>\n<strong>Garvan auf Amazon Prime Video<\/strong> | Wir nehmen an einem neuen Format teil, das sich der italienischen Exzellenz widmet. Die Kameras von \"Italians Do It Better\" besuchten unser Unternehmen, um unsere Geschichte zu erz\u00e4hlen.<br \/>\n<strong>Die Goccia in Misano<\/strong> | Die von Drudi Performance gestaltete Goccia mit der Grafik des GP San Marino und der Riviera di Rimini wird beim FMI-Kongress w\u00e4hrend des MotoGP im Misano Circuit vorgestellt.<br \/>\n<strong>Zusammenarbeit mit Gresini Racing<\/strong> | Die Zusammenarbeit mit Gresini Racing geht weiter. Fahrer Enea Bastianini gewinnt mehrere MotoGP-Rennen.<br \/>\n<strong>Neue Home-Cinema-Produkte<\/strong> | Einf\u00fchrung neuer Lautsprecher mit geteiltem Center-Kanal f\u00fcr Heimkinoanwendungen sowie ma\u00dfgeschneiderte Soundbars mit einer L\u00e4nge von bis zu 3 Metern.<\/p>\n<p><strong>2023<br \/>\nAudio Pista entsteht<\/strong> | In Zusammenarbeit mit der Rennstrecke von Imola wird das Projekt <em>Audio Pista<\/em> ins Leben gerufen, das Klanggeschichten aus der Welt des Motorsports erz\u00e4hlt. Die Zusammenarbeit mit Gresini Racing geht weiter.<br \/>\n<strong>Die Goccia im Rampenlicht<\/strong> | Der Goccia-Lautsprecher bereichert das Set der TV-Serie \"Il Patriarca\" auf Mediaset Infinity sowie den neuen Film \"Una Commedia Pericolosa\" mit Enrico Brignano.<br \/>\n<strong>Garvan Art\u2122<\/strong> | Neues Projekt <em>Garvan Art\u2122<\/em>, die erste nummerierte Kollektion von schallabsorbierenden Kunstwerken von Garvan Acoustic\u00ae, geschaffen von der K\u00fcnstlerin Maria Savini. Jedes St\u00fcck vereint akustische Exzellenz mit k\u00fcnstlerischem Wert und verwandelt Klang in visuelle Formen auf Akustikpaneelen mit exklusiven Oberfl\u00e4chen.<br \/>\n<strong>Die Goccia beschallt Misano<\/strong> | Die Goccia-Lautsprecher beschallen den Konferenzraum des Misano Circuit, der einige der wichtigsten Motorsport-Events wie MotoGP, Superbike und DTM ausrichtet.<br \/>\n<strong>Outdoor-Lautsprecher aus Beton<\/strong> | Vorstellung des neuen Outdoor-Lautsprechers Garvan SN120EA aus Beton.<\/p>\n<p><strong>2024<br \/>\nNeue Soundbars und leistungsst\u00e4rkere Outdoor-Lautsprecher<\/strong> | Einf\u00fchrung von 12 ma\u00dfgeschneiderten Soundbars, aufgeteilt in 6 Einbaumodelle und 6 On-Wall-Modelle, sowie eine Reihe von Outdoor-Lautsprechern mit 360\u00b0-Klang, darunter die Modelle SN220 und WN220.<br \/>\n<strong>Neuer K\u00fcnstler f\u00fcr Garvan Art\u2122<\/strong> | <em>Garvan Art\u2122<\/em> erweitert sich mit Kunstwerken des Meisters Adriano Venturelli auf <em>SURFACE\u2122<\/em>-Paneelen mit <em>Materica WALL\u2122<\/em>-Oberfl\u00e4che. Jedes Kunstwerk wird mit einem Echtheits- und Eigentumszertifikat der Anima&amp;Colors-Galerie in Modena versehen, unterzeichnet vom K\u00fcnstler Meister Adriano Venturelli.<br \/>\n<strong>Partnerschaften im Motorsport<\/strong> | Die Zusammenarbeit mit Gresini Racing wird fortgesetzt. In Partnerschaft mit Ducati f\u00fcr die <em>WDW<\/em> haben wir eine Klangerfahrung geschaffen, die die beeindruckenden Ger\u00e4usche der Ducati-Motorr\u00e4der originalgetreu wiedergibt.<\/p>\n<\/div><\/div><\/div><\/div><\/section><section style=\"background-color:#000000;\"><div class=\"container\"><div class=\"row\"><div class=\"wpb_column hcode-column-container vc_col-sm-12 col-xs-mobile-fullwidth\" data-front-class=\"col-xs-mobile-fullwidth\"><div class=\"vc-column-innner-wrapper\"><div class=\"fit-videos\"><iframe loading=\"lazy\" width=\"800\" height=\"400\" webkitAllowFullScreen mozallowfullscreen allowFullScreen src=\"https:\/\/www.youtube.com\/embed\/_lpsMpqrpW0?autoplay=0&loop=0\"><\/iframe><\/div><\/div><\/div><\/div><\/div><\/section><section><div class=\"container\"><div class=\"row\"><div class=\"wpb_column hcode-column-container vc_col-sm-2 vc_col-lg-3 vc_col-md-2 vc_hidden-xs col-xs-mobile-fullwidth\" data-front-class=\"col-xs-mobile-fullwidth\"><div class=\"vc-column-innner-wrapper\"><\/div><\/div><div class=\"wpb_column hcode-column-container text-center vc_col-sm-8 vc_col-lg-6 vc_col-md-8 vc_col-xs-12\" data-front-class=\"text-center\"><div class=\"vc-column-innner-wrapper\"><h2 class=\"section-title no-padding margin-bottom-40px xs-margin-bottom-20px\">Abonnieren unseren newsletter<\/h2>\n<div class=\"wpcf7 no-js\" id=\"wpcf7-f28139-o1\" lang=\"it-IT\" dir=\"ltr\" data-wpcf7-id=\"28139\">\n<div class=\"screen-reader-response\"><p role=\"status\" aria-live=\"polite\" aria-atomic=\"true\"><\/p> <ul><\/ul><\/div>\n<form action=\"\/de\/wp-json\/wp\/v2\/pages\/26354#wpcf7-f28139-o1\" method=\"post\" class=\"wpcf7-form init cf7mls-no-scroll cf7mls-auto-return-first-step cf7mls-no-moving-animation\" aria-label=\"Modulo di contatto\" novalidate=\"novalidate\" data-status=\"init\">\n<fieldset class=\"hidden-fields-container\"><input type=\"hidden\" name=\"_wpcf7\" value=\"28139\" \/><input type=\"hidden\" name=\"_wpcf7_version\" value=\"6.1.5\" \/><input type=\"hidden\" name=\"_wpcf7_locale\" value=\"it_IT\" \/><input type=\"hidden\" name=\"_wpcf7_unit_tag\" value=\"wpcf7-f28139-o1\" \/><input type=\"hidden\" name=\"_wpcf7_container_post\" value=\"0\" \/><input type=\"hidden\" name=\"_wpcf7_posted_data_hash\" value=\"\" \/><input type=\"hidden\" name=\"_wpcf7_recaptcha_response\" value=\"\" \/>\n<\/fieldset>\n<div class=\"input-group\">\n\t<p><span class=\"wpcf7-form-control-wrap\" data-name=\"your-name\"><input size=\"40\" maxlength=\"400\" class=\"wpcf7-form-control wpcf7-text wpcf7-validates-as-required\" aria-required=\"true\" aria-invalid=\"false\" placeholder=\"Vorname und Nachname\" value=\"\" type=\"text\" name=\"your-name\" \/><\/span><br \/>\n<span class=\"wpcf7-form-control-wrap\" data-name=\"your-company\"><input size=\"40\" maxlength=\"400\" class=\"wpcf7-form-control wpcf7-text\" aria-invalid=\"false\" placeholder=\"Unternehmen (optional)\" value=\"\" type=\"text\" name=\"your-company\" \/><\/span><br \/>\n<span class=\"wpcf7-form-control-wrap\" data-name=\"your-email\"><input size=\"40\" maxlength=\"400\" class=\"wpcf7-form-control wpcf7-email wpcf7-validates-as-required wpcf7-text wpcf7-validates-as-email\" aria-required=\"true\" aria-invalid=\"false\" placeholder=\"E-Mail\" value=\"\" type=\"email\" name=\"your-email\" \/><\/span>\n\t<\/p>\n<\/div>\n<div class=\"checkbox\">\n\t<p><span class=\"wpcf7-form-control-wrap\" data-name=\"privacy\"><span class=\"wpcf7-form-control wpcf7-acceptance\"><span class=\"wpcf7-list-item\"><label><input type=\"checkbox\" name=\"privacy\" value=\"1\" checked=\"checked\" aria-invalid=\"false\" \/><span class=\"wpcf7-list-item-label\">Mit dem Absenden dieser Anfrage erm\u00e4chtige ich Garvan gem\u00e4\u00df dem <a href=\"https:\/\/www.garvanacoustic.com\/de\/privacy-policy\/\" target=\"_blank\" rel=\"noopener\">Datenschutzgesetz (2003\/196)<\/a>, meine E-Mail-Adresse f\u00fcr Werbe- und\/oder Marketingzwecke zu verwenden. Garvan Acoustic verwendet Ihre Daten ausschlie\u00dflich zu diesem Zweck und gibt sie nicht an Dritte weiter.<\/span><\/label><\/span><\/span><\/span>\n\t<\/p>\n<\/div>\n<p><input class=\"wpcf7-form-control wpcf7-submit has-spinner\" type=\"submit\" value=\"ANMELDEN\" \/>\n<\/p><div class=\"wpcf7-response-output\" aria-hidden=\"true\"><\/div>\n<\/form>\n<\/div>\n\n<\/div><\/div><div class=\"wpb_column hcode-column-container vc_col-sm-2 vc_col-lg-3 vc_col-md-2 vc_hidden-xs col-xs-mobile-fullwidth\" data-front-class=\"col-xs-mobile-fullwidth\"><div class=\"vc-column-innner-wrapper\"><\/div><\/div><\/div><\/div><\/section>","protected":false},"excerpt":{"rendered":"<p>Design. Create. Innovate.Hersteller von Lautsprechern und schallschluckenden PlattenGarvan bietet eine ausgezeichnete Klangerfahrung durch Architektur-Lautsprecher, die sich in der Umgebung integrieren. Das wird von Versenkbare- und Designl\u00f6sungen erm\u00f6glicht, welche endlose Materialen, Farben und individuellen Gestaltungen bieten. Wir stellen uns in dem Punkt, wo akustische Physik und Materialwissenschaft sich mit Sch\u00f6nheit, k\u00fcnstlichen Gedanken und der Exzellenz des [&hellip;]<\/p>\n","protected":false},"author":6,"featured_media":0,"parent":26352,"menu_order":0,"comment_status":"closed","ping_status":"closed","template":"","meta":{"_joinchat":[],"footnotes":""},"class_list":["post-26354","page","type-page","status-publish","hentry"],"yoast_head":"<!-- This site is optimized with the Yoast SEO Premium plugin v27.4 (Yoast SEO v27.4) - https:\/\/yoast.com\/product\/yoast-seo-premium-wordpress\/ -->\n<title>\u00dcber uns - Garvan Acoustic<\/title>\n<meta name=\"robots\" content=\"index, follow, max-snippet:-1, max-image-preview:large, max-video-preview:-1\" \/>\n<link rel=\"canonical\" href=\"https:\/\/www.garvanacoustic.com\/de\/firma\/ueber-uns\/\" \/>\n<meta property=\"og:locale\" content=\"de_DE\" \/>\n<meta property=\"og:type\" content=\"article\" \/>\n<meta property=\"og:title\" content=\"\u00dcber uns\" \/>\n<meta property=\"og:description\" content=\"Design. Create. Innovate.Hersteller von Lautsprechern und schallschluckenden PlattenGarvan bietet eine ausgezeichnete Klangerfahrung durch Architektur-Lautsprecher, die sich in der Umgebung integrieren. Das wird von Versenkbare- und Designl\u00f6sungen erm\u00f6glicht, welche endlose Materialen, Farben und individuellen Gestaltungen bieten. Wir stellen uns in dem Punkt, wo akustische Physik und Materialwissenschaft sich mit Sch\u00f6nheit, k\u00fcnstlichen Gedanken und der Exzellenz des [&hellip;]\" \/>\n<meta property=\"og:url\" content=\"https:\/\/www.garvanacoustic.com\/de\/firma\/ueber-uns\/\" \/>\n<meta property=\"og:site_name\" content=\"Garvan Acoustic\" \/>\n<meta property=\"article:publisher\" content=\"https:\/\/www.facebook.com\/garvanacoustic\" \/>\n<meta property=\"article:modified_time\" content=\"2025-08-18T09:08:26+00:00\" \/>\n<meta property=\"og:image\" content=\"https:\/\/www.garvanacoustic.com\/wp-content\/uploads\/2024\/07\/header-nwsl-garvan-e1759746705872.jpg\" \/>\n\t<meta property=\"og:image:width\" content=\"779\" \/>\n\t<meta property=\"og:image:height\" content=\"437\" \/>\n\t<meta property=\"og:image:type\" content=\"image\/jpeg\" \/>\n<meta name=\"twitter:card\" content=\"summary_large_image\" \/>\n<meta name=\"twitter:label1\" content=\"Gesch\u00e4tzte Lesezeit\" \/>\n\t<meta name=\"twitter:data1\" content=\"11\u00a0Minuten\" \/>\n<script type=\"application\/ld+json\" class=\"yoast-schema-graph\">{\"@context\":\"https:\\\/\\\/schema.org\",\"@graph\":[{\"@type\":\"WebPage\",\"@id\":\"https:\\\/\\\/www.garvanacoustic.com\\\/de\\\/firma\\\/ueber-uns\\\/\",\"url\":\"https:\\\/\\\/www.garvanacoustic.com\\\/de\\\/firma\\\/ueber-uns\\\/\",\"name\":\"\u00dcber uns - Garvan Acoustic\",\"isPartOf\":{\"@id\":\"https:\\\/\\\/www.garvanacoustic.com\\\/de\\\/#website\"},\"datePublished\":\"2019-01-21T17:35:56+00:00\",\"dateModified\":\"2025-08-18T09:08:26+00:00\",\"breadcrumb\":{\"@id\":\"https:\\\/\\\/www.garvanacoustic.com\\\/de\\\/firma\\\/ueber-uns\\\/#breadcrumb\"},\"inLanguage\":\"de\",\"potentialAction\":[{\"@type\":\"ReadAction\",\"target\":[\"https:\\\/\\\/www.garvanacoustic.com\\\/de\\\/firma\\\/ueber-uns\\\/\"]}]},{\"@type\":\"BreadcrumbList\",\"@id\":\"https:\\\/\\\/www.garvanacoustic.com\\\/de\\\/firma\\\/ueber-uns\\\/#breadcrumb\",\"itemListElement\":[{\"@type\":\"ListItem\",\"position\":1,\"name\":\"Home\",\"item\":\"https:\\\/\\\/www.garvanacoustic.com\\\/de\\\/\"},{\"@type\":\"ListItem\",\"position\":2,\"name\":\"Firma\",\"item\":\"https:\\\/\\\/www.garvanacoustic.com\\\/de\\\/firma\\\/\"},{\"@type\":\"ListItem\",\"position\":3,\"name\":\"\u00dcber uns\"}]},{\"@type\":\"WebSite\",\"@id\":\"https:\\\/\\\/www.garvanacoustic.com\\\/de\\\/#website\",\"url\":\"https:\\\/\\\/www.garvanacoustic.com\\\/de\\\/\",\"name\":\"Garvan Acoustic\",\"description\":\"Diffusori e trattamento acustico: scopri la qualit\u00e0 del Made in Italy\",\"publisher\":{\"@id\":\"https:\\\/\\\/www.garvanacoustic.com\\\/de\\\/#organization\"},\"potentialAction\":[{\"@type\":\"SearchAction\",\"target\":{\"@type\":\"EntryPoint\",\"urlTemplate\":\"https:\\\/\\\/www.garvanacoustic.com\\\/de\\\/?s={search_term_string}\"},\"query-input\":{\"@type\":\"PropertyValueSpecification\",\"valueRequired\":true,\"valueName\":\"search_term_string\"}}],\"inLanguage\":\"de\"},{\"@type\":\"Organization\",\"@id\":\"https:\\\/\\\/www.garvanacoustic.com\\\/de\\\/#organization\",\"name\":\"Garvan Acoustic\",\"url\":\"https:\\\/\\\/www.garvanacoustic.com\\\/de\\\/\",\"logo\":{\"@type\":\"ImageObject\",\"inLanguage\":\"de\",\"@id\":\"https:\\\/\\\/www.garvanacoustic.com\\\/de\\\/#\\\/schema\\\/logo\\\/image\\\/\",\"url\":\"https:\\\/\\\/www.garvanacoustic.com\\\/wp-content\\\/uploads\\\/2018\\\/07\\\/garvan-acoustic-logo.png\",\"contentUrl\":\"https:\\\/\\\/www.garvanacoustic.com\\\/wp-content\\\/uploads\\\/2018\\\/07\\\/garvan-acoustic-logo.png\",\"width\":400,\"height\":161,\"caption\":\"Garvan Acoustic\"},\"image\":{\"@id\":\"https:\\\/\\\/www.garvanacoustic.com\\\/de\\\/#\\\/schema\\\/logo\\\/image\\\/\"},\"sameAs\":[\"https:\\\/\\\/www.facebook.com\\\/garvanacoustic\",\"https:\\\/\\\/www.instagram.com\\\/garvanacoustic\\\/\"],\"description\":\"Produttori di Diffusori Acustici e Pannelli Fonoassorbenti Made in Italy\",\"email\":\"garvan@garvanacoustic.com\",\"telephone\":\"0546 682097\"}]}<\/script>\n<!-- \/ Yoast SEO Premium plugin. -->","yoast_head_json":{"title":"\u00dcber uns - Garvan Acoustic","robots":{"index":"index","follow":"follow","max-snippet":"max-snippet:-1","max-image-preview":"max-image-preview:large","max-video-preview":"max-video-preview:-1"},"canonical":"https:\/\/www.garvanacoustic.com\/de\/firma\/ueber-uns\/","og_locale":"de_DE","og_type":"article","og_title":"\u00dcber uns","og_description":"Design. Create. Innovate.Hersteller von Lautsprechern und schallschluckenden PlattenGarvan bietet eine ausgezeichnete Klangerfahrung durch Architektur-Lautsprecher, die sich in der Umgebung integrieren. Das wird von Versenkbare- und Designl\u00f6sungen erm\u00f6glicht, welche endlose Materialen, Farben und individuellen Gestaltungen bieten. Wir stellen uns in dem Punkt, wo akustische Physik und Materialwissenschaft sich mit Sch\u00f6nheit, k\u00fcnstlichen Gedanken und der Exzellenz des [&hellip;]","og_url":"https:\/\/www.garvanacoustic.com\/de\/firma\/ueber-uns\/","og_site_name":"Garvan Acoustic","article_publisher":"https:\/\/www.facebook.com\/garvanacoustic","article_modified_time":"2025-08-18T09:08:26+00:00","og_image":[{"width":779,"height":437,"url":"https:\/\/www.garvanacoustic.com\/wp-content\/uploads\/2024\/07\/header-nwsl-garvan-e1759746705872.jpg","type":"image\/jpeg"}],"twitter_card":"summary_large_image","twitter_misc":{"Gesch\u00e4tzte Lesezeit":"11\u00a0Minuten"},"schema":{"@context":"https:\/\/schema.org","@graph":[{"@type":"WebPage","@id":"https:\/\/www.garvanacoustic.com\/de\/firma\/ueber-uns\/","url":"https:\/\/www.garvanacoustic.com\/de\/firma\/ueber-uns\/","name":"\u00dcber uns - Garvan Acoustic","isPartOf":{"@id":"https:\/\/www.garvanacoustic.com\/de\/#website"},"datePublished":"2019-01-21T17:35:56+00:00","dateModified":"2025-08-18T09:08:26+00:00","breadcrumb":{"@id":"https:\/\/www.garvanacoustic.com\/de\/firma\/ueber-uns\/#breadcrumb"},"inLanguage":"de","potentialAction":[{"@type":"ReadAction","target":["https:\/\/www.garvanacoustic.com\/de\/firma\/ueber-uns\/"]}]},{"@type":"BreadcrumbList","@id":"https:\/\/www.garvanacoustic.com\/de\/firma\/ueber-uns\/#breadcrumb","itemListElement":[{"@type":"ListItem","position":1,"name":"Home","item":"https:\/\/www.garvanacoustic.com\/de\/"},{"@type":"ListItem","position":2,"name":"Firma","item":"https:\/\/www.garvanacoustic.com\/de\/firma\/"},{"@type":"ListItem","position":3,"name":"\u00dcber uns"}]},{"@type":"WebSite","@id":"https:\/\/www.garvanacoustic.com\/de\/#website","url":"https:\/\/www.garvanacoustic.com\/de\/","name":"Garvan Acoustic","description":"Diffusori e trattamento acustico: scopri la qualit\u00e0 del Made in Italy","publisher":{"@id":"https:\/\/www.garvanacoustic.com\/de\/#organization"},"potentialAction":[{"@type":"SearchAction","target":{"@type":"EntryPoint","urlTemplate":"https:\/\/www.garvanacoustic.com\/de\/?s={search_term_string}"},"query-input":{"@type":"PropertyValueSpecification","valueRequired":true,"valueName":"search_term_string"}}],"inLanguage":"de"},{"@type":"Organization","@id":"https:\/\/www.garvanacoustic.com\/de\/#organization","name":"Garvan Acoustic","url":"https:\/\/www.garvanacoustic.com\/de\/","logo":{"@type":"ImageObject","inLanguage":"de","@id":"https:\/\/www.garvanacoustic.com\/de\/#\/schema\/logo\/image\/","url":"https:\/\/www.garvanacoustic.com\/wp-content\/uploads\/2018\/07\/garvan-acoustic-logo.png","contentUrl":"https:\/\/www.garvanacoustic.com\/wp-content\/uploads\/2018\/07\/garvan-acoustic-logo.png","width":400,"height":161,"caption":"Garvan Acoustic"},"image":{"@id":"https:\/\/www.garvanacoustic.com\/de\/#\/schema\/logo\/image\/"},"sameAs":["https:\/\/www.facebook.com\/garvanacoustic","https:\/\/www.instagram.com\/garvanacoustic\/"],"description":"Produttori di Diffusori Acustici e Pannelli Fonoassorbenti Made in Italy","email":"garvan@garvanacoustic.com","telephone":"0546 682097"}]}},"_links":{"self":[{"href":"https:\/\/www.garvanacoustic.com\/de\/wp-json\/wp\/v2\/pages\/26354","targetHints":{"allow":["GET"]}}],"collection":[{"href":"https:\/\/www.garvanacoustic.com\/de\/wp-json\/wp\/v2\/pages"}],"about":[{"href":"https:\/\/www.garvanacoustic.com\/de\/wp-json\/wp\/v2\/types\/page"}],"author":[{"embeddable":true,"href":"https:\/\/www.garvanacoustic.com\/de\/wp-json\/wp\/v2\/users\/6"}],"replies":[{"embeddable":true,"href":"https:\/\/www.garvanacoustic.com\/de\/wp-json\/wp\/v2\/comments?post=26354"}],"version-history":[{"count":16,"href":"https:\/\/www.garvanacoustic.com\/de\/wp-json\/wp\/v2\/pages\/26354\/revisions"}],"predecessor-version":[{"id":76495,"href":"https:\/\/www.garvanacoustic.com\/de\/wp-json\/wp\/v2\/pages\/26354\/revisions\/76495"}],"up":[{"embeddable":true,"href":"https:\/\/www.garvanacoustic.com\/de\/wp-json\/wp\/v2\/pages\/26352"}],"wp:attachment":[{"href":"https:\/\/www.garvanacoustic.com\/de\/wp-json\/wp\/v2\/media?parent=26354"}],"curies":[{"name":"wp","href":"https:\/\/api.w.org\/{rel}","templated":true}]}}