{"id":34677,"date":"2020-01-29T09:06:53","date_gmt":"2020-01-29T08:06:53","guid":{"rendered":"https:\/\/www.garvanacoustic.com\/?page_id=34677"},"modified":"2020-01-29T09:19:08","modified_gmt":"2020-01-29T08:19:08","slug":"mit-akustischem-lautsprecher","status":"publish","type":"page","link":"https:\/\/www.garvanacoustic.com\/de\/schallabsorption\/mit-akustischem-lautsprecher\/","title":{"rendered":"mit akustischem Lautsprecher"},"content":{"rendered":"<section class=\"wow fadeIn bg-image-srcset cover-background\" style=\"background-image: url(https:\/\/www.garvanacoustic.com\/wp-content\/uploads\/2020\/01\/con_diffusore_acustico_cop.jpg);\" data-bg-srcset=\"https:\/\/www.garvanacoustic.com\/wp-content\/uploads\/2020\/01\/con_diffusore_acustico_cop.jpg 1920w, https:\/\/www.garvanacoustic.com\/wp-content\/uploads\/2020\/01\/con_diffusore_acustico_cop-300x78.jpg 300w, https:\/\/www.garvanacoustic.com\/wp-content\/uploads\/2020\/01\/con_diffusore_acustico_cop-768x200.jpg 768w, https:\/\/www.garvanacoustic.com\/wp-content\/uploads\/2020\/01\/con_diffusore_acustico_cop-1024x267.jpg 1024w, https:\/\/www.garvanacoustic.com\/wp-content\/uploads\/2020\/01\/con_diffusore_acustico_cop-81x21.jpg 81w\"><div class=\"selection-overlay\" style=\"opacity:0.5;background-color:#000000;\"><\/div><div class=\"container\"><div class=\"row\"><div class=\"wpb_column hcode-column-container center-col text-center vc_col-sm-10 vc_col-md-6 col-xs-mobile-fullwidth\" data-front-class=\"center-col text-center col-xs-mobile-fullwidth\"><div class=\"vc-column-innner-wrapper\"><p class=\"titolo\"><strong>Akustische L\u00f6sungen mit integrierten Lautsprechern<\/strong><\/p>\n<\/div><\/div><\/div><\/div><\/section><section class=\"no-padding\"><div class=\"container-fluid\"><div class=\"row\"><div class=\"wpb_column hcode-column-container text-center padding-three-top  col-xs-mobile-fullwidth\" data-front-class=\"text-center padding-three-top col-xs-mobile-fullwidth front-column-class\"><div class=\"vc-column-innner-wrapper\"><div class=\"col-md-12 text-center\"><div class=\"text-center\"><ul  class=\"portfolio-filter nav nav-tabs nav-tabs-black hcode-portfolio-filter-1\"><li class=\"nav \">\n                                    <a href=\"#\"  class=\"\" data-uniqueid=\"hcode-portfolio-1\" data-filter=\".portfolio-filter-403\" data-trigger-id=\"schalldaemmung-mit-lautsprecher\" data-id=\"\">schalld\u00e4mmung mit lautsprecher<\/a>\n                                <\/li><\/ul><\/div><\/div><div  class=\"work-5col gutter work-with-title wide wide-title \"><div class=\"col-md-12  grid-gallery overflow-hidden no-padding content-section\"><div class=\"tab-content portfolio-infinite-scroll-pagination\"><ul class=\"grid masonry-items masonry-portfolio-grid   hcode-portfolio-1\" data-portfolio=\"\" data-uniqueid=\"hcode-portfolio-1\"><li class=\"portfolio-filter-354 portfolio-filter-353 portfolio-filter-403 \"><figure><div class=\"gallery-img\"><a href=\"https:\/\/www.garvanacoustic.com\/de\/produkte\/akustik-paneele-cinematelier\/\"><img decoding=\"async\" width=\"900\" height=\"600\" src=\"https:\/\/www.garvanacoustic.com\/wp-content\/uploads\/2021\/11\/Akustik-Paneele-mit-lautsprecher-Garvan-Cinematelier-4.jpg\" class=\"hcode-portfolio-img wp-post-image\" alt=\"Akustik Paneele mit lautsprecher Garvan Cinematelier\" srcset=\"https:\/\/www.garvanacoustic.com\/wp-content\/uploads\/2021\/11\/Akustik-Paneele-mit-lautsprecher-Garvan-Cinematelier-4.jpg 900w, https:\/\/www.garvanacoustic.com\/wp-content\/uploads\/2021\/11\/Akustik-Paneele-mit-lautsprecher-Garvan-Cinematelier-4-300x200.jpg 300w, https:\/\/www.garvanacoustic.com\/wp-content\/uploads\/2021\/11\/Akustik-Paneele-mit-lautsprecher-Garvan-Cinematelier-4-768x512.jpg 768w, https:\/\/www.garvanacoustic.com\/wp-content\/uploads\/2021\/11\/Akustik-Paneele-mit-lautsprecher-Garvan-Cinematelier-4-81x54.jpg 81w\" sizes=\"(max-width: 900px) 100vw, 900px\" \/><\/a><\/div><figcaption><h3 class=\"\"><a href=\"https:\/\/www.garvanacoustic.com\/de\/produkte\/akustik-paneele-cinematelier\/\">CinemAtelier\u2122<\/a><\/h3><a class=\"btn inner-link btn-black btn-small\" href=\"https:\/\/www.garvanacoustic.com\/de\/produkte\/akustik-paneele-cinematelier\/\">Jetzt Entdecken<\/a><\/figcaption><\/figure><\/li><li class=\"portfolio-filter-359 portfolio-filter-403 \"><figure><div class=\"gallery-img\"><a href=\"https:\/\/www.garvanacoustic.com\/de\/produkte\/quadra-mit-akustischem-lautsprecher\/\"><img decoding=\"async\" width=\"900\" height=\"600\" src=\"https:\/\/www.garvanacoustic.com\/wp-content\/uploads\/2021\/08\/Quadra-mit-akustischem-Lautsprecher-1.jpg\" class=\"hcode-portfolio-img wp-post-image\" alt=\"Quadra mit akustischem Lautsprecher\" srcset=\"https:\/\/www.garvanacoustic.com\/wp-content\/uploads\/2021\/08\/Quadra-mit-akustischem-Lautsprecher-1.jpg 900w, https:\/\/www.garvanacoustic.com\/wp-content\/uploads\/2021\/08\/Quadra-mit-akustischem-Lautsprecher-1-300x200.jpg 300w, https:\/\/www.garvanacoustic.com\/wp-content\/uploads\/2021\/08\/Quadra-mit-akustischem-Lautsprecher-1-768x512.jpg 768w, https:\/\/www.garvanacoustic.com\/wp-content\/uploads\/2021\/08\/Quadra-mit-akustischem-Lautsprecher-1-81x54.jpg 81w\" sizes=\"(max-width: 900px) 100vw, 900px\" \/><\/a><\/div><figcaption><h3 class=\"\"><a href=\"https:\/\/www.garvanacoustic.com\/de\/produkte\/quadra-mit-akustischem-lautsprecher\/\">Sound Quadra\u2122 mit akustischem Lautsprecher<\/a><\/h3><a class=\"btn inner-link btn-black btn-small\" href=\"https:\/\/www.garvanacoustic.com\/de\/produkte\/quadra-mit-akustischem-lautsprecher\/\">Jetzt Entdecken<\/a><\/figcaption><\/figure><\/li><\/ul><\/div><\/div><\/div><\/div><\/div><\/div><\/div><\/section>\r\n","protected":false},"excerpt":{"rendered":"<p>[vc_single_image image=&#8220;49335&#8243; img_size=&#8220;full&#8220;]Sound Quadra\u2122 Rasterdeckenlautsprecher 60\u00d760 Sound Quadra\u2122 ist der neue Akustiklautsprecher, der f\u00fcr die Integration in g\u00e4ngige modulare 60\u00d760-Deckenpaneele entwickelt wurde. Ein elegantes und unsichtbares System, das eine homogene Musikverteilung in architektonischen Umgebungen garantiert. [vc_empty_space height=&#8220;15px&#8220;]Angebot anfordern \u203a[vc_empty_space height=&#8220;15px&#8220;][vc_empty_space height=&#8220;15px&#8220;][vc_single_image image=&#8220;74088&#8243; img_size=&#8220;full&#8220;][vc_empty_space height=&#8220;15px&#8220;][vc_empty_space]Technische spezifikationen Typ: 2-Wege koaxial Leistung\u00a0RMS\/MAX (W): 50 \/ 100 \u00d8 Lautsprecher: [&hellip;]<\/p>\n","protected":false},"author":7,"featured_media":0,"parent":34682,"menu_order":0,"comment_status":"open","ping_status":"open","template":"","meta":{"_joinchat":[],"footnotes":""},"class_list":["post-34677","page","type-page","status-publish","hentry"],"yoast_head":"<!-- This site is optimized with the Yoast SEO Premium plugin v27.4 (Yoast SEO v27.4) - https:\/\/yoast.com\/product\/yoast-seo-premium-wordpress\/ -->\n<title>mit akustischem Lautsprecher - Garvan Acoustic<\/title>\n<meta name=\"robots\" content=\"index, follow, max-snippet:-1, max-image-preview:large, max-video-preview:-1\" \/>\n<link rel=\"canonical\" href=\"https:\/\/www.garvanacoustic.com\/de\/schallabsorption\/mit-akustischem-lautsprecher\/\" \/>\n<meta property=\"og:locale\" content=\"de_DE\" \/>\n<meta property=\"og:type\" content=\"article\" \/>\n<meta property=\"og:title\" content=\"mit akustischem Lautsprecher\" \/>\n<meta property=\"og:description\" content=\"[vc_single_image image=&quot;49335&quot; img_size=&quot;full&quot;]Sound Quadra\u2122 Rasterdeckenlautsprecher 60\u00d760 Sound Quadra\u2122 ist der neue Akustiklautsprecher, der f\u00fcr die Integration in g\u00e4ngige modulare 60\u00d760-Deckenpaneele entwickelt wurde. Ein elegantes und unsichtbares System, das eine homogene Musikverteilung in architektonischen Umgebungen garantiert. [vc_empty_space height=&quot;15px&quot;]Angebot anfordern \u203a[vc_empty_space height=&quot;15px&quot;][vc_empty_space height=&quot;15px&quot;][vc_single_image image=&quot;74088&quot; img_size=&quot;full&quot;][vc_empty_space height=&quot;15px&quot;][vc_empty_space]Technische spezifikationen Typ: 2-Wege koaxial Leistung\u00a0RMS\/MAX (W): 50 \/ 100 \u00d8 Lautsprecher: [&hellip;]\" \/>\n<meta property=\"og:url\" content=\"https:\/\/www.garvanacoustic.com\/de\/schallabsorption\/mit-akustischem-lautsprecher\/\" \/>\n<meta property=\"og:site_name\" content=\"Garvan Acoustic\" \/>\n<meta property=\"article:publisher\" content=\"https:\/\/www.facebook.com\/garvanacoustic\" \/>\n<meta property=\"article:modified_time\" content=\"2020-01-29T08:19:08+00:00\" \/>\n<meta property=\"og:image\" content=\"https:\/\/www.garvanacoustic.com\/wp-content\/uploads\/2024\/07\/header-nwsl-garvan-e1759746705872.jpg\" \/>\n\t<meta property=\"og:image:width\" content=\"779\" \/>\n\t<meta property=\"og:image:height\" content=\"437\" \/>\n\t<meta property=\"og:image:type\" content=\"image\/jpeg\" \/>\n<meta name=\"twitter:card\" content=\"summary_large_image\" \/>\n<meta name=\"twitter:label1\" content=\"Gesch\u00e4tzte Lesezeit\" \/>\n\t<meta name=\"twitter:data1\" content=\"1\u00a0Minute\" \/>\n<script type=\"application\/ld+json\" class=\"yoast-schema-graph\">{\"@context\":\"https:\\\/\\\/schema.org\",\"@graph\":[{\"@type\":\"WebPage\",\"@id\":\"https:\\\/\\\/www.garvanacoustic.com\\\/de\\\/schallabsorption\\\/mit-akustischem-lautsprecher\\\/\",\"url\":\"https:\\\/\\\/www.garvanacoustic.com\\\/de\\\/schallabsorption\\\/mit-akustischem-lautsprecher\\\/\",\"name\":\"mit akustischem Lautsprecher - Garvan Acoustic\",\"isPartOf\":{\"@id\":\"https:\\\/\\\/www.garvanacoustic.com\\\/de\\\/#website\"},\"datePublished\":\"2020-01-29T08:06:53+00:00\",\"dateModified\":\"2020-01-29T08:19:08+00:00\",\"breadcrumb\":{\"@id\":\"https:\\\/\\\/www.garvanacoustic.com\\\/de\\\/schallabsorption\\\/mit-akustischem-lautsprecher\\\/#breadcrumb\"},\"inLanguage\":\"de\",\"potentialAction\":[{\"@type\":\"ReadAction\",\"target\":[\"https:\\\/\\\/www.garvanacoustic.com\\\/de\\\/schallabsorption\\\/mit-akustischem-lautsprecher\\\/\"]}]},{\"@type\":\"BreadcrumbList\",\"@id\":\"https:\\\/\\\/www.garvanacoustic.com\\\/de\\\/schallabsorption\\\/mit-akustischem-lautsprecher\\\/#breadcrumb\",\"itemListElement\":[{\"@type\":\"ListItem\",\"position\":1,\"name\":\"Home\",\"item\":\"https:\\\/\\\/www.garvanacoustic.com\\\/de\\\/\"},{\"@type\":\"ListItem\",\"position\":2,\"name\":\"Schallabsorption\",\"item\":\"https:\\\/\\\/www.garvanacoustic.com\\\/de\\\/schallabsorption\\\/\"},{\"@type\":\"ListItem\",\"position\":3,\"name\":\"mit akustischem Lautsprecher\"}]},{\"@type\":\"WebSite\",\"@id\":\"https:\\\/\\\/www.garvanacoustic.com\\\/de\\\/#website\",\"url\":\"https:\\\/\\\/www.garvanacoustic.com\\\/de\\\/\",\"name\":\"Garvan Acoustic\",\"description\":\"Diffusori e trattamento acustico: scopri la qualit\u00e0 del Made in Italy\",\"publisher\":{\"@id\":\"https:\\\/\\\/www.garvanacoustic.com\\\/de\\\/#organization\"},\"potentialAction\":[{\"@type\":\"SearchAction\",\"target\":{\"@type\":\"EntryPoint\",\"urlTemplate\":\"https:\\\/\\\/www.garvanacoustic.com\\\/de\\\/?s={search_term_string}\"},\"query-input\":{\"@type\":\"PropertyValueSpecification\",\"valueRequired\":true,\"valueName\":\"search_term_string\"}}],\"inLanguage\":\"de\"},{\"@type\":\"Organization\",\"@id\":\"https:\\\/\\\/www.garvanacoustic.com\\\/de\\\/#organization\",\"name\":\"Garvan Acoustic\",\"url\":\"https:\\\/\\\/www.garvanacoustic.com\\\/de\\\/\",\"logo\":{\"@type\":\"ImageObject\",\"inLanguage\":\"de\",\"@id\":\"https:\\\/\\\/www.garvanacoustic.com\\\/de\\\/#\\\/schema\\\/logo\\\/image\\\/\",\"url\":\"https:\\\/\\\/www.garvanacoustic.com\\\/wp-content\\\/uploads\\\/2018\\\/07\\\/garvan-acoustic-logo.png\",\"contentUrl\":\"https:\\\/\\\/www.garvanacoustic.com\\\/wp-content\\\/uploads\\\/2018\\\/07\\\/garvan-acoustic-logo.png\",\"width\":400,\"height\":161,\"caption\":\"Garvan Acoustic\"},\"image\":{\"@id\":\"https:\\\/\\\/www.garvanacoustic.com\\\/de\\\/#\\\/schema\\\/logo\\\/image\\\/\"},\"sameAs\":[\"https:\\\/\\\/www.facebook.com\\\/garvanacoustic\",\"https:\\\/\\\/www.instagram.com\\\/garvanacoustic\\\/\"],\"description\":\"Produttori di Diffusori Acustici e Pannelli Fonoassorbenti Made in Italy\",\"email\":\"garvan@garvanacoustic.com\",\"telephone\":\"0546 682097\"}]}<\/script>\n<!-- \/ Yoast SEO Premium plugin. -->","yoast_head_json":{"title":"mit akustischem Lautsprecher - Garvan Acoustic","robots":{"index":"index","follow":"follow","max-snippet":"max-snippet:-1","max-image-preview":"max-image-preview:large","max-video-preview":"max-video-preview:-1"},"canonical":"https:\/\/www.garvanacoustic.com\/de\/schallabsorption\/mit-akustischem-lautsprecher\/","og_locale":"de_DE","og_type":"article","og_title":"mit akustischem Lautsprecher","og_description":"[vc_single_image image=\"49335\" img_size=\"full\"]Sound Quadra\u2122 Rasterdeckenlautsprecher 60\u00d760 Sound Quadra\u2122 ist der neue Akustiklautsprecher, der f\u00fcr die Integration in g\u00e4ngige modulare 60\u00d760-Deckenpaneele entwickelt wurde. Ein elegantes und unsichtbares System, das eine homogene Musikverteilung in architektonischen Umgebungen garantiert. [vc_empty_space height=\"15px\"]Angebot anfordern \u203a[vc_empty_space height=\"15px\"][vc_empty_space height=\"15px\"][vc_single_image image=\"74088\" img_size=\"full\"][vc_empty_space height=\"15px\"][vc_empty_space]Technische spezifikationen Typ: 2-Wege koaxial Leistung\u00a0RMS\/MAX (W): 50 \/ 100 \u00d8 Lautsprecher: [&hellip;]","og_url":"https:\/\/www.garvanacoustic.com\/de\/schallabsorption\/mit-akustischem-lautsprecher\/","og_site_name":"Garvan Acoustic","article_publisher":"https:\/\/www.facebook.com\/garvanacoustic","article_modified_time":"2020-01-29T08:19:08+00:00","og_image":[{"width":779,"height":437,"url":"https:\/\/www.garvanacoustic.com\/wp-content\/uploads\/2024\/07\/header-nwsl-garvan-e1759746705872.jpg","type":"image\/jpeg"}],"twitter_card":"summary_large_image","twitter_misc":{"Gesch\u00e4tzte Lesezeit":"1\u00a0Minute"},"schema":{"@context":"https:\/\/schema.org","@graph":[{"@type":"WebPage","@id":"https:\/\/www.garvanacoustic.com\/de\/schallabsorption\/mit-akustischem-lautsprecher\/","url":"https:\/\/www.garvanacoustic.com\/de\/schallabsorption\/mit-akustischem-lautsprecher\/","name":"mit akustischem Lautsprecher - Garvan Acoustic","isPartOf":{"@id":"https:\/\/www.garvanacoustic.com\/de\/#website"},"datePublished":"2020-01-29T08:06:53+00:00","dateModified":"2020-01-29T08:19:08+00:00","breadcrumb":{"@id":"https:\/\/www.garvanacoustic.com\/de\/schallabsorption\/mit-akustischem-lautsprecher\/#breadcrumb"},"inLanguage":"de","potentialAction":[{"@type":"ReadAction","target":["https:\/\/www.garvanacoustic.com\/de\/schallabsorption\/mit-akustischem-lautsprecher\/"]}]},{"@type":"BreadcrumbList","@id":"https:\/\/www.garvanacoustic.com\/de\/schallabsorption\/mit-akustischem-lautsprecher\/#breadcrumb","itemListElement":[{"@type":"ListItem","position":1,"name":"Home","item":"https:\/\/www.garvanacoustic.com\/de\/"},{"@type":"ListItem","position":2,"name":"Schallabsorption","item":"https:\/\/www.garvanacoustic.com\/de\/schallabsorption\/"},{"@type":"ListItem","position":3,"name":"mit akustischem Lautsprecher"}]},{"@type":"WebSite","@id":"https:\/\/www.garvanacoustic.com\/de\/#website","url":"https:\/\/www.garvanacoustic.com\/de\/","name":"Garvan Acoustic","description":"Diffusori e trattamento acustico: scopri la qualit\u00e0 del Made in Italy","publisher":{"@id":"https:\/\/www.garvanacoustic.com\/de\/#organization"},"potentialAction":[{"@type":"SearchAction","target":{"@type":"EntryPoint","urlTemplate":"https:\/\/www.garvanacoustic.com\/de\/?s={search_term_string}"},"query-input":{"@type":"PropertyValueSpecification","valueRequired":true,"valueName":"search_term_string"}}],"inLanguage":"de"},{"@type":"Organization","@id":"https:\/\/www.garvanacoustic.com\/de\/#organization","name":"Garvan Acoustic","url":"https:\/\/www.garvanacoustic.com\/de\/","logo":{"@type":"ImageObject","inLanguage":"de","@id":"https:\/\/www.garvanacoustic.com\/de\/#\/schema\/logo\/image\/","url":"https:\/\/www.garvanacoustic.com\/wp-content\/uploads\/2018\/07\/garvan-acoustic-logo.png","contentUrl":"https:\/\/www.garvanacoustic.com\/wp-content\/uploads\/2018\/07\/garvan-acoustic-logo.png","width":400,"height":161,"caption":"Garvan Acoustic"},"image":{"@id":"https:\/\/www.garvanacoustic.com\/de\/#\/schema\/logo\/image\/"},"sameAs":["https:\/\/www.facebook.com\/garvanacoustic","https:\/\/www.instagram.com\/garvanacoustic\/"],"description":"Produttori di Diffusori Acustici e Pannelli Fonoassorbenti Made in Italy","email":"garvan@garvanacoustic.com","telephone":"0546 682097"}]}},"_links":{"self":[{"href":"https:\/\/www.garvanacoustic.com\/de\/wp-json\/wp\/v2\/pages\/34677","targetHints":{"allow":["GET"]}}],"collection":[{"href":"https:\/\/www.garvanacoustic.com\/de\/wp-json\/wp\/v2\/pages"}],"about":[{"href":"https:\/\/www.garvanacoustic.com\/de\/wp-json\/wp\/v2\/types\/page"}],"author":[{"embeddable":true,"href":"https:\/\/www.garvanacoustic.com\/de\/wp-json\/wp\/v2\/users\/7"}],"replies":[{"embeddable":true,"href":"https:\/\/www.garvanacoustic.com\/de\/wp-json\/wp\/v2\/comments?post=34677"}],"version-history":[{"count":5,"href":"https:\/\/www.garvanacoustic.com\/de\/wp-json\/wp\/v2\/pages\/34677\/revisions"}],"predecessor-version":[{"id":34701,"href":"https:\/\/www.garvanacoustic.com\/de\/wp-json\/wp\/v2\/pages\/34677\/revisions\/34701"}],"up":[{"embeddable":true,"href":"https:\/\/www.garvanacoustic.com\/de\/wp-json\/wp\/v2\/pages\/34682"}],"wp:attachment":[{"href":"https:\/\/www.garvanacoustic.com\/de\/wp-json\/wp\/v2\/media?parent=34677"}],"curies":[{"name":"wp","href":"https:\/\/api.w.org\/{rel}","templated":true}]}}