{"id":73199,"date":"2024-12-27T10:38:48","date_gmt":"2024-12-27T09:38:48","guid":{"rendered":"https:\/\/www.garvanacoustic.com\/?page_id=73199"},"modified":"2026-03-16T12:26:29","modified_gmt":"2026-03-16T11:26:29","slug":"garvan-day-veranstaltung","status":"publish","type":"page","link":"https:\/\/www.garvanacoustic.com\/de\/garvan-day-veranstaltung\/","title":{"rendered":"Garvan DAY Veranstaltung"},"content":{"rendered":"<section class=\" vc_custom_1708103585709 row-equal-height row-content-middle no-padding-bottom sm-no-padding xs-no-padding\"><div class=\"container\"><div class=\"row hcode-row-flex\"><div class=\"wpb_column hcode-column-container vc_col-sm-8 col-xs-mobile-fullwidth\" data-front-class=\"col-xs-mobile-fullwidth\"><div class=\"vc-column-innner-wrapper\">[vc_empty_space][vc_wp_text]\r\n<p style=\"text-align: left;\"><span style=\"color: #ffffff;\"><strong><span class=\"GarvanDay_Title\">GARVAN DAY<\/span><\/strong><\/span>\r\n<span class=\"GarvanDay_SubTitle\" style=\"color: #ffffff;\">GEWIDMET F\u00dcR PARTNER UND FACHLEUTE<\/span><\/p>\r\n[\/vc_wp_text]<\/div><\/div><div class=\"wpb_column hcode-column-container text-left sm-text-center xs-text-center display-inline sm-display-inline xs-display-inline vc_col-sm-4 col-xs-mobile-fullwidth\" data-front-class=\"text-left sm-text-center xs-text-center display-inline sm-display-inline xs-display-inline col-xs-mobile-fullwidth\"><div class=\"vc-column-innner-wrapper\"><\/div><\/div><\/div><\/div><\/section><section class=\"no-padding sm-no-padding xs-no-padding\"><div class=\"container\"><div class=\"row\"><div class=\"wpb_column hcode-column-container vc_col-sm-2 col-xs-mobile-fullwidth\" data-front-class=\"col-xs-mobile-fullwidth\"><div class=\"vc-column-innner-wrapper\"><\/div><\/div><div class=\"wpb_column hcode-column-container text-center sm-text-center xs-text-center vc_col-sm-8 col-xs-mobile-fullwidth\" data-front-class=\"text-center sm-text-center xs-text-center col-xs-mobile-fullwidth\"><div class=\"vc-column-innner-wrapper\">[vc_empty_space height=\"50px\"]<h1><strong>Was ist das?<\/strong><\/h1>\n<p>Die j\u00e4hrliche Firmenveranstaltung von Garvan Acoustic, bei der Sie unser Unternehmen besser kennenlernen, unsere Produkte erkunden und eine Reihe exklusiver Erlebnisse genie\u00dfen k\u00f6nnen.<br \/>\nDie Teilnahme ist ausschlie\u00dflich Fachleuten vorbehalten und nur mit vorheriger Anmeldung m\u00f6glich (nicht \u00f6ffentlich zug\u00e4nglich).<\/p>\n[vc_empty_space height=\"50px\"]<\/div><\/div><div class=\"wpb_column hcode-column-container vc_col-sm-2 col-xs-mobile-fullwidth\" data-front-class=\"col-xs-mobile-fullwidth\"><div class=\"vc-column-innner-wrapper\"><\/div><\/div><\/div><\/div><\/section><section class=\"cta-gday  vc_custom_1773660354849 row-equal-height row-content-middle hcode-row-1 no-padding sm-no-padding xs-no-padding\"><div class=\"container\"><div class=\"row hcode-row-flex\"><div class=\"wpb_column hcode-column-container vc_col-sm-8 col-xs-mobile-fullwidth\" data-front-class=\"col-xs-mobile-fullwidth\"><div class=\"vc-column-innner-wrapper\">[vc_empty_space height=\"50px\"]<h2><strong>GARVAN DAY 2026<\/strong><\/h2>\n<p>Wir sind bereit f\u00fcr die Ausgabe 2026 des Garvan Day! Entdecken Sie neue exklusive Erlebnisse, h\u00f6ren Sie die Qualit\u00e4t unserer Produkte und erleben Sie sie hautnah. Eine einzigartige Gelegenheit, in die Welt von Garvan Acoustic einzutauchen.<\/p>\n[vc_empty_space height=\"50px\"]<\/div><\/div><div class=\"wpb_column hcode-column-container text-center sm-text-center xs-text-center vc_col-sm-4 col-xs-mobile-fullwidth\" data-front-class=\"text-center sm-text-center xs-text-center col-xs-mobile-fullwidth\"><div class=\"vc-column-innner-wrapper\"><p style=\"background: #F2CF7E; border-radius: 10px; padding: 15px 32px; display: inline-block; margin: 4px 2px;\"><span style=\"color: #000000;\"><strong><a style=\"color: #000000;\" href=\"\/?page_id=60012\" target=\"_blank\" rel=\"noopener\">Buchen Sie Ihren Platz \u203a<\/a><\/strong><\/span><\/p>\n[vc_empty_space height=\"20px\"]<\/div><\/div><\/div><\/div><\/section><section class=\"no-padding sm-no-padding xs-no-padding\"><div class=\"container\"><div class=\"row\"><div class=\"wpb_column hcode-column-container vc_col-sm-12 col-xs-mobile-fullwidth\" data-front-class=\"col-xs-mobile-fullwidth\"><div class=\"vc-column-innner-wrapper\">[vc_empty_space height=\"80px\"]<\/div><\/div><\/div><\/div><\/section><section class=\"no-padding sm-no-padding xs-no-padding\"><div class=\"container\"><div class=\"row\"><div class=\"wpb_column hcode-column-container vc_col-sm-2 col-xs-mobile-fullwidth\" data-front-class=\"col-xs-mobile-fullwidth\"><div class=\"vc-column-innner-wrapper\"><\/div><\/div><div class=\"wpb_column hcode-column-container text-center sm-text-center xs-text-center vc_col-sm-8 col-xs-mobile-fullwidth\" data-front-class=\"text-center sm-text-center xs-text-center col-xs-mobile-fullwidth\"><div class=\"vc-column-innner-wrapper\"><h1><strong>Fr\u00fchere Ausgaben<\/strong><\/h1>\n<p>In diesem Bereich finden Sie ein Archiv vergangener Ausgaben mit Programmen, einer Fotogalerie und Videos von Highlights fr\u00fcherer Veranstaltungen. Wir laden Sie ein, diese Inhalte zu erkunden, um diese Tage mit uns zu erleben.<\/p>\n[vc_empty_space height=\"50px\"]<\/div><\/div><div class=\"wpb_column hcode-column-container vc_col-sm-2 col-xs-mobile-fullwidth\" data-front-class=\"col-xs-mobile-fullwidth\"><div class=\"vc-column-innner-wrapper\"><\/div><\/div><\/div><\/div><\/section><section class=\"section-below  vc_custom_1732634425186 row-equal-height row-content-middle no-padding sm-no-padding xs-no-padding\"><div class=\"container\"><div class=\"row hcode-row-flex\"><div class=\"wpb_column hcode-column-container vc_col-sm-12 col-xs-mobile-fullwidth\" data-front-class=\"col-xs-mobile-fullwidth\"><div class=\"vc-column-innner-wrapper\"><h5><span style=\"color: #ffffff;\"><strong>GARVAN DAY 2025<\/strong><\/span><\/h5>\n[vc_empty_space height=\"25px\"]<\/div><\/div><div class=\"wpb_column hcode-column-container vc_col-sm-6 col-xs-mobile-fullwidth\" data-front-class=\"col-xs-mobile-fullwidth\"><div class=\"vc-column-innner-wrapper\"><p><span style=\"color: #ffffff;\">Die Ausgabe 2025 des Garvan Day war ein Mosaik aus Begegnungen, Geschichten und einzigartigen Erlebnissen. Jeder gemeinsam erlebte Moment war eine Gelegenheit, Bindungen zu st\u00e4rken und neue M\u00f6glichkeiten zu entdecken.<br \/>\nIn diesem Video finden Sie nicht nur Bilder, sondern auch die Energie der Menschen, die jeden Schritt unseres Weges m\u00f6glich machen.<\/span><\/p>\n<p><span style=\"color: #ffffff;\">Tauchen Sie in dieses Video ein und erleben Sie die Emotionen des Garvan Day 2025 erneut. Ihre Pr\u00e4senz macht jedes Kapitel unserer Geschichte m\u00f6glich \u2013 vielen Dank!<\/span><\/p>\n<p style=\"background: #F2CF7E; border-radius: 10px; padding: 15px 32px; display: inline-block; margin: 4px 2px;\"><span style=\"color: #000000;\"><strong><a style=\"color: #000000;\" href=\"https:\/\/www.garvanacoustic.com\/wp-content\/uploads\/2025\/02\/ZEITPLAN_Garvan_Day_06_Juni_2025-DE.pdf\" target=\"_blank\" rel=\"noopener\">Programm ansehen \u203a<\/a><\/strong><\/span><\/p>\n[vc_empty_space height=\"25px\"][vc_media_grid element_width=\"3\" grid_id=\"vc_gid:1773660246723-abc7d88d-d194-8\" include=\"77081,77085,77089,77092,77097,77101,77105,77108\"][vc_empty_space height=\"25px\"]<\/div><\/div><div class=\"wpb_column hcode-column-container vc_col-sm-6 col-xs-mobile-fullwidth\" data-front-class=\"col-xs-mobile-fullwidth\"><div class=\"vc-column-innner-wrapper\">[vc_video link=\"https:\/\/www.youtube.com\/shorts\/T_7pkKeVcy8\" el_width=\"70\" el_aspect=\"916\" align=\"center\"][vc_empty_space height=\"25px\"]<\/div><\/div><div class=\"wpb_column hcode-column-container vc_col-sm-12 col-xs-mobile-fullwidth\" data-front-class=\"col-xs-mobile-fullwidth\"><div class=\"vc-column-innner-wrapper\"><p><span style=\"color: #ffffff; font-size: 14px;\">Projekt kofinanziert von der Handelskammer und der Regione Emilia Romagna <img decoding=\"async\" class=\"alignnone size-full wp-image-78618\" src=\"https:\/\/www.garvanacoustic.com\/wp-content\/uploads\/2026\/01\/Logo3.jpg\" alt=\"\" width=\"106\" height=\"20\" srcset=\"https:\/\/www.garvanacoustic.com\/wp-content\/uploads\/2026\/01\/Logo3.jpg 106w, https:\/\/www.garvanacoustic.com\/wp-content\/uploads\/2026\/01\/Logo3-81x15.jpg 81w\" sizes=\"(max-width: 106px) 100vw, 106px\" \/> <img decoding=\"async\" class=\"alignnone size-full wp-image-78618\" src=\"https:\/\/www.garvanacoustic.com\/wp-content\/uploads\/2026\/01\/Logo2.jpg\" alt=\"\" width=\"106\" height=\"20\" \/> <img decoding=\"async\" class=\"alignnone size-full wp-image-78618\" src=\"https:\/\/www.garvanacoustic.com\/wp-content\/uploads\/2026\/01\/Logo1.jpg\" alt=\"\" width=\"106\" height=\"20\" \/> <\/span><\/p>\n<\/div><\/div><\/div><\/div><\/section><section class=\"no-padding sm-no-padding xs-no-padding\"><div class=\"container\"><div class=\"row\"><div class=\"wpb_column hcode-column-container vc_col-sm-12 col-xs-mobile-fullwidth\" data-front-class=\"col-xs-mobile-fullwidth\"><div class=\"vc-column-innner-wrapper\">[vc_empty_space height=\"80px\"]<\/div><\/div><\/div><\/div><\/section><section class=\"section-below  vc_custom_1732634425186 row-equal-height row-content-middle no-padding sm-no-padding xs-no-padding\"><div class=\"container\"><div class=\"row hcode-row-flex\"><div class=\"wpb_column hcode-column-container vc_col-sm-12 col-xs-mobile-fullwidth\" data-front-class=\"col-xs-mobile-fullwidth\"><div class=\"vc-column-innner-wrapper\"><h5><span style=\"color: #ffffff;\"><strong>GARVAN DAY 2024<\/strong><\/span><\/h5>\n[vc_empty_space height=\"25px\"]<\/div><\/div><div class=\"wpb_column hcode-column-container vc_col-sm-6 col-xs-mobile-fullwidth\" data-front-class=\"col-xs-mobile-fullwidth\"><div class=\"vc-column-innner-wrapper\"><p><span style=\"color: #ffffff;\">Hier sind die Highlights des Garvan Day 2024, der Veranstaltung, die denjenigen gewidmet ist, die all unsere Erfolge m\u00f6glich machen: unseren Kunden und Mitarbeitern, dem schlagenden Herzen von Garvan Acoustic. Ihnen verdanken wir es, dass wir weiter wachsen und unsere Vision verwirklichen k\u00f6nnen. <\/span><\/p>\n<p><span style=\"color: #ffffff;\">Wir laden Sie ein, sich dieses Video anzusehen und die aufregendsten Momente dieser Ausgabe mit uns zu erleben. Danke, dass Sie Teil unserer Geschichte waren! <\/span><\/p>\n<p style=\"background: #F2CF7E; border-radius: 10px; padding: 15px 32px; display: inline-block; margin: 4px 2px;\"><span style=\"color: #000000;\"><strong><a style=\"color: #000000;\" href=\"\/\/www.garvanacoustic.com\/wp-content\/uploads\/2019\/10\/Garvan_Day\/2024\/PROGRAMMA_Garvan_Day_24_mag_2024-IT.pdf\" target=\"_blank\" rel=\"noopener\">Das Programm ansehen \u203a<\/a><\/strong><\/span><\/p>\n[vc_empty_space height=\"25px\"]<\/div><\/div><div class=\"wpb_column hcode-column-container vc_col-sm-6 col-xs-mobile-fullwidth\" data-front-class=\"col-xs-mobile-fullwidth\"><div class=\"vc-column-innner-wrapper\">[vc_video link=\"https:\/\/www.youtube.com\/watch?v=tCOPmA5ai_I\" align=\"center\"]<\/div><\/div><div class=\"wpb_column hcode-column-container vc_col-sm-12 col-xs-mobile-fullwidth\" data-front-class=\"col-xs-mobile-fullwidth\"><div class=\"vc-column-innner-wrapper\">[vc_empty_space height=\"25px\"]<h2><span style=\"color: #ffffff;\">Fotogalerie<\/span><\/h2>\n[vc_empty_space height=\"25px\"][vc_media_grid element_width=\"2\" grid_id=\"vc_gid:1773660246727-9e8cc014-ebf3-1\" include=\"73032,69259,69254,73037,73042,73047,73052,73057,73062,73067,73072,73077\"][vc_empty_space height=\"25px\"]<\/div><\/div><\/div><\/div><\/section><section class=\"no-padding sm-no-padding xs-no-padding\"><div class=\"container\"><div class=\"row\"><div class=\"wpb_column hcode-column-container vc_col-sm-12 col-xs-mobile-fullwidth\" data-front-class=\"col-xs-mobile-fullwidth\"><div class=\"vc-column-innner-wrapper\">[vc_empty_space height=\"80px\"]<\/div><\/div><\/div><\/div><\/section><section class=\"section-below  vc_custom_1732634425186 row-equal-height row-content-middle no-padding sm-no-padding xs-no-padding\"><div class=\"container\"><div class=\"row hcode-row-flex\"><div class=\"wpb_column hcode-column-container vc_col-sm-12 col-xs-mobile-fullwidth\" data-front-class=\"col-xs-mobile-fullwidth\"><div class=\"vc-column-innner-wrapper\"><h5><span style=\"color: #ffffff;\"><strong>GARVAN DAY 2023<\/strong><\/span><\/h5>\n[vc_empty_space height=\"25px\"]<\/div><\/div><div class=\"wpb_column hcode-column-container vc_col-sm-6 col-xs-mobile-fullwidth\" data-front-class=\"col-xs-mobile-fullwidth\"><div class=\"vc-column-innner-wrapper\"><p><span style=\"color: #ffffff;\">Im Jahr 2023 feierten wir die erste Ausgabe dieser besonderen Veranstaltung, die unseren Kunden und Mitarbeitern gewidmet ist, dem schlagenden Herzen von Garvan Acoustic. Jedes Treffen, jede E-Mail, jedes Projekt und jede gemeinsam gewonnene Herausforderung hat uns so weit gebracht. <\/span><\/p>\n<p><span style=\"color: #ffffff;\">Mit diesem Video m\u00f6chten wir uns bei Ihnen bedanken und mit Ihnen die wichtigsten Momente eines einzigartigen Tages teilen. Wir laden Sie ein, es anzusehen und mit uns die Energie und Leidenschaft zu erleben, die uns verbindet. <\/span><\/p>\n<p><span style=\"color: #ffffff;\">Danke, dass Sie an unserem Wachstum teilhaben!<\/span><\/p>\n<p style=\"background: #F2CF7E; border-radius: 10px; padding: 15px 32px; display: inline-block; margin: 4px 2px;\"><span style=\"color: #000000;\"><strong><a style=\"color: #000000;\" href=\"https:\/\/www.garvanacoustic.com\/wp-content\/uploads\/2024\/12\/Garvan-Day-12-mag-2023-IT.pdf\" target=\"_blank\" rel=\"noopener\">Das Programm ansehen \u203a<\/a><\/strong><\/span><\/p>\n[vc_empty_space height=\"25px\"]<\/div><\/div><div class=\"wpb_column hcode-column-container vc_col-sm-6 col-xs-mobile-fullwidth\" data-front-class=\"col-xs-mobile-fullwidth\"><div class=\"vc-column-innner-wrapper\">[vc_video link=\"https:\/\/www.youtube.com\/watch?v=qNlBxPZ8Rew\" align=\"center\"]<\/div><\/div><div class=\"wpb_column hcode-column-container vc_col-sm-12 col-xs-mobile-fullwidth\" data-front-class=\"col-xs-mobile-fullwidth\"><div class=\"vc-column-innner-wrapper\">[vc_empty_space height=\"25px\"]<h2><span style=\"color: #ffffff;\">Fotogalerie<\/span><\/h2>\n[vc_empty_space height=\"25px\"][vc_media_grid element_width=\"2\" grid_id=\"vc_gid:1773660246730-c2b2148e-d7d1-8\" include=\"72948,72958,72963,72968,72973,72953,73003,72998,72993,72978,72983,72988\"][vc_empty_space height=\"25px\"]<\/div><\/div><\/div><\/div><\/section><section><div class=\"container\"><div class=\"row\"><div class=\"wpb_column hcode-column-container vc_col-sm-12 col-xs-mobile-fullwidth\" data-front-class=\"col-xs-mobile-fullwidth\"><div class=\"vc-column-innner-wrapper\">[vc_empty_space height=\"50px\"]<\/div><\/div><\/div><\/div><\/section>","protected":false},"excerpt":{"rendered":"<p>[vc_empty_space][vc_wp_text] GARVAN DAY GEWIDMET F\u00dcR PARTNER UND FACHLEUTE [\/vc_wp_text][vc_empty_space height=&#8220;50px&#8220;]Was ist das? Die j\u00e4hrliche Firmenveranstaltung von Garvan Acoustic, bei der Sie unser Unternehmen besser kennenlernen, unsere Produkte erkunden und eine Reihe exklusiver Erlebnisse genie\u00dfen k\u00f6nnen. Die Teilnahme ist ausschlie\u00dflich Fachleuten vorbehalten und nur mit vorheriger Anmeldung m\u00f6glich (nicht \u00f6ffentlich zug\u00e4nglich). [vc_empty_space height=&#8220;50px&#8220;][vc_empty_space height=&#8220;50px&#8220;]GARVAN DAY 2026 [&hellip;]<\/p>\n","protected":false},"author":11,"featured_media":0,"parent":0,"menu_order":0,"comment_status":"closed","ping_status":"closed","template":"","meta":{"_joinchat":[],"footnotes":""},"class_list":["post-73199","page","type-page","status-publish","hentry"],"yoast_head":"<!-- This site is optimized with the Yoast SEO Premium plugin v27.4 (Yoast SEO v27.4) - https:\/\/yoast.com\/product\/yoast-seo-premium-wordpress\/ -->\n<title>Garvan DAY Veranstaltung - Garvan Acoustic<\/title>\n<meta name=\"description\" content=\"Die j\u00e4hrliche Veranstaltung, bei der Sie mehr \u00fcber das Unternehmen erfahren, unsere Produkte erkunden und eine Reihe von exklusiven Erlebnissen genie\u00dfen k\u00f6nnen\" \/>\n<meta name=\"robots\" content=\"index, follow, max-snippet:-1, max-image-preview:large, max-video-preview:-1\" \/>\n<link rel=\"canonical\" href=\"https:\/\/www.garvanacoustic.com\/de\/garvan-day-veranstaltung\/\" \/>\n<meta property=\"og:locale\" content=\"de_DE\" \/>\n<meta property=\"og:type\" content=\"article\" \/>\n<meta property=\"og:title\" content=\"Garvan DAY Veranstaltung\" \/>\n<meta property=\"og:description\" content=\"Die j\u00e4hrliche Veranstaltung, bei der Sie mehr \u00fcber das Unternehmen erfahren, unsere Produkte erkunden und eine Reihe von exklusiven Erlebnissen genie\u00dfen k\u00f6nnen\" \/>\n<meta property=\"og:url\" content=\"https:\/\/www.garvanacoustic.com\/de\/garvan-day-veranstaltung\/\" \/>\n<meta property=\"og:site_name\" content=\"Garvan Acoustic\" \/>\n<meta property=\"article:publisher\" content=\"https:\/\/www.facebook.com\/garvanacoustic\" \/>\n<meta property=\"article:modified_time\" content=\"2026-03-16T11:26:29+00:00\" \/>\n<meta property=\"og:image\" content=\"https:\/\/www.garvanacoustic.com\/wp-content\/uploads\/2026\/01\/Logo3.jpg\" \/>\n\t<meta property=\"og:image:width\" content=\"106\" \/>\n\t<meta property=\"og:image:height\" content=\"20\" \/>\n\t<meta property=\"og:image:type\" content=\"image\/jpeg\" \/>\n<meta name=\"twitter:card\" content=\"summary_large_image\" \/>\n<meta name=\"twitter:label1\" content=\"Gesch\u00e4tzte Lesezeit\" \/>\n\t<meta name=\"twitter:data1\" content=\"11\u00a0Minuten\" \/>\n<script type=\"application\/ld+json\" class=\"yoast-schema-graph\">{\"@context\":\"https:\\\/\\\/schema.org\",\"@graph\":[{\"@type\":\"WebPage\",\"@id\":\"https:\\\/\\\/www.garvanacoustic.com\\\/de\\\/garvan-day-veranstaltung\\\/\",\"url\":\"https:\\\/\\\/www.garvanacoustic.com\\\/de\\\/garvan-day-veranstaltung\\\/\",\"name\":\"Garvan DAY Veranstaltung - Garvan Acoustic\",\"isPartOf\":{\"@id\":\"https:\\\/\\\/www.garvanacoustic.com\\\/de\\\/#website\"},\"primaryImageOfPage\":{\"@id\":\"https:\\\/\\\/www.garvanacoustic.com\\\/de\\\/garvan-day-veranstaltung\\\/#primaryimage\"},\"image\":{\"@id\":\"https:\\\/\\\/www.garvanacoustic.com\\\/de\\\/garvan-day-veranstaltung\\\/#primaryimage\"},\"thumbnailUrl\":\"https:\\\/\\\/www.garvanacoustic.com\\\/wp-content\\\/uploads\\\/2026\\\/01\\\/Logo3.jpg\",\"datePublished\":\"2024-12-27T09:38:48+00:00\",\"dateModified\":\"2026-03-16T11:26:29+00:00\",\"description\":\"Die j\u00e4hrliche Veranstaltung, bei der Sie mehr \u00fcber das Unternehmen erfahren, unsere Produkte erkunden und eine Reihe von exklusiven Erlebnissen genie\u00dfen k\u00f6nnen\",\"breadcrumb\":{\"@id\":\"https:\\\/\\\/www.garvanacoustic.com\\\/de\\\/garvan-day-veranstaltung\\\/#breadcrumb\"},\"inLanguage\":\"de\",\"potentialAction\":[{\"@type\":\"ReadAction\",\"target\":[\"https:\\\/\\\/www.garvanacoustic.com\\\/de\\\/garvan-day-veranstaltung\\\/\"]}]},{\"@type\":\"ImageObject\",\"inLanguage\":\"de\",\"@id\":\"https:\\\/\\\/www.garvanacoustic.com\\\/de\\\/garvan-day-veranstaltung\\\/#primaryimage\",\"url\":\"https:\\\/\\\/www.garvanacoustic.com\\\/wp-content\\\/uploads\\\/2026\\\/01\\\/Logo3.jpg\",\"contentUrl\":\"https:\\\/\\\/www.garvanacoustic.com\\\/wp-content\\\/uploads\\\/2026\\\/01\\\/Logo3.jpg\"},{\"@type\":\"BreadcrumbList\",\"@id\":\"https:\\\/\\\/www.garvanacoustic.com\\\/de\\\/garvan-day-veranstaltung\\\/#breadcrumb\",\"itemListElement\":[{\"@type\":\"ListItem\",\"position\":1,\"name\":\"Home\",\"item\":\"https:\\\/\\\/www.garvanacoustic.com\\\/de\\\/\"},{\"@type\":\"ListItem\",\"position\":2,\"name\":\"Garvan DAY Veranstaltung\"}]},{\"@type\":\"WebSite\",\"@id\":\"https:\\\/\\\/www.garvanacoustic.com\\\/de\\\/#website\",\"url\":\"https:\\\/\\\/www.garvanacoustic.com\\\/de\\\/\",\"name\":\"Garvan Acoustic\",\"description\":\"Diffusori e trattamento acustico: scopri la qualit\u00e0 del Made in Italy\",\"publisher\":{\"@id\":\"https:\\\/\\\/www.garvanacoustic.com\\\/de\\\/#organization\"},\"potentialAction\":[{\"@type\":\"SearchAction\",\"target\":{\"@type\":\"EntryPoint\",\"urlTemplate\":\"https:\\\/\\\/www.garvanacoustic.com\\\/de\\\/?s={search_term_string}\"},\"query-input\":{\"@type\":\"PropertyValueSpecification\",\"valueRequired\":true,\"valueName\":\"search_term_string\"}}],\"inLanguage\":\"de\"},{\"@type\":\"Organization\",\"@id\":\"https:\\\/\\\/www.garvanacoustic.com\\\/de\\\/#organization\",\"name\":\"Garvan Acoustic\",\"url\":\"https:\\\/\\\/www.garvanacoustic.com\\\/de\\\/\",\"logo\":{\"@type\":\"ImageObject\",\"inLanguage\":\"de\",\"@id\":\"https:\\\/\\\/www.garvanacoustic.com\\\/de\\\/#\\\/schema\\\/logo\\\/image\\\/\",\"url\":\"https:\\\/\\\/www.garvanacoustic.com\\\/wp-content\\\/uploads\\\/2018\\\/07\\\/garvan-acoustic-logo.png\",\"contentUrl\":\"https:\\\/\\\/www.garvanacoustic.com\\\/wp-content\\\/uploads\\\/2018\\\/07\\\/garvan-acoustic-logo.png\",\"width\":400,\"height\":161,\"caption\":\"Garvan Acoustic\"},\"image\":{\"@id\":\"https:\\\/\\\/www.garvanacoustic.com\\\/de\\\/#\\\/schema\\\/logo\\\/image\\\/\"},\"sameAs\":[\"https:\\\/\\\/www.facebook.com\\\/garvanacoustic\",\"https:\\\/\\\/www.instagram.com\\\/garvanacoustic\\\/\"],\"description\":\"Produttori di Diffusori Acustici e Pannelli Fonoassorbenti Made in Italy\",\"email\":\"garvan@garvanacoustic.com\",\"telephone\":\"0546 682097\"}]}<\/script>\n<!-- \/ Yoast SEO Premium plugin. -->","yoast_head_json":{"title":"Garvan DAY Veranstaltung - Garvan Acoustic","description":"Die j\u00e4hrliche Veranstaltung, bei der Sie mehr \u00fcber das Unternehmen erfahren, unsere Produkte erkunden und eine Reihe von exklusiven Erlebnissen genie\u00dfen k\u00f6nnen","robots":{"index":"index","follow":"follow","max-snippet":"max-snippet:-1","max-image-preview":"max-image-preview:large","max-video-preview":"max-video-preview:-1"},"canonical":"https:\/\/www.garvanacoustic.com\/de\/garvan-day-veranstaltung\/","og_locale":"de_DE","og_type":"article","og_title":"Garvan DAY Veranstaltung","og_description":"Die j\u00e4hrliche Veranstaltung, bei der Sie mehr \u00fcber das Unternehmen erfahren, unsere Produkte erkunden und eine Reihe von exklusiven Erlebnissen genie\u00dfen k\u00f6nnen","og_url":"https:\/\/www.garvanacoustic.com\/de\/garvan-day-veranstaltung\/","og_site_name":"Garvan Acoustic","article_publisher":"https:\/\/www.facebook.com\/garvanacoustic","article_modified_time":"2026-03-16T11:26:29+00:00","og_image":[{"width":106,"height":20,"url":"https:\/\/www.garvanacoustic.com\/wp-content\/uploads\/2026\/01\/Logo3.jpg","type":"image\/jpeg"}],"twitter_card":"summary_large_image","twitter_misc":{"Gesch\u00e4tzte Lesezeit":"11\u00a0Minuten"},"schema":{"@context":"https:\/\/schema.org","@graph":[{"@type":"WebPage","@id":"https:\/\/www.garvanacoustic.com\/de\/garvan-day-veranstaltung\/","url":"https:\/\/www.garvanacoustic.com\/de\/garvan-day-veranstaltung\/","name":"Garvan DAY Veranstaltung - Garvan Acoustic","isPartOf":{"@id":"https:\/\/www.garvanacoustic.com\/de\/#website"},"primaryImageOfPage":{"@id":"https:\/\/www.garvanacoustic.com\/de\/garvan-day-veranstaltung\/#primaryimage"},"image":{"@id":"https:\/\/www.garvanacoustic.com\/de\/garvan-day-veranstaltung\/#primaryimage"},"thumbnailUrl":"https:\/\/www.garvanacoustic.com\/wp-content\/uploads\/2026\/01\/Logo3.jpg","datePublished":"2024-12-27T09:38:48+00:00","dateModified":"2026-03-16T11:26:29+00:00","description":"Die j\u00e4hrliche Veranstaltung, bei der Sie mehr \u00fcber das Unternehmen erfahren, unsere Produkte erkunden und eine Reihe von exklusiven Erlebnissen genie\u00dfen k\u00f6nnen","breadcrumb":{"@id":"https:\/\/www.garvanacoustic.com\/de\/garvan-day-veranstaltung\/#breadcrumb"},"inLanguage":"de","potentialAction":[{"@type":"ReadAction","target":["https:\/\/www.garvanacoustic.com\/de\/garvan-day-veranstaltung\/"]}]},{"@type":"ImageObject","inLanguage":"de","@id":"https:\/\/www.garvanacoustic.com\/de\/garvan-day-veranstaltung\/#primaryimage","url":"https:\/\/www.garvanacoustic.com\/wp-content\/uploads\/2026\/01\/Logo3.jpg","contentUrl":"https:\/\/www.garvanacoustic.com\/wp-content\/uploads\/2026\/01\/Logo3.jpg"},{"@type":"BreadcrumbList","@id":"https:\/\/www.garvanacoustic.com\/de\/garvan-day-veranstaltung\/#breadcrumb","itemListElement":[{"@type":"ListItem","position":1,"name":"Home","item":"https:\/\/www.garvanacoustic.com\/de\/"},{"@type":"ListItem","position":2,"name":"Garvan DAY Veranstaltung"}]},{"@type":"WebSite","@id":"https:\/\/www.garvanacoustic.com\/de\/#website","url":"https:\/\/www.garvanacoustic.com\/de\/","name":"Garvan Acoustic","description":"Diffusori e trattamento acustico: scopri la qualit\u00e0 del Made in Italy","publisher":{"@id":"https:\/\/www.garvanacoustic.com\/de\/#organization"},"potentialAction":[{"@type":"SearchAction","target":{"@type":"EntryPoint","urlTemplate":"https:\/\/www.garvanacoustic.com\/de\/?s={search_term_string}"},"query-input":{"@type":"PropertyValueSpecification","valueRequired":true,"valueName":"search_term_string"}}],"inLanguage":"de"},{"@type":"Organization","@id":"https:\/\/www.garvanacoustic.com\/de\/#organization","name":"Garvan Acoustic","url":"https:\/\/www.garvanacoustic.com\/de\/","logo":{"@type":"ImageObject","inLanguage":"de","@id":"https:\/\/www.garvanacoustic.com\/de\/#\/schema\/logo\/image\/","url":"https:\/\/www.garvanacoustic.com\/wp-content\/uploads\/2018\/07\/garvan-acoustic-logo.png","contentUrl":"https:\/\/www.garvanacoustic.com\/wp-content\/uploads\/2018\/07\/garvan-acoustic-logo.png","width":400,"height":161,"caption":"Garvan Acoustic"},"image":{"@id":"https:\/\/www.garvanacoustic.com\/de\/#\/schema\/logo\/image\/"},"sameAs":["https:\/\/www.facebook.com\/garvanacoustic","https:\/\/www.instagram.com\/garvanacoustic\/"],"description":"Produttori di Diffusori Acustici e Pannelli Fonoassorbenti Made in Italy","email":"garvan@garvanacoustic.com","telephone":"0546 682097"}]}},"_links":{"self":[{"href":"https:\/\/www.garvanacoustic.com\/de\/wp-json\/wp\/v2\/pages\/73199","targetHints":{"allow":["GET"]}}],"collection":[{"href":"https:\/\/www.garvanacoustic.com\/de\/wp-json\/wp\/v2\/pages"}],"about":[{"href":"https:\/\/www.garvanacoustic.com\/de\/wp-json\/wp\/v2\/types\/page"}],"author":[{"embeddable":true,"href":"https:\/\/www.garvanacoustic.com\/de\/wp-json\/wp\/v2\/users\/11"}],"replies":[{"embeddable":true,"href":"https:\/\/www.garvanacoustic.com\/de\/wp-json\/wp\/v2\/comments?post=73199"}],"version-history":[{"count":13,"href":"https:\/\/www.garvanacoustic.com\/de\/wp-json\/wp\/v2\/pages\/73199\/revisions"}],"predecessor-version":[{"id":79600,"href":"https:\/\/www.garvanacoustic.com\/de\/wp-json\/wp\/v2\/pages\/73199\/revisions\/79600"}],"wp:attachment":[{"href":"https:\/\/www.garvanacoustic.com\/de\/wp-json\/wp\/v2\/media?parent=73199"}],"curies":[{"name":"wp","href":"https:\/\/api.w.org\/{rel}","templated":true}]}}