{"id":65290,"date":"2024-01-24T11:57:56","date_gmt":"2024-01-24T10:57:56","guid":{"rendered":"https:\/\/www.garvanacoustic.com\/colecciones\/coleccion-coro\/"},"modified":"2024-03-04T15:57:54","modified_gmt":"2024-03-04T14:57:54","slug":"coleccion-coro","status":"publish","type":"page","link":"https:\/\/www.garvanacoustic.com\/es\/colecciones\/coleccion-coro\/","title":{"rendered":"Colecci\u00f3n  [CORO]"},"content":{"rendered":"<section class=\"no-padding\"><div class=\"wpb_column hcode-column-container no-padding vc_col-sm-12 col-xs-mobile-fullwidth\" data-front-class=\"no-padding col-xs-mobile-fullwidth\"><div class=\"vc-column-innner-wrapper\"><div class=\"onepage-corporate-slider\"><div id=\"hcode-owl-slider13-1\" class=\"owl-carousel owl-theme light-pagination  hcode-owl-slider13  cursor-black\"><div class=\"item owl-bg-img bg-image-srcset\" style=\"background-image:url(https:\/\/www.garvanacoustic.com\/wp-content\/uploads\/2019\/03\/Coro-Interna-collezione.jpg)\" data-bg-srcset=\"https:\/\/www.garvanacoustic.com\/wp-content\/uploads\/2019\/03\/Coro-Interna-collezione.jpg 1920w, https:\/\/www.garvanacoustic.com\/wp-content\/uploads\/2019\/03\/Coro-Interna-collezione-300x173.jpg 300w, https:\/\/www.garvanacoustic.com\/wp-content\/uploads\/2019\/03\/Coro-Interna-collezione-768x444.jpg 768w, https:\/\/www.garvanacoustic.com\/wp-content\/uploads\/2019\/03\/Coro-Interna-collezione-1024x592.jpg 1024w, https:\/\/www.garvanacoustic.com\/wp-content\/uploads\/2019\/03\/Coro-Interna-collezione-81x47.jpg 81w\"><div class=\"slider-overlay bg-slider\"><\/div><div class=\"container full-screen position-relative\"><div class=\"slider-typography\"><div class=\"slider-text-middle-main\"><div class=\"slider-text-middle\"><p class=\"text-large light-gray-text letter-spacing-3 margin-three\">\r\n<p class=\"titolo-linea\">\n            <strong>Colecci\u00f3n  [CORO]<\/strong>\n          <\/p>\n          \n\n          <p class=\"text-med center-col no-margin-bottom white-text width-50\">Altavoces Hi Fi planos. Reflejan tu estilo.<\/p>\r\n<\/p><\/div><\/div><\/div><\/div><\/div><\/div><\/div>        <script type=\"text\/javascript\">jQuery(document).ready(function () { jQuery(\"#hcode-owl-slider13-1\").owlCarousel({ nav: false,dots: false,autoPlay: false, autoplayHoverPause: false, loop: false, items: 1,dotsSpeed: 400,navText: [\"<i class='fa-solid fa-angle-left'><\/i>\", \"<i class='fa-solid fa-angle-right'><\/i>\"] }); });<\/script>\n    \t<\/div><\/div><\/section><section><div class=\"container\"><div class=\"row\"><div class=\"wpb_column hcode-column-container text-center sm-text-center xs-text-center vc_col-sm-12 col-xs-mobile-fullwidth\" data-front-class=\"text-center sm-text-center xs-text-center col-xs-mobile-fullwidth\"><div class=\"vc-column-innner-wrapper\"><h2>Altavoces planos  [CORO]<\/h2>\n<p class=\"text-med center-col no-margin-bottom width-50\">La colecci\u00f3n [CORO] es la \u00fanica colecci\u00f3n de altavoces Hi Fi dise\u00f1ada para integrarse en cualquier entorno con naturalidad y elegancia, pero sobre todo reflejando su estilo.<\/p>\n<\/div><\/div><\/div><\/div><\/section><section  class=\"row-equal-height row-content-middle no-padding hcode-row-flex cover-background\"><div class=\"wpb_column hcode-column-container  vc_custom_1547133327526 hcode-column-1 no-padding vc_col-sm-6 col-xs-mobile-fullwidth\" data-front-class=\" vc_custom_1547133327526 hcode-column-1 no-padding col-xs-mobile-fullwidth\" data-background=#fafafa style=\" background:#fafafa;\"><div class=\"vc-column-innner-wrapper\"><\/div><\/div><div class=\"wpb_column hcode-column-container  vc_custom_1536763529777 text-left sm-text-left xs-text-left padding-three vc_col-sm-6 col-xs-mobile-fullwidth\" data-front-class=\" vc_custom_1536763529777 text-left sm-text-left xs-text-left padding-three col-xs-mobile-fullwidth\" data-background=#fafafa style=\" background:#fafafa;\"><div class=\"vc-column-innner-wrapper\"><div class=\"padding-ten\"><h3 class=\"titolo-black2\">Altavoces de dise\u00f1o minimalista y personalizaci\u00f3n infinita<\/h3>\n<p class=\"testo-titolo width 80\">Los altavoces planos [CORO] presentan un dise\u00f1o atemporal y una construcci\u00f3n de acero con una gran variedad de acabados, colores y personalizaci\u00f3n tanto de la caja como de la rejilla o tela que cubre el altavoz.<\/p>\n<\/div><\/div><\/div><\/section><section class=\"row-equal-height row-content-middle no-padding hcode-row-flex\"><div class=\"wpb_column hcode-column-container  vc_custom_1536679116997 text-left sm-text-left xs-text-left padding-three vc_col-sm-6 col-xs-mobile-fullwidth\" data-front-class=\" vc_custom_1536679116997 text-left sm-text-left xs-text-left padding-three col-xs-mobile-fullwidth\" data-background=#fafafa style=\" background:#fafafa;\"><div class=\"vc-column-innner-wrapper\"><div class=\"padding-ten\"><h3 class=\"titolo-black2\">\n            <strong>Experiencia auditiva en la primera clase<\/strong><br \/>\n          <\/h3>\n<p class=\"testo-titolo width 80\">Cada aspecto del dise\u00f1o y la construcci\u00f3n de los altavoces planos se aborda con el objetivo de obtener un rendimiento de audio superior: un sonido aireado, natural y no fatigante y una escena ac\u00fastica abierta y realista. Por eso los componentes electr\u00f3nicos son de \u00faltima generaci\u00f3n, los altavoces dise\u00f1ados por Garvan y fabricados en Italia, con pruebas individuales en cada altavoz producido.<\/p>\n<\/div><\/div><\/div><div class=\"wpb_column hcode-column-container  vc_custom_1547133496392 hcode-column-2 no-padding vc_col-sm-6 col-xs-mobile-fullwidth\" data-front-class=\" vc_custom_1547133496392 hcode-column-2 no-padding col-xs-mobile-fullwidth\"><div class=\"vc-column-innner-wrapper\"><\/div><\/div><\/section><section class=\"row-equal-height row-content-middle no-padding hcode-row-flex\"><div class=\"wpb_column hcode-column-container  vc_custom_1547133542591 hcode-column-3 no-padding vc_col-sm-6 col-xs-mobile-fullwidth\" data-front-class=\" vc_custom_1547133542591 hcode-column-3 no-padding col-xs-mobile-fullwidth\" data-background=#fafafa style=\" background:#fafafa;\"><div class=\"vc-column-innner-wrapper\"><\/div><\/div><div class=\"wpb_column hcode-column-container  vc_custom_1536679552286 text-left sm-text-left xs-text-left padding-three vc_col-sm-6 col-xs-mobile-fullwidth\" data-front-class=\" vc_custom_1536679552286 text-left sm-text-left xs-text-left padding-three col-xs-mobile-fullwidth\" data-background=#fafafa style=\" background:#fafafa;\"><div class=\"vc-column-innner-wrapper\"><div class=\"padding-ten\"><h3 class=\"titolo-black2\">\n            <strong>Facilidad de instalaci\u00f3n y versatilidad insuperables  <\/strong><br \/>\n          <\/h3>\n<p class=\"testo-titolo width 80\">Independientemente del presupuesto, del tama\u00f1o de la habitaci\u00f3n, del tipo de montaje (pared, techo o de pie sobre muebles o estanter\u00edas) y del tipo de escucha, ya sea multisala o cine en casa, y del rendimiento de audio deseado, [CORO] ofrece los altavoces planos m\u00e1s adecuados y f\u00e1ciles de instalar.<\/p>\n<\/div><\/div><\/div><\/section><section class=\"no-padding\"><div class=\"container-fluid\"><div class=\"row\"><div class=\"wpb_column hcode-column-container text-center padding-three-top  col-xs-mobile-fullwidth\" data-front-class=\"text-center padding-three-top col-xs-mobile-fullwidth front-column-class\"><div class=\"vc-column-innner-wrapper\"><div class=\"col-md-12 text-center\"><div class=\"text-center\"><ul  class=\"portfolio-filter nav nav-tabs nav-tabs-black hcode-portfolio-filter-1\"><li class=\"nav \">\n                                    <a href=\"#\"  class=\"\" data-uniqueid=\"hcode-portfolio-1\" data-filter=\".portfolio-filter-1630\" data-trigger-id=\"altavoces-de-estanteria-es\" data-id=\"\">Altavoces de estanter\u00eda<\/a>\n                                <\/li><li class=\"nav \">\n                                    <a href=\"#\"  class=\"\" data-uniqueid=\"hcode-portfolio-1\" data-filter=\".portfolio-filter-1616\" data-trigger-id=\"altavoces-de-exterior-es\" data-id=\"\">Altavoces de exterior<\/a>\n                                <\/li><li class=\"nav \">\n                                    <a href=\"#\"  class=\"\" data-uniqueid=\"hcode-portfolio-1\" data-filter=\".portfolio-filter-1615\" data-trigger-id=\"altavoces-de-pared-y-techo-es\" data-id=\"\">Altavoces de pared y techo<\/a>\n                                <\/li><li class=\"nav \">\n                                    <a href=\"#\"  class=\"\" data-uniqueid=\"hcode-portfolio-1\" data-filter=\".portfolio-filter-1638\" data-trigger-id=\"subwoofer-es-5\" data-id=\"\">Subwoofer<\/a>\n                                <\/li><\/ul><\/div><\/div><div  class=\"work-5col gutter work-with-title wide wide-title \"><div class=\"col-md-12  grid-gallery overflow-hidden no-padding content-section\"><div class=\"tab-content portfolio-infinite-scroll-pagination\"><ul class=\"grid masonry-items masonry-portfolio-grid   hcode-portfolio-1\" data-portfolio=\"\" data-uniqueid=\"hcode-portfolio-1\"><li class=\"portfolio-filter-1626 portfolio-filter-1630 portfolio-filter-1614 \"><figure><div class=\"gallery-img\"><a href=\"https:\/\/www.garvanacoustic.com\/es\/prodotto\/kb112\/\"><img decoding=\"async\" width=\"900\" height=\"600\" src=\"https:\/\/www.garvanacoustic.com\/wp-content\/uploads\/2019\/01\/sb112.jpg\" class=\"hcode-portfolio-img wp-post-image\" alt=\"\" srcset=\"https:\/\/www.garvanacoustic.com\/wp-content\/uploads\/2019\/01\/sb112.jpg 900w, https:\/\/www.garvanacoustic.com\/wp-content\/uploads\/2019\/01\/sb112-300x200.jpg 300w, https:\/\/www.garvanacoustic.com\/wp-content\/uploads\/2019\/01\/sb112-768x512.jpg 768w, https:\/\/www.garvanacoustic.com\/wp-content\/uploads\/2019\/01\/sb112-81x54.jpg 81w\" sizes=\"(max-width: 900px) 100vw, 900px\" \/><\/a><\/div><figcaption><h3 class=\"\"><a href=\"https:\/\/www.garvanacoustic.com\/es\/prodotto\/kb112\/\">KB112<\/a><\/h3><a class=\"btn inner-link btn-black btn-small\" href=\"https:\/\/www.garvanacoustic.com\/es\/prodotto\/kb112\/\">Descubre<\/a><\/figcaption><\/figure><\/li><li class=\"portfolio-filter-1626 portfolio-filter-1630 portfolio-filter-1614 \"><figure><div class=\"gallery-img\"><a href=\"https:\/\/www.garvanacoustic.com\/es\/prodotto\/kb213\/\"><img decoding=\"async\" width=\"900\" height=\"600\" src=\"https:\/\/www.garvanacoustic.com\/wp-content\/uploads\/2019\/01\/diffusori-da-scaffale-hi-end-Garvan-SB213.jpg\" class=\"hcode-portfolio-img wp-post-image\" alt=\"Altavoces de estanter\u00eda Garvan SB213\" srcset=\"https:\/\/www.garvanacoustic.com\/wp-content\/uploads\/2019\/01\/diffusori-da-scaffale-hi-end-Garvan-SB213.jpg 900w, https:\/\/www.garvanacoustic.com\/wp-content\/uploads\/2019\/01\/diffusori-da-scaffale-hi-end-Garvan-SB213-300x200.jpg 300w, https:\/\/www.garvanacoustic.com\/wp-content\/uploads\/2019\/01\/diffusori-da-scaffale-hi-end-Garvan-SB213-768x512.jpg 768w, https:\/\/www.garvanacoustic.com\/wp-content\/uploads\/2019\/01\/diffusori-da-scaffale-hi-end-Garvan-SB213-81x54.jpg 81w\" sizes=\"(max-width: 900px) 100vw, 900px\" \/><\/a><\/div><figcaption><h3 class=\"\"><a href=\"https:\/\/www.garvanacoustic.com\/es\/prodotto\/kb213\/\">KB213<\/a><\/h3><a class=\"btn inner-link btn-black btn-small\" href=\"https:\/\/www.garvanacoustic.com\/es\/prodotto\/kb213\/\">Descubre<\/a><\/figcaption><\/figure><\/li><li class=\"portfolio-filter-1626 portfolio-filter-1630 portfolio-filter-1614 \"><figure><div class=\"gallery-img\"><a href=\"https:\/\/www.garvanacoustic.com\/es\/prodotto\/kb313\/\"><img decoding=\"async\" width=\"900\" height=\"600\" src=\"https:\/\/www.garvanacoustic.com\/wp-content\/uploads\/2019\/01\/sb313.jpg\" class=\"hcode-portfolio-img wp-post-image\" alt=\"\" srcset=\"https:\/\/www.garvanacoustic.com\/wp-content\/uploads\/2019\/01\/sb313.jpg 900w, https:\/\/www.garvanacoustic.com\/wp-content\/uploads\/2019\/01\/sb313-300x200.jpg 300w, https:\/\/www.garvanacoustic.com\/wp-content\/uploads\/2019\/01\/sb313-768x512.jpg 768w, https:\/\/www.garvanacoustic.com\/wp-content\/uploads\/2019\/01\/sb313-81x54.jpg 81w\" sizes=\"(max-width: 900px) 100vw, 900px\" \/><\/a><\/div><figcaption><h3 class=\"\"><a href=\"https:\/\/www.garvanacoustic.com\/es\/prodotto\/kb313\/\">KB313<\/a><\/h3><a class=\"btn inner-link btn-black btn-small\" href=\"https:\/\/www.garvanacoustic.com\/es\/prodotto\/kb313\/\">Descubre<\/a><\/figcaption><\/figure><\/li><li class=\"portfolio-filter-1630 portfolio-filter-1626 portfolio-filter-1614 \"><figure><div class=\"gallery-img\"><a href=\"https:\/\/www.garvanacoustic.com\/es\/prodotto\/altavoces-de-diseno-kb316\/\"><img decoding=\"async\" width=\"900\" height=\"600\" src=\"https:\/\/www.garvanacoustic.com\/wp-content\/uploads\/2019\/01\/sb316.jpg\" class=\"hcode-portfolio-img wp-post-image\" alt=\"\" srcset=\"https:\/\/www.garvanacoustic.com\/wp-content\/uploads\/2019\/01\/sb316.jpg 900w, https:\/\/www.garvanacoustic.com\/wp-content\/uploads\/2019\/01\/sb316-300x200.jpg 300w, https:\/\/www.garvanacoustic.com\/wp-content\/uploads\/2019\/01\/sb316-768x512.jpg 768w, https:\/\/www.garvanacoustic.com\/wp-content\/uploads\/2019\/01\/sb316-81x54.jpg 81w\" sizes=\"(max-width: 900px) 100vw, 900px\" \/><\/a><\/div><figcaption><h3 class=\"\"><a href=\"https:\/\/www.garvanacoustic.com\/es\/prodotto\/altavoces-de-diseno-kb316\/\">KB316<\/a><\/h3><a class=\"btn inner-link btn-black btn-small\" href=\"https:\/\/www.garvanacoustic.com\/es\/prodotto\/altavoces-de-diseno-kb316\/\">Descubre<\/a><\/figcaption><\/figure><\/li><li class=\"portfolio-filter-1626 portfolio-filter-1630 portfolio-filter-1614 \"><figure><div class=\"gallery-img\"><a href=\"https:\/\/www.garvanacoustic.com\/es\/prodotto\/kb513\/\"><img decoding=\"async\" width=\"900\" height=\"600\" src=\"https:\/\/www.garvanacoustic.com\/wp-content\/uploads\/2019\/01\/sb513.jpg\" class=\"hcode-portfolio-img wp-post-image\" alt=\"\" srcset=\"https:\/\/www.garvanacoustic.com\/wp-content\/uploads\/2019\/01\/sb513.jpg 900w, https:\/\/www.garvanacoustic.com\/wp-content\/uploads\/2019\/01\/sb513-300x200.jpg 300w, https:\/\/www.garvanacoustic.com\/wp-content\/uploads\/2019\/01\/sb513-768x512.jpg 768w, https:\/\/www.garvanacoustic.com\/wp-content\/uploads\/2019\/01\/sb513-81x54.jpg 81w\" sizes=\"(max-width: 900px) 100vw, 900px\" \/><\/a><\/div><figcaption><h3 class=\"\"><a href=\"https:\/\/www.garvanacoustic.com\/es\/prodotto\/kb513\/\">KB513<\/a><\/h3><a class=\"btn inner-link btn-black btn-small\" href=\"https:\/\/www.garvanacoustic.com\/es\/prodotto\/kb513\/\">Descubre<\/a><\/figcaption><\/figure><\/li><li class=\"portfolio-filter-1610 portfolio-filter-1615 portfolio-filter-1614 portfolio-filter-1609 \"><figure><div class=\"gallery-img\"><a href=\"https:\/\/www.garvanacoustic.com\/es\/prodotto\/kw108\/\"><img decoding=\"async\" width=\"900\" height=\"600\" src=\"https:\/\/www.garvanacoustic.com\/wp-content\/uploads\/2025\/05\/KW108.png\" class=\"hcode-portfolio-img wp-post-image\" alt=\"\" srcset=\"https:\/\/www.garvanacoustic.com\/wp-content\/uploads\/2025\/05\/KW108.png 900w, https:\/\/www.garvanacoustic.com\/wp-content\/uploads\/2025\/05\/KW108-300x200.png 300w, https:\/\/www.garvanacoustic.com\/wp-content\/uploads\/2025\/05\/KW108-768x512.png 768w, https:\/\/www.garvanacoustic.com\/wp-content\/uploads\/2025\/05\/KW108-81x54.png 81w\" sizes=\"(max-width: 900px) 100vw, 900px\" \/><\/a><\/div><figcaption><h3 class=\"\"><a href=\"https:\/\/www.garvanacoustic.com\/es\/prodotto\/kw108\/\">KW108<\/a><\/h3><a class=\"btn inner-link btn-black btn-small\" href=\"https:\/\/www.garvanacoustic.com\/es\/prodotto\/kw108\/\">Descubre<\/a><\/figcaption><\/figure><\/li><li class=\"portfolio-filter-1626 portfolio-filter-1630 portfolio-filter-1615 portfolio-filter-1610 portfolio-filter-1614 \"><figure><div class=\"gallery-img\"><a href=\"https:\/\/www.garvanacoustic.com\/es\/prodotto\/altavoz-acustico-compacto-kw109\/\"><img decoding=\"async\" width=\"768\" height=\"510\" src=\"https:\/\/www.garvanacoustic.com\/wp-content\/uploads\/2026\/02\/speakers-Cilindro-KW109_front.png\" class=\"hcode-portfolio-img wp-post-image\" alt=\"\" srcset=\"https:\/\/www.garvanacoustic.com\/wp-content\/uploads\/2026\/02\/speakers-Cilindro-KW109_front.png 768w, https:\/\/www.garvanacoustic.com\/wp-content\/uploads\/2026\/02\/speakers-Cilindro-KW109_front-300x199.png 300w, https:\/\/www.garvanacoustic.com\/wp-content\/uploads\/2026\/02\/speakers-Cilindro-KW109_front-81x54.png 81w\" sizes=\"(max-width: 768px) 100vw, 768px\" \/><\/a><\/div><figcaption><h3 class=\"\"><a href=\"https:\/\/www.garvanacoustic.com\/es\/prodotto\/altavoz-acustico-compacto-kw109\/\">KW109<\/a><\/h3><a class=\"btn inner-link btn-black btn-small\" href=\"https:\/\/www.garvanacoustic.com\/es\/prodotto\/altavoz-acustico-compacto-kw109\/\">Descubre<\/a><\/figcaption><\/figure><\/li><li class=\"portfolio-filter-1626 portfolio-filter-1630 portfolio-filter-1610 portfolio-filter-1614 \"><figure><div class=\"gallery-img\"><a href=\"https:\/\/www.garvanacoustic.com\/es\/prodotto\/speaker-cubo-kw110\/\"><img decoding=\"async\" width=\"768\" height=\"510\" src=\"https:\/\/www.garvanacoustic.com\/wp-content\/uploads\/2026\/02\/speakers-Cubo-KW110_front.png\" class=\"hcode-portfolio-img wp-post-image\" alt=\"\" srcset=\"https:\/\/www.garvanacoustic.com\/wp-content\/uploads\/2026\/02\/speakers-Cubo-KW110_front.png 768w, https:\/\/www.garvanacoustic.com\/wp-content\/uploads\/2026\/02\/speakers-Cubo-KW110_front-300x199.png 300w, https:\/\/www.garvanacoustic.com\/wp-content\/uploads\/2026\/02\/speakers-Cubo-KW110_front-81x54.png 81w\" sizes=\"(max-width: 768px) 100vw, 768px\" \/><\/a><\/div><figcaption><h3 class=\"\"><a href=\"https:\/\/www.garvanacoustic.com\/es\/prodotto\/speaker-cubo-kw110\/\">KW110<\/a><\/h3><a class=\"btn inner-link btn-black btn-small\" href=\"https:\/\/www.garvanacoustic.com\/es\/prodotto\/speaker-cubo-kw110\/\">Descubre<\/a><\/figcaption><\/figure><\/li><li class=\"portfolio-filter-1615 portfolio-filter-1610 portfolio-filter-1614 \"><figure><div class=\"gallery-img\"><a href=\"https:\/\/www.garvanacoustic.com\/es\/prodotto\/altavoces-de-pared-planos-kw112\/\"><img decoding=\"async\" width=\"768\" height=\"512\" src=\"https:\/\/www.garvanacoustic.com\/wp-content\/uploads\/2025\/06\/KW112.png\" class=\"hcode-portfolio-img wp-post-image\" alt=\"\" srcset=\"https:\/\/www.garvanacoustic.com\/wp-content\/uploads\/2025\/06\/KW112.png 768w, https:\/\/www.garvanacoustic.com\/wp-content\/uploads\/2025\/06\/KW112-300x200.png 300w, https:\/\/www.garvanacoustic.com\/wp-content\/uploads\/2025\/06\/KW112-81x54.png 81w\" sizes=\"(max-width: 768px) 100vw, 768px\" \/><\/a><\/div><figcaption><h3 class=\"\"><a href=\"https:\/\/www.garvanacoustic.com\/es\/prodotto\/altavoces-de-pared-planos-kw112\/\">KW112<\/a><\/h3><a class=\"btn inner-link btn-black btn-small\" href=\"https:\/\/www.garvanacoustic.com\/es\/prodotto\/altavoces-de-pared-planos-kw112\/\">Descubre<\/a><\/figcaption><\/figure><\/li><li class=\"portfolio-filter-1616 portfolio-filter-1613 portfolio-filter-1610 portfolio-filter-1615 portfolio-filter-1614 portfolio-filter-1612 portfolio-filter-1609 \"><figure><div class=\"gallery-img\"><a href=\"https:\/\/www.garvanacoustic.com\/es\/prodotto\/altavoz-para-pared-exterior-kw12m\/\"><img decoding=\"async\" width=\"900\" height=\"600\" src=\"https:\/\/www.garvanacoustic.com\/wp-content\/uploads\/2019\/01\/snw12m.jpg\" class=\"hcode-portfolio-img wp-post-image\" alt=\"\" srcset=\"https:\/\/www.garvanacoustic.com\/wp-content\/uploads\/2019\/01\/snw12m.jpg 900w, https:\/\/www.garvanacoustic.com\/wp-content\/uploads\/2019\/01\/snw12m-300x200.jpg 300w, https:\/\/www.garvanacoustic.com\/wp-content\/uploads\/2019\/01\/snw12m-768x512.jpg 768w, https:\/\/www.garvanacoustic.com\/wp-content\/uploads\/2019\/01\/snw12m-81x54.jpg 81w\" sizes=\"(max-width: 900px) 100vw, 900px\" \/><\/a><\/div><figcaption><h3 class=\"\"><a href=\"https:\/\/www.garvanacoustic.com\/es\/prodotto\/altavoz-para-pared-exterior-kw12m\/\">KW12M<\/a><\/h3><a class=\"btn inner-link btn-black btn-small\" href=\"https:\/\/www.garvanacoustic.com\/es\/prodotto\/altavoz-para-pared-exterior-kw12m\/\">Descubre<\/a><\/figcaption><\/figure><\/li><li class=\"portfolio-filter-1613 portfolio-filter-1616 portfolio-filter-1615 portfolio-filter-1610 portfolio-filter-1614 portfolio-filter-1612 portfolio-filter-1609 \"><figure><div class=\"gallery-img\"><a href=\"https:\/\/www.garvanacoustic.com\/es\/prodotto\/kw16m\/\"><img decoding=\"async\" width=\"900\" height=\"600\" src=\"https:\/\/www.garvanacoustic.com\/wp-content\/uploads\/2019\/01\/casse-acustiche-per-esterno-Garvan-SNW16M.jpg\" class=\"hcode-portfolio-img wp-post-image\" alt=\"casse acustiche per esterno Garvan SNW16M\" srcset=\"https:\/\/www.garvanacoustic.com\/wp-content\/uploads\/2019\/01\/casse-acustiche-per-esterno-Garvan-SNW16M.jpg 900w, https:\/\/www.garvanacoustic.com\/wp-content\/uploads\/2019\/01\/casse-acustiche-per-esterno-Garvan-SNW16M-300x200.jpg 300w, https:\/\/www.garvanacoustic.com\/wp-content\/uploads\/2019\/01\/casse-acustiche-per-esterno-Garvan-SNW16M-768x512.jpg 768w, https:\/\/www.garvanacoustic.com\/wp-content\/uploads\/2019\/01\/casse-acustiche-per-esterno-Garvan-SNW16M-81x54.jpg 81w\" sizes=\"(max-width: 900px) 100vw, 900px\" \/><\/a><\/div><figcaption><h3 class=\"\"><a href=\"https:\/\/www.garvanacoustic.com\/es\/prodotto\/kw16m\/\">KW16M<\/a><\/h3><a class=\"btn inner-link btn-black btn-small\" href=\"https:\/\/www.garvanacoustic.com\/es\/prodotto\/kw16m\/\">Descubre<\/a><\/figcaption><\/figure><\/li><li class=\"portfolio-filter-1615 portfolio-filter-1610 portfolio-filter-1614 \"><figure><div class=\"gallery-img\"><a href=\"https:\/\/www.garvanacoustic.com\/es\/prodotto\/altavoces-integrados-kw208\/\"><img decoding=\"async\" width=\"768\" height=\"512\" src=\"https:\/\/www.garvanacoustic.com\/wp-content\/uploads\/2024\/11\/diffusore-da-parete-kw208.png\" class=\"hcode-portfolio-img wp-post-image\" alt=\"\" srcset=\"https:\/\/www.garvanacoustic.com\/wp-content\/uploads\/2024\/11\/diffusore-da-parete-kw208.png 768w, https:\/\/www.garvanacoustic.com\/wp-content\/uploads\/2024\/11\/diffusore-da-parete-kw208-300x200.png 300w, https:\/\/www.garvanacoustic.com\/wp-content\/uploads\/2024\/11\/diffusore-da-parete-kw208-81x54.png 81w\" sizes=\"(max-width: 768px) 100vw, 768px\" \/><\/a><\/div><figcaption><h3 class=\"\"><a href=\"https:\/\/www.garvanacoustic.com\/es\/prodotto\/altavoces-integrados-kw208\/\">KW208<\/a><\/h3><a class=\"btn inner-link btn-black btn-small\" href=\"https:\/\/www.garvanacoustic.com\/es\/prodotto\/altavoces-integrados-kw208\/\">Descubre<\/a><\/figcaption><\/figure><\/li><li class=\"portfolio-filter-1615 portfolio-filter-1610 portfolio-filter-1614 \"><figure><div class=\"gallery-img\"><a href=\"https:\/\/www.garvanacoustic.com\/es\/prodotto\/kw213\/\"><img decoding=\"async\" width=\"900\" height=\"600\" src=\"https:\/\/www.garvanacoustic.com\/wp-content\/uploads\/2019\/01\/snw213.jpg\" class=\"hcode-portfolio-img wp-post-image\" alt=\"\" srcset=\"https:\/\/www.garvanacoustic.com\/wp-content\/uploads\/2019\/01\/snw213.jpg 900w, https:\/\/www.garvanacoustic.com\/wp-content\/uploads\/2019\/01\/snw213-300x200.jpg 300w, https:\/\/www.garvanacoustic.com\/wp-content\/uploads\/2019\/01\/snw213-768x512.jpg 768w, https:\/\/www.garvanacoustic.com\/wp-content\/uploads\/2019\/01\/snw213-81x54.jpg 81w\" sizes=\"(max-width: 900px) 100vw, 900px\" \/><\/a><\/div><figcaption><h3 class=\"\"><a href=\"https:\/\/www.garvanacoustic.com\/es\/prodotto\/kw213\/\">KW213<\/a><\/h3><a class=\"btn inner-link btn-black btn-small\" href=\"https:\/\/www.garvanacoustic.com\/es\/prodotto\/kw213\/\">Descubre<\/a><\/figcaption><\/figure><\/li><li class=\"portfolio-filter-1613 portfolio-filter-1616 portfolio-filter-1615 portfolio-filter-1610 portfolio-filter-1614 portfolio-filter-1612 portfolio-filter-1609 \"><figure><div class=\"gallery-img\"><a href=\"https:\/\/www.garvanacoustic.com\/es\/prodotto\/altavoz-para-pared-plano-kw22m\/\"><img decoding=\"async\" width=\"900\" height=\"600\" src=\"https:\/\/www.garvanacoustic.com\/wp-content\/uploads\/2019\/01\/snw22m.jpg\" class=\"hcode-portfolio-img wp-post-image\" alt=\"\" srcset=\"https:\/\/www.garvanacoustic.com\/wp-content\/uploads\/2019\/01\/snw22m.jpg 900w, https:\/\/www.garvanacoustic.com\/wp-content\/uploads\/2019\/01\/snw22m-300x200.jpg 300w, https:\/\/www.garvanacoustic.com\/wp-content\/uploads\/2019\/01\/snw22m-768x512.jpg 768w, https:\/\/www.garvanacoustic.com\/wp-content\/uploads\/2019\/01\/snw22m-81x54.jpg 81w\" sizes=\"(max-width: 900px) 100vw, 900px\" \/><\/a><\/div><figcaption><h3 class=\"\"><a href=\"https:\/\/www.garvanacoustic.com\/es\/prodotto\/altavoz-para-pared-plano-kw22m\/\">KW22M<\/a><\/h3><a class=\"btn inner-link btn-black btn-small\" href=\"https:\/\/www.garvanacoustic.com\/es\/prodotto\/altavoz-para-pared-plano-kw22m\/\">Descubre<\/a><\/figcaption><\/figure><\/li><li class=\"portfolio-filter-1616 portfolio-filter-1613 portfolio-filter-1615 portfolio-filter-1610 portfolio-filter-1614 portfolio-filter-1612 portfolio-filter-1628 portfolio-filter-1609 \"><figure><div class=\"gallery-img\"><a href=\"https:\/\/www.garvanacoustic.com\/es\/prodotto\/kw25m\/\"><img decoding=\"async\" width=\"900\" height=\"600\" src=\"https:\/\/www.garvanacoustic.com\/wp-content\/uploads\/2025\/05\/KW25M.jpg\" class=\"hcode-portfolio-img wp-post-image\" alt=\"\" srcset=\"https:\/\/www.garvanacoustic.com\/wp-content\/uploads\/2025\/05\/KW25M.jpg 900w, https:\/\/www.garvanacoustic.com\/wp-content\/uploads\/2025\/05\/KW25M-300x200.jpg 300w, https:\/\/www.garvanacoustic.com\/wp-content\/uploads\/2025\/05\/KW25M-768x512.jpg 768w, https:\/\/www.garvanacoustic.com\/wp-content\/uploads\/2025\/05\/KW25M-81x54.jpg 81w\" sizes=\"(max-width: 900px) 100vw, 900px\" \/><\/a><\/div><figcaption><h3 class=\"\"><a href=\"https:\/\/www.garvanacoustic.com\/es\/prodotto\/kw25m\/\">KW25M<\/a><\/h3><a class=\"btn inner-link btn-black btn-small\" href=\"https:\/\/www.garvanacoustic.com\/es\/prodotto\/kw25m\/\">Descubre<\/a><\/figcaption><\/figure><\/li><li class=\"portfolio-filter-1610 portfolio-filter-1615 portfolio-filter-1614 \"><figure><div class=\"gallery-img\"><a href=\"https:\/\/www.garvanacoustic.com\/es\/prodotto\/cajas-de-pared-delgada-kw313\/\"><img decoding=\"async\" width=\"900\" height=\"600\" src=\"https:\/\/www.garvanacoustic.com\/wp-content\/uploads\/2019\/01\/snw313.jpg\" class=\"hcode-portfolio-img wp-post-image\" alt=\"\" srcset=\"https:\/\/www.garvanacoustic.com\/wp-content\/uploads\/2019\/01\/snw313.jpg 900w, https:\/\/www.garvanacoustic.com\/wp-content\/uploads\/2019\/01\/snw313-300x200.jpg 300w, https:\/\/www.garvanacoustic.com\/wp-content\/uploads\/2019\/01\/snw313-768x512.jpg 768w, https:\/\/www.garvanacoustic.com\/wp-content\/uploads\/2019\/01\/snw313-81x54.jpg 81w\" sizes=\"(max-width: 900px) 100vw, 900px\" \/><\/a><\/div><figcaption><h3 class=\"\"><a href=\"https:\/\/www.garvanacoustic.com\/es\/prodotto\/cajas-de-pared-delgada-kw313\/\">KW313<\/a><\/h3><a class=\"btn inner-link btn-black btn-small\" href=\"https:\/\/www.garvanacoustic.com\/es\/prodotto\/cajas-de-pared-delgada-kw313\/\">Descubre<\/a><\/figcaption><\/figure><\/li><li class=\"portfolio-filter-1615 portfolio-filter-1610 portfolio-filter-1614 \"><figure><div class=\"gallery-img\"><a href=\"https:\/\/www.garvanacoustic.com\/es\/prodotto\/altavoz-para-pared-plana-kw316\/\"><img decoding=\"async\" width=\"900\" height=\"600\" src=\"https:\/\/www.garvanacoustic.com\/wp-content\/uploads\/2019\/01\/diffusori-surround-da-parete-Garvan-SNW316-1.jpg\" class=\"hcode-portfolio-img wp-post-image\" alt=\"diffusori surround da parete Garvan SNW316\" srcset=\"https:\/\/www.garvanacoustic.com\/wp-content\/uploads\/2019\/01\/diffusori-surround-da-parete-Garvan-SNW316-1.jpg 900w, https:\/\/www.garvanacoustic.com\/wp-content\/uploads\/2019\/01\/diffusori-surround-da-parete-Garvan-SNW316-1-300x200.jpg 300w, https:\/\/www.garvanacoustic.com\/wp-content\/uploads\/2019\/01\/diffusori-surround-da-parete-Garvan-SNW316-1-768x512.jpg 768w, https:\/\/www.garvanacoustic.com\/wp-content\/uploads\/2019\/01\/diffusori-surround-da-parete-Garvan-SNW316-1-81x54.jpg 81w\" sizes=\"(max-width: 900px) 100vw, 900px\" \/><\/a><\/div><figcaption><h3 class=\"\"><a href=\"https:\/\/www.garvanacoustic.com\/es\/prodotto\/altavoz-para-pared-plana-kw316\/\">KW316<\/a><\/h3><a class=\"btn inner-link btn-black btn-small\" href=\"https:\/\/www.garvanacoustic.com\/es\/prodotto\/altavoz-para-pared-plana-kw316\/\">Descubre<\/a><\/figcaption><\/figure><\/li><li class=\"portfolio-filter-1615 portfolio-filter-1610 portfolio-filter-1614 \"><figure><div class=\"gallery-img\"><a href=\"https:\/\/www.garvanacoustic.com\/es\/prodotto\/altavoces-pared-con-canal-central-kw413\/\"><img decoding=\"async\" width=\"900\" height=\"600\" src=\"https:\/\/www.garvanacoustic.com\/wp-content\/uploads\/2021\/11\/diffusori-da-parete-con-canale-centrale-Garvan-SNW413-2.jpg\" class=\"hcode-portfolio-img wp-post-image\" alt=\"diffusori da parete con canale centrale Garvan SNW413\" srcset=\"https:\/\/www.garvanacoustic.com\/wp-content\/uploads\/2021\/11\/diffusori-da-parete-con-canale-centrale-Garvan-SNW413-2.jpg 900w, https:\/\/www.garvanacoustic.com\/wp-content\/uploads\/2021\/11\/diffusori-da-parete-con-canale-centrale-Garvan-SNW413-2-300x200.jpg 300w, https:\/\/www.garvanacoustic.com\/wp-content\/uploads\/2021\/11\/diffusori-da-parete-con-canale-centrale-Garvan-SNW413-2-768x512.jpg 768w, https:\/\/www.garvanacoustic.com\/wp-content\/uploads\/2021\/11\/diffusori-da-parete-con-canale-centrale-Garvan-SNW413-2-81x54.jpg 81w\" sizes=\"(max-width: 900px) 100vw, 900px\" \/><\/a><\/div><figcaption><h3 class=\"\"><a href=\"https:\/\/www.garvanacoustic.com\/es\/prodotto\/altavoces-pared-con-canal-central-kw413\/\">KW413<\/a><\/h3><a class=\"btn inner-link btn-black btn-small\" href=\"https:\/\/www.garvanacoustic.com\/es\/prodotto\/altavoces-pared-con-canal-central-kw413\/\">Descubre<\/a><\/figcaption><\/figure><\/li><li class=\"portfolio-filter-1610 portfolio-filter-1615 portfolio-filter-1614 \"><figure><div class=\"gallery-img\"><a href=\"https:\/\/www.garvanacoustic.com\/es\/prodotto\/altavoces-murales-kw513\/\"><img decoding=\"async\" width=\"900\" height=\"600\" src=\"https:\/\/www.garvanacoustic.com\/wp-content\/uploads\/2019\/01\/snw513.jpg\" class=\"hcode-portfolio-img wp-post-image\" alt=\"\" srcset=\"https:\/\/www.garvanacoustic.com\/wp-content\/uploads\/2019\/01\/snw513.jpg 900w, https:\/\/www.garvanacoustic.com\/wp-content\/uploads\/2019\/01\/snw513-300x200.jpg 300w, https:\/\/www.garvanacoustic.com\/wp-content\/uploads\/2019\/01\/snw513-768x512.jpg 768w, https:\/\/www.garvanacoustic.com\/wp-content\/uploads\/2019\/01\/snw513-81x54.jpg 81w\" sizes=\"(max-width: 900px) 100vw, 900px\" \/><\/a><\/div><figcaption><h3 class=\"\"><a href=\"https:\/\/www.garvanacoustic.com\/es\/prodotto\/altavoces-murales-kw513\/\">KW513<\/a><\/h3><a class=\"btn inner-link btn-black btn-small\" href=\"https:\/\/www.garvanacoustic.com\/es\/prodotto\/altavoces-murales-kw513\/\">Descubre<\/a><\/figcaption><\/figure><\/li><li class=\"portfolio-filter-1626 portfolio-filter-1630 portfolio-filter-1610 portfolio-filter-1614 \"><figure><div class=\"gallery-img\"><a href=\"https:\/\/www.garvanacoustic.com\/es\/prodotto\/sa203\/\"><img decoding=\"async\" width=\"768\" height=\"512\" src=\"https:\/\/www.garvanacoustic.com\/wp-content\/uploads\/2020\/12\/micro-speaker-SA203-Garvan-Acoustic-1.jpg\" class=\"hcode-portfolio-img wp-post-image\" alt=\"micro speaker SA203 Garvan Acoustic\" srcset=\"https:\/\/www.garvanacoustic.com\/wp-content\/uploads\/2020\/12\/micro-speaker-SA203-Garvan-Acoustic-1.jpg 768w, https:\/\/www.garvanacoustic.com\/wp-content\/uploads\/2020\/12\/micro-speaker-SA203-Garvan-Acoustic-1-300x200.jpg 300w, https:\/\/www.garvanacoustic.com\/wp-content\/uploads\/2020\/12\/micro-speaker-SA203-Garvan-Acoustic-1-81x54.jpg 81w\" sizes=\"(max-width: 768px) 100vw, 768px\" \/><\/a><\/div><figcaption><h3 class=\"\"><a href=\"https:\/\/www.garvanacoustic.com\/es\/prodotto\/sa203\/\">SA203<\/a><\/h3><a class=\"btn inner-link btn-black btn-small\" href=\"https:\/\/www.garvanacoustic.com\/es\/prodotto\/sa203\/\">Descubre<\/a><\/figcaption><\/figure><\/li><li class=\"portfolio-filter-1614 portfolio-filter-1629 portfolio-filter-1638 portfolio-filter-1604 portfolio-filter-1633 \"><figure><div class=\"gallery-img\"><a href=\"https:\/\/www.garvanacoustic.com\/es\/prodotto\/wa113\/\"><img decoding=\"async\" width=\"768\" height=\"512\" src=\"https:\/\/www.garvanacoustic.com\/wp-content\/uploads\/2020\/12\/subwoofer-passivo-WA113-Garvan-Acoustic-1.jpg\" class=\"hcode-portfolio-img wp-post-image\" alt=\"subwoofer passivo WA113 Garvan Acoustic\" srcset=\"https:\/\/www.garvanacoustic.com\/wp-content\/uploads\/2020\/12\/subwoofer-passivo-WA113-Garvan-Acoustic-1.jpg 768w, https:\/\/www.garvanacoustic.com\/wp-content\/uploads\/2020\/12\/subwoofer-passivo-WA113-Garvan-Acoustic-1-300x200.jpg 300w, https:\/\/www.garvanacoustic.com\/wp-content\/uploads\/2020\/12\/subwoofer-passivo-WA113-Garvan-Acoustic-1-81x54.jpg 81w\" sizes=\"(max-width: 768px) 100vw, 768px\" \/><\/a><\/div><figcaption><h3 class=\"\"><a href=\"https:\/\/www.garvanacoustic.com\/es\/prodotto\/wa113\/\">WA113<\/a><\/h3><a class=\"btn inner-link btn-black btn-small\" href=\"https:\/\/www.garvanacoustic.com\/es\/prodotto\/wa113\/\">Descubre<\/a><\/figcaption><\/figure><\/li><li class=\"portfolio-filter-1630 portfolio-filter-1614 portfolio-filter-1648 portfolio-filter-1638 \"><figure><div class=\"gallery-img\"><a href=\"https:\/\/www.garvanacoustic.com\/es\/prodotto\/wa216-activo\/\"><img decoding=\"async\" width=\"768\" height=\"512\" src=\"https:\/\/www.garvanacoustic.com\/wp-content\/uploads\/2024\/05\/micro-sub-wa216_attivo.png\" class=\"hcode-portfolio-img wp-post-image\" alt=\"\" srcset=\"https:\/\/www.garvanacoustic.com\/wp-content\/uploads\/2024\/05\/micro-sub-wa216_attivo.png 768w, https:\/\/www.garvanacoustic.com\/wp-content\/uploads\/2024\/05\/micro-sub-wa216_attivo-300x200.png 300w, https:\/\/www.garvanacoustic.com\/wp-content\/uploads\/2024\/05\/micro-sub-wa216_attivo-81x54.png 81w\" sizes=\"(max-width: 768px) 100vw, 768px\" \/><\/a><\/div><figcaption><h3 class=\"\"><a href=\"https:\/\/www.garvanacoustic.com\/es\/prodotto\/wa216-activo\/\">WA216 Activo<\/a><\/h3><a class=\"btn inner-link btn-black btn-small\" href=\"https:\/\/www.garvanacoustic.com\/es\/prodotto\/wa216-activo\/\">Descubre<\/a><\/figcaption><\/figure><\/li><li class=\"portfolio-filter-1630 portfolio-filter-1614 portfolio-filter-1638 portfolio-filter-1648 \"><figure><div class=\"gallery-img\"><a href=\"https:\/\/www.garvanacoustic.com\/es\/prodotto\/wa216-pasivo\/\"><img decoding=\"async\" width=\"768\" height=\"512\" src=\"https:\/\/www.garvanacoustic.com\/wp-content\/uploads\/2024\/04\/SUBWOOFER-MICRO-passivo_WA216P.png\" class=\"hcode-portfolio-img wp-post-image\" alt=\"\" srcset=\"https:\/\/www.garvanacoustic.com\/wp-content\/uploads\/2024\/04\/SUBWOOFER-MICRO-passivo_WA216P.png 768w, https:\/\/www.garvanacoustic.com\/wp-content\/uploads\/2024\/04\/SUBWOOFER-MICRO-passivo_WA216P-300x200.png 300w, https:\/\/www.garvanacoustic.com\/wp-content\/uploads\/2024\/04\/SUBWOOFER-MICRO-passivo_WA216P-81x54.png 81w\" sizes=\"(max-width: 768px) 100vw, 768px\" \/><\/a><\/div><figcaption><h3 class=\"\"><a href=\"https:\/\/www.garvanacoustic.com\/es\/prodotto\/wa216-pasivo\/\">WA216 Pasivo<\/a><\/h3><a class=\"btn inner-link btn-black btn-small\" href=\"https:\/\/www.garvanacoustic.com\/es\/prodotto\/wa216-pasivo\/\">Descubre<\/a><\/figcaption><\/figure><\/li><li class=\"portfolio-filter-1626 portfolio-filter-1610 portfolio-filter-1615 portfolio-filter-1614 portfolio-filter-1629 portfolio-filter-1638 portfolio-filter-1604 portfolio-filter-1635 portfolio-filter-1633 \"><figure><div class=\"gallery-img\"><a href=\"https:\/\/www.garvanacoustic.com\/es\/prodotto\/wae121\/\"><img decoding=\"async\" width=\"825\" height=\"510\" src=\"https:\/\/www.garvanacoustic.com\/wp-content\/uploads\/2019\/01\/wae121-subwoofer.png\" class=\"hcode-portfolio-img wp-post-image\" alt=\"\" srcset=\"https:\/\/www.garvanacoustic.com\/wp-content\/uploads\/2019\/01\/wae121-subwoofer.png 825w, https:\/\/www.garvanacoustic.com\/wp-content\/uploads\/2019\/01\/wae121-subwoofer-300x185.png 300w, https:\/\/www.garvanacoustic.com\/wp-content\/uploads\/2019\/01\/wae121-subwoofer-768x475.png 768w, https:\/\/www.garvanacoustic.com\/wp-content\/uploads\/2019\/01\/wae121-subwoofer-133x83.png 133w, https:\/\/www.garvanacoustic.com\/wp-content\/uploads\/2019\/01\/wae121-subwoofer-81x50.png 81w\" sizes=\"(max-width: 825px) 100vw, 825px\" \/><\/a><\/div><figcaption><h3 class=\"\"><a href=\"https:\/\/www.garvanacoustic.com\/es\/prodotto\/wae121\/\">WAE121<\/a><\/h3><a class=\"btn inner-link btn-black btn-small\" href=\"https:\/\/www.garvanacoustic.com\/es\/prodotto\/wae121\/\">Descubre<\/a><\/figcaption><\/figure><\/li><li class=\"portfolio-filter-1626 portfolio-filter-1630 portfolio-filter-1610 portfolio-filter-1614 portfolio-filter-1635 portfolio-filter-1638 portfolio-filter-1648 \"><figure><div class=\"gallery-img\"><a href=\"https:\/\/www.garvanacoustic.com\/es\/prodotto\/wae121p\/\"><img decoding=\"async\" width=\"1920\" height=\"1342\" src=\"https:\/\/www.garvanacoustic.com\/wp-content\/uploads\/2024\/04\/SUBWOOFER-PASSIVO-WAE121_retro.jpg\" class=\"hcode-portfolio-img wp-post-image\" alt=\"\" srcset=\"https:\/\/www.garvanacoustic.com\/wp-content\/uploads\/2024\/04\/SUBWOOFER-PASSIVO-WAE121_retro.jpg 1920w, https:\/\/www.garvanacoustic.com\/wp-content\/uploads\/2024\/04\/SUBWOOFER-PASSIVO-WAE121_retro-300x210.jpg 300w, https:\/\/www.garvanacoustic.com\/wp-content\/uploads\/2024\/04\/SUBWOOFER-PASSIVO-WAE121_retro-1024x716.jpg 1024w, https:\/\/www.garvanacoustic.com\/wp-content\/uploads\/2024\/04\/SUBWOOFER-PASSIVO-WAE121_retro-768x537.jpg 768w, https:\/\/www.garvanacoustic.com\/wp-content\/uploads\/2024\/04\/SUBWOOFER-PASSIVO-WAE121_retro-1536x1074.jpg 1536w, https:\/\/www.garvanacoustic.com\/wp-content\/uploads\/2024\/04\/SUBWOOFER-PASSIVO-WAE121_retro-81x57.jpg 81w\" sizes=\"(max-width: 1920px) 100vw, 1920px\" \/><\/a><\/div><figcaption><h3 class=\"\"><a href=\"https:\/\/www.garvanacoustic.com\/es\/prodotto\/wae121p\/\">WAE121P<\/a><\/h3><a class=\"btn inner-link btn-black btn-small\" href=\"https:\/\/www.garvanacoustic.com\/es\/prodotto\/wae121p\/\">Descubre<\/a><\/figcaption><\/figure><\/li><\/ul><\/div><\/div><\/div>[vc_separator]<\/div><\/div><\/div><\/div><\/section>","protected":false},"excerpt":{"rendered":"<p>[vc_single_image image=\u00bb68696&#8243; img_size=\u00bbfull\u00bb alignment=\u00bbcenter\u00bb]Subwoofer pasivo WAE121P Cada subwoofer est\u00e1 dise\u00f1ado y fabricado con el objetivo de ofrecer un rendimiento de audio superior. Sonido aireado, natural, no fatigante y una escena ac\u00fastica realista y abierta. Por eso los componentes electr\u00f3nicos son de \u00faltima generaci\u00f3n, los altavoces dise\u00f1ados por Garvan y fabricados en Italia, con pruebas individuales [&hellip;]<\/p>\n","protected":false},"author":6,"featured_media":0,"parent":65258,"menu_order":0,"comment_status":"open","ping_status":"closed","template":"","meta":{"_joinchat":[],"footnotes":""},"class_list":["post-65290","page","type-page","status-publish","hentry"],"yoast_head":"<!-- This site is optimized with the Yoast SEO Premium plugin v27.4 (Yoast SEO v27.4) - https:\/\/yoast.com\/product\/yoast-seo-premium-wordpress\/ -->\n<title>Altavoces planos: la colecci\u00f3n [CORO] de Garvan Acoustic<\/title>\n<meta name=\"description\" content=\"Si busca altavoces planos que se integren con estilo en su decoraci\u00f3n, descubra la colecci\u00f3n de altavoces [CORO] de Garvan.\" \/>\n<meta name=\"robots\" content=\"index, follow, max-snippet:-1, max-image-preview:large, max-video-preview:-1\" \/>\n<link rel=\"canonical\" href=\"https:\/\/www.garvanacoustic.com\/es\/colecciones\/coleccion-coro\/\" \/>\n<meta property=\"og:locale\" content=\"es_ES\" \/>\n<meta property=\"og:type\" content=\"article\" \/>\n<meta property=\"og:title\" content=\"Colecci\u00f3n [CORO]\" \/>\n<meta property=\"og:description\" content=\"Si busca altavoces planos que se integren con estilo en su decoraci\u00f3n, descubra la colecci\u00f3n de altavoces [CORO] de Garvan.\" \/>\n<meta property=\"og:url\" content=\"https:\/\/www.garvanacoustic.com\/es\/colecciones\/coleccion-coro\/\" \/>\n<meta property=\"og:site_name\" content=\"Garvan Acoustic\" \/>\n<meta property=\"article:publisher\" content=\"https:\/\/www.facebook.com\/garvanacoustic\" \/>\n<meta property=\"article:modified_time\" content=\"2024-03-04T14:57:54+00:00\" \/>\n<meta property=\"og:image\" content=\"https:\/\/www.garvanacoustic.com\/wp-content\/uploads\/2024\/07\/header-nwsl-garvan-e1759746705872.jpg\" \/>\n\t<meta property=\"og:image:width\" content=\"779\" \/>\n\t<meta property=\"og:image:height\" content=\"437\" \/>\n\t<meta property=\"og:image:type\" content=\"image\/jpeg\" \/>\n<meta name=\"twitter:card\" content=\"summary_large_image\" \/>\n<meta name=\"twitter:label1\" content=\"Tiempo de lectura\" \/>\n\t<meta name=\"twitter:data1\" content=\"4 minutos\" \/>\n<script type=\"application\/ld+json\" class=\"yoast-schema-graph\">{\"@context\":\"https:\\\/\\\/schema.org\",\"@graph\":[{\"@type\":\"WebPage\",\"@id\":\"https:\\\/\\\/www.garvanacoustic.com\\\/es\\\/colecciones\\\/coleccion-coro\\\/\",\"url\":\"https:\\\/\\\/www.garvanacoustic.com\\\/es\\\/colecciones\\\/coleccion-coro\\\/\",\"name\":\"Altavoces planos: la colecci\u00f3n [CORO] de Garvan Acoustic\",\"isPartOf\":{\"@id\":\"https:\\\/\\\/www.garvanacoustic.com\\\/es\\\/#website\"},\"datePublished\":\"2024-01-24T10:57:56+00:00\",\"dateModified\":\"2024-03-04T14:57:54+00:00\",\"description\":\"Si busca altavoces planos que se integren con estilo en su decoraci\u00f3n, descubra la colecci\u00f3n de altavoces [CORO] de Garvan.\",\"breadcrumb\":{\"@id\":\"https:\\\/\\\/www.garvanacoustic.com\\\/es\\\/colecciones\\\/coleccion-coro\\\/#breadcrumb\"},\"inLanguage\":\"es\",\"potentialAction\":[{\"@type\":\"ReadAction\",\"target\":[\"https:\\\/\\\/www.garvanacoustic.com\\\/es\\\/colecciones\\\/coleccion-coro\\\/\"]}]},{\"@type\":\"BreadcrumbList\",\"@id\":\"https:\\\/\\\/www.garvanacoustic.com\\\/es\\\/colecciones\\\/coleccion-coro\\\/#breadcrumb\",\"itemListElement\":[{\"@type\":\"ListItem\",\"position\":1,\"name\":\"Home\",\"item\":\"https:\\\/\\\/www.garvanacoustic.com\\\/es\\\/\"},{\"@type\":\"ListItem\",\"position\":2,\"name\":\"Colecciones\",\"item\":\"https:\\\/\\\/www.garvanacoustic.com\\\/es\\\/colecciones\\\/\"},{\"@type\":\"ListItem\",\"position\":3,\"name\":\"Colecci\u00f3n [CORO]\"}]},{\"@type\":\"WebSite\",\"@id\":\"https:\\\/\\\/www.garvanacoustic.com\\\/es\\\/#website\",\"url\":\"https:\\\/\\\/www.garvanacoustic.com\\\/es\\\/\",\"name\":\"Garvan Acoustic\",\"description\":\"Diffusori e trattamento acustico: scopri la qualit\u00e0 del Made in Italy\",\"publisher\":{\"@id\":\"https:\\\/\\\/www.garvanacoustic.com\\\/es\\\/#organization\"},\"potentialAction\":[{\"@type\":\"SearchAction\",\"target\":{\"@type\":\"EntryPoint\",\"urlTemplate\":\"https:\\\/\\\/www.garvanacoustic.com\\\/es\\\/?s={search_term_string}\"},\"query-input\":{\"@type\":\"PropertyValueSpecification\",\"valueRequired\":true,\"valueName\":\"search_term_string\"}}],\"inLanguage\":\"es\"},{\"@type\":\"Organization\",\"@id\":\"https:\\\/\\\/www.garvanacoustic.com\\\/es\\\/#organization\",\"name\":\"Garvan Acoustic\",\"url\":\"https:\\\/\\\/www.garvanacoustic.com\\\/es\\\/\",\"logo\":{\"@type\":\"ImageObject\",\"inLanguage\":\"es\",\"@id\":\"https:\\\/\\\/www.garvanacoustic.com\\\/es\\\/#\\\/schema\\\/logo\\\/image\\\/\",\"url\":\"https:\\\/\\\/www.garvanacoustic.com\\\/wp-content\\\/uploads\\\/2018\\\/07\\\/garvan-acoustic-logo.png\",\"contentUrl\":\"https:\\\/\\\/www.garvanacoustic.com\\\/wp-content\\\/uploads\\\/2018\\\/07\\\/garvan-acoustic-logo.png\",\"width\":400,\"height\":161,\"caption\":\"Garvan Acoustic\"},\"image\":{\"@id\":\"https:\\\/\\\/www.garvanacoustic.com\\\/es\\\/#\\\/schema\\\/logo\\\/image\\\/\"},\"sameAs\":[\"https:\\\/\\\/www.facebook.com\\\/garvanacoustic\",\"https:\\\/\\\/www.instagram.com\\\/garvanacoustic\\\/\"],\"description\":\"Produttori di Diffusori Acustici e Pannelli Fonoassorbenti Made in Italy\",\"email\":\"garvan@garvanacoustic.com\",\"telephone\":\"0546 682097\"}]}<\/script>\n<!-- \/ Yoast SEO Premium plugin. -->","yoast_head_json":{"title":"Altavoces planos: la colecci\u00f3n [CORO] de Garvan Acoustic","description":"Si busca altavoces planos que se integren con estilo en su decoraci\u00f3n, descubra la colecci\u00f3n de altavoces [CORO] de Garvan.","robots":{"index":"index","follow":"follow","max-snippet":"max-snippet:-1","max-image-preview":"max-image-preview:large","max-video-preview":"max-video-preview:-1"},"canonical":"https:\/\/www.garvanacoustic.com\/es\/colecciones\/coleccion-coro\/","og_locale":"es_ES","og_type":"article","og_title":"Colecci\u00f3n [CORO]","og_description":"Si busca altavoces planos que se integren con estilo en su decoraci\u00f3n, descubra la colecci\u00f3n de altavoces [CORO] de Garvan.","og_url":"https:\/\/www.garvanacoustic.com\/es\/colecciones\/coleccion-coro\/","og_site_name":"Garvan Acoustic","article_publisher":"https:\/\/www.facebook.com\/garvanacoustic","article_modified_time":"2024-03-04T14:57:54+00:00","og_image":[{"width":779,"height":437,"url":"https:\/\/www.garvanacoustic.com\/wp-content\/uploads\/2024\/07\/header-nwsl-garvan-e1759746705872.jpg","type":"image\/jpeg"}],"twitter_card":"summary_large_image","twitter_misc":{"Tiempo de lectura":"4 minutos"},"schema":{"@context":"https:\/\/schema.org","@graph":[{"@type":"WebPage","@id":"https:\/\/www.garvanacoustic.com\/es\/colecciones\/coleccion-coro\/","url":"https:\/\/www.garvanacoustic.com\/es\/colecciones\/coleccion-coro\/","name":"Altavoces planos: la colecci\u00f3n [CORO] de Garvan Acoustic","isPartOf":{"@id":"https:\/\/www.garvanacoustic.com\/es\/#website"},"datePublished":"2024-01-24T10:57:56+00:00","dateModified":"2024-03-04T14:57:54+00:00","description":"Si busca altavoces planos que se integren con estilo en su decoraci\u00f3n, descubra la colecci\u00f3n de altavoces [CORO] de Garvan.","breadcrumb":{"@id":"https:\/\/www.garvanacoustic.com\/es\/colecciones\/coleccion-coro\/#breadcrumb"},"inLanguage":"es","potentialAction":[{"@type":"ReadAction","target":["https:\/\/www.garvanacoustic.com\/es\/colecciones\/coleccion-coro\/"]}]},{"@type":"BreadcrumbList","@id":"https:\/\/www.garvanacoustic.com\/es\/colecciones\/coleccion-coro\/#breadcrumb","itemListElement":[{"@type":"ListItem","position":1,"name":"Home","item":"https:\/\/www.garvanacoustic.com\/es\/"},{"@type":"ListItem","position":2,"name":"Colecciones","item":"https:\/\/www.garvanacoustic.com\/es\/colecciones\/"},{"@type":"ListItem","position":3,"name":"Colecci\u00f3n [CORO]"}]},{"@type":"WebSite","@id":"https:\/\/www.garvanacoustic.com\/es\/#website","url":"https:\/\/www.garvanacoustic.com\/es\/","name":"Garvan Acoustic","description":"Diffusori e trattamento acustico: scopri la qualit\u00e0 del Made in Italy","publisher":{"@id":"https:\/\/www.garvanacoustic.com\/es\/#organization"},"potentialAction":[{"@type":"SearchAction","target":{"@type":"EntryPoint","urlTemplate":"https:\/\/www.garvanacoustic.com\/es\/?s={search_term_string}"},"query-input":{"@type":"PropertyValueSpecification","valueRequired":true,"valueName":"search_term_string"}}],"inLanguage":"es"},{"@type":"Organization","@id":"https:\/\/www.garvanacoustic.com\/es\/#organization","name":"Garvan Acoustic","url":"https:\/\/www.garvanacoustic.com\/es\/","logo":{"@type":"ImageObject","inLanguage":"es","@id":"https:\/\/www.garvanacoustic.com\/es\/#\/schema\/logo\/image\/","url":"https:\/\/www.garvanacoustic.com\/wp-content\/uploads\/2018\/07\/garvan-acoustic-logo.png","contentUrl":"https:\/\/www.garvanacoustic.com\/wp-content\/uploads\/2018\/07\/garvan-acoustic-logo.png","width":400,"height":161,"caption":"Garvan Acoustic"},"image":{"@id":"https:\/\/www.garvanacoustic.com\/es\/#\/schema\/logo\/image\/"},"sameAs":["https:\/\/www.facebook.com\/garvanacoustic","https:\/\/www.instagram.com\/garvanacoustic\/"],"description":"Produttori di Diffusori Acustici e Pannelli Fonoassorbenti Made in Italy","email":"garvan@garvanacoustic.com","telephone":"0546 682097"}]}},"_links":{"self":[{"href":"https:\/\/www.garvanacoustic.com\/es\/wp-json\/wp\/v2\/pages\/65290","targetHints":{"allow":["GET"]}}],"collection":[{"href":"https:\/\/www.garvanacoustic.com\/es\/wp-json\/wp\/v2\/pages"}],"about":[{"href":"https:\/\/www.garvanacoustic.com\/es\/wp-json\/wp\/v2\/types\/page"}],"author":[{"embeddable":true,"href":"https:\/\/www.garvanacoustic.com\/es\/wp-json\/wp\/v2\/users\/6"}],"replies":[{"embeddable":true,"href":"https:\/\/www.garvanacoustic.com\/es\/wp-json\/wp\/v2\/comments?post=65290"}],"version-history":[{"count":5,"href":"https:\/\/www.garvanacoustic.com\/es\/wp-json\/wp\/v2\/pages\/65290\/revisions"}],"predecessor-version":[{"id":67094,"href":"https:\/\/www.garvanacoustic.com\/es\/wp-json\/wp\/v2\/pages\/65290\/revisions\/67094"}],"up":[{"embeddable":true,"href":"https:\/\/www.garvanacoustic.com\/es\/wp-json\/wp\/v2\/pages\/65258"}],"wp:attachment":[{"href":"https:\/\/www.garvanacoustic.com\/es\/wp-json\/wp\/v2\/media?parent=65290"}],"curies":[{"name":"wp","href":"https:\/\/api.w.org\/{rel}","templated":true}]}}