{"id":65361,"date":"2024-01-24T11:58:00","date_gmt":"2024-01-24T10:58:00","guid":{"rendered":"https:\/\/www.garvanacoustic.com\/colecciones\/coleccion-goccia\/"},"modified":"2024-01-29T11:33:25","modified_gmt":"2024-01-29T10:33:25","slug":"coleccion-goccia","status":"publish","type":"page","link":"https:\/\/www.garvanacoustic.com\/es\/colecciones\/coleccion-goccia\/","title":{"rendered":"Colecci\u00f3n  [GOCCIA]"},"content":{"rendered":"<section class=\"no-padding\"><div class=\"wpb_column hcode-column-container no-padding vc_col-sm-12 col-xs-mobile-fullwidth\" data-front-class=\"no-padding col-xs-mobile-fullwidth\"><div class=\"vc-column-innner-wrapper\"><div class=\"onepage-corporate-slider\"><div id=\"hcode-owl-slider13-1\" class=\"owl-carousel owl-theme light-pagination  hcode-owl-slider13  cursor-black\"><div class=\"item owl-bg-img bg-image-srcset\" style=\"background-image:url(https:\/\/www.garvanacoustic.com\/wp-content\/uploads\/2019\/03\/Goccia-Interna-collezione.jpg)\" data-bg-srcset=\"https:\/\/www.garvanacoustic.com\/wp-content\/uploads\/2019\/03\/Goccia-Interna-collezione.jpg 1920w, https:\/\/www.garvanacoustic.com\/wp-content\/uploads\/2019\/03\/Goccia-Interna-collezione-300x173.jpg 300w, https:\/\/www.garvanacoustic.com\/wp-content\/uploads\/2019\/03\/Goccia-Interna-collezione-768x444.jpg 768w, https:\/\/www.garvanacoustic.com\/wp-content\/uploads\/2019\/03\/Goccia-Interna-collezione-1024x592.jpg 1024w, https:\/\/www.garvanacoustic.com\/wp-content\/uploads\/2019\/03\/Goccia-Interna-collezione-81x47.jpg 81w\"><div class=\"slider-overlay bg-slider\"><\/div><div class=\"container full-screen position-relative\"><div class=\"slider-typography\"><div class=\"slider-text-middle-main\"><div class=\"slider-text-middle\"><p class=\"text-large light-gray-text letter-spacing-3 margin-three\">\r\n<p class=\"titolo-linea\"><strong>Colecci\u00f3n [GOCCIA]<\/strong><\/p>\r\n<p class=\"text-med center-col no-margin-bottom white-text width-50\">El sonido natural se une al dise\u00f1o de interiores y al arte.<\/p>\r\n<\/p><\/div><\/div><\/div><\/div><\/div><\/div><\/div>        <script type=\"text\/javascript\">jQuery(document).ready(function () { jQuery(\"#hcode-owl-slider13-1\").owlCarousel({ nav: false,dots: false,autoPlay: false, autoplayHoverPause: false, loop: false, items: 1,dotsSpeed: 400,navText: [\"<i class='fa-solid fa-angle-left'><\/i>\", \"<i class='fa-solid fa-angle-right'><\/i>\"] }); });<\/script>\n    \t<\/div><\/div><\/section><section><div class=\"container\"><div class=\"row\"><div class=\"wpb_column hcode-column-container text-center sm-text-center xs-text-center vc_col-sm-12 col-xs-mobile-fullwidth\" data-front-class=\"text-center sm-text-center xs-text-center col-xs-mobile-fullwidth\"><div class=\"vc-column-innner-wrapper\"><p class=\"text-med center-col no-margin-bottom width-50\">La colecci\u00f3n [GOCCIA] de Garvan Acoustic es la \u00fanica serie de altavoces cer\u00e1micos suspendidos que fusiona la reproducci\u00f3n natural del sonido con el dise\u00f1o interior y el arte.<\/p>\n<\/div><\/div><\/div><\/div><\/section><section class=\"padding-two\"><div class=\"container-fluid\"><div class=\"row\"><div class=\"wpb_column hcode-column-container text-center sm-text-center xs-text-center  col-xs-mobile-fullwidth\" data-front-class=\"text-center sm-text-center xs-text-center col-xs-mobile-fullwidth front-column-class\"><div class=\"vc-column-innner-wrapper\">[vc_single_image image=\"25783\" img_size=\"650x433\" alignment=\"center\"]<p>SVK15<\/p>\n<a  href=\"https:\/\/www.garvanacoustic.com\/es\/prodotto\/svk15\/\" target=\"_self\"  class=\"inner-link button btn highlight-button-dark btn-small\">descubra<\/a>[vc_empty_space]<\/div><\/div><\/div><\/div><\/section><section  class=\"row-equal-height row-content-middle no-padding hcode-row-flex cover-background\"><div class=\"wpb_column hcode-column-container  vc_custom_1547045018282 hcode-column-1 no-padding vc_col-sm-6 col-xs-mobile-fullwidth\" data-front-class=\" vc_custom_1547045018282 hcode-column-1 no-padding col-xs-mobile-fullwidth\" data-background=#fafafa style=\" background:#fafafa;\"><div class=\"vc-column-innner-wrapper\"><\/div><\/div><div class=\"wpb_column hcode-column-container  vc_custom_1536763529777 text-left sm-text-left xs-text-left padding-three vc_col-sm-6 col-xs-mobile-fullwidth\" data-front-class=\" vc_custom_1536763529777 text-left sm-text-left xs-text-left padding-three col-xs-mobile-fullwidth\" data-background=#fafafa style=\" background:#fafafa;\"><div class=\"vc-column-innner-wrapper\"><div class=\"padding-ten\"><p class=\"titolo-black2\"><strong>Pureza de sonido<br \/>\n<\/strong><\/p>\n<p class=\"testo-titolo width 80\">Significa dise\u00f1o inspirado en el altavoz ac\u00fastico esf\u00e9rico suspendido ideal, que recrea una escena ac\u00fastica realista, un sonido natural, claro y no fatigante, tambi\u00e9n gracias a componentes de \u00faltima generaci\u00f3n, fabricaci\u00f3n totalmente Madein-Italy y pruebas individuales de cada altavoz.<\/p>\n<\/div><\/div><\/div><\/section><section class=\"row-equal-height row-content-middle no-padding hcode-row-flex\"><div class=\"wpb_column hcode-column-container  vc_custom_1536679116997 text-left sm-text-left xs-text-left padding-three vc_col-sm-6 col-xs-mobile-fullwidth\" data-front-class=\" vc_custom_1536679116997 text-left sm-text-left xs-text-left padding-three col-xs-mobile-fullwidth\" data-background=#fafafa style=\" background:#fafafa;\"><div class=\"vc-column-innner-wrapper\"><div class=\"padding-ten\"><p class=\"titolo-black2\"><strong>Dise\u00f1o atemporal<br \/>\n<\/strong><\/p>\n<p class=\"testo-titolo width 80\">Esto significa que puede ampliar la firma estil\u00edstica de las luminarias colgantes a la difusi\u00f3n del sonido y disponer de un objeto de decoraci\u00f3n con una forma sinuosa inspirada en la naturaleza, en varios colores y con un dise\u00f1o atemporal.<\/p>\n<\/div><\/div><\/div><div class=\"wpb_column hcode-column-container  vc_custom_1547045926647 hcode-column-2 no-padding vc_col-sm-6 col-xs-mobile-fullwidth\" data-front-class=\" vc_custom_1547045926647 hcode-column-2 no-padding col-xs-mobile-fullwidth\"><div class=\"vc-column-innner-wrapper\"><\/div><\/div><\/section><section class=\"row-equal-height row-content-middle no-padding hcode-row-flex\"><div class=\"wpb_column hcode-column-container  vc_custom_1547045060547 hcode-column-3 no-padding vc_col-sm-6 col-xs-mobile-fullwidth\" data-front-class=\" vc_custom_1547045060547 hcode-column-3 no-padding col-xs-mobile-fullwidth\" data-background=#fafafa style=\" background:#fafafa;\"><div class=\"vc-column-innner-wrapper\"><\/div><\/div><div class=\"wpb_column hcode-column-container  vc_custom_1536679552286 text-left sm-text-left xs-text-left padding-three vc_col-sm-6 col-xs-mobile-fullwidth\" data-front-class=\" vc_custom_1536679552286 text-left sm-text-left xs-text-left padding-three col-xs-mobile-fullwidth\" data-background=#fafafa style=\" background:#fafafa;\"><div class=\"vc-column-innner-wrapper\"><div class=\"padding-ten\"><p class=\"titolo-black2\"><strong>Una obra de arte \u00fanica en cer\u00e1mica de Faenza<\/strong><\/p>\n<p class=\"testo-titolo width 80\">Significa que cada artefacto cer\u00e1mico es \u00fanico e irrepetible porque est\u00e1 hecho individualmente por las h\u00e1biles manos de los maestros de la Bottega Gatti de Faenza. Acabados exclusivos como las decoraciones de la tradici\u00f3n de may\u00f3lica de Faenza, las decoraciones de motos aer\u00f3grafas inspiradas en el circuito de Misano y dise\u00f1adas por Aldo Drudi (ADI Golden Compass), efectos impresionantes como los colores perlados, los metales nobles (oro, platino y cobre) y los reflejos, sobre los que se ha guardado un secreto total durante un siglo.<\/p>\n<\/div><\/div><\/div><\/section><section><div class=\"container\"><div class=\"row\"><div class=\"wpb_column hcode-column-container vc_col-sm-2 vc_col-lg-3 vc_col-md-2 vc_hidden-xs col-xs-mobile-fullwidth\" data-front-class=\"col-xs-mobile-fullwidth\"><div class=\"vc-column-innner-wrapper\"><\/div><\/div><\/div><\/div><\/section>","protected":false},"excerpt":{"rendered":"<p>Colecci\u00f3n [GOCCIA] El sonido natural se une al dise\u00f1o de interiores y al arte. La colecci\u00f3n [GOCCIA] de Garvan Acoustic es la \u00fanica serie de altavoces cer\u00e1micos suspendidos que fusiona la reproducci\u00f3n natural del sonido con el dise\u00f1o interior y el arte. [vc_single_image image=\u00bb25783&#8243; img_size=\u00bb650&#215;433&#8243; alignment=\u00bbcenter\u00bb]SVK15 descubra[vc_empty_space]Pureza de sonido Significa dise\u00f1o inspirado en el altavoz [&hellip;]<\/p>\n","protected":false},"author":6,"featured_media":0,"parent":65258,"menu_order":0,"comment_status":"open","ping_status":"closed","template":"","meta":{"_joinchat":[],"footnotes":""},"class_list":["post-65361","page","type-page","status-publish","hentry"],"yoast_head":"<!-- This site is optimized with the Yoast SEO Premium plugin v27.4 (Yoast SEO v27.4) - https:\/\/yoast.com\/product\/yoast-seo-premium-wordpress\/ -->\n<title>Altavoces de audio: descubra los altavoces suspendidos de la l\u00ednea [GOCCIA]<\/title>\n<meta name=\"description\" content=\"Altavoces suspendidos, he aqu\u00ed la exclusiva colecci\u00f3n [GOCCIA] con un dise\u00f1o \u00fanico en cer\u00e1mica de Faenza. Visite el sitio web para descubrir todos los acabados.\" \/>\n<meta name=\"robots\" content=\"index, follow, max-snippet:-1, max-image-preview:large, max-video-preview:-1\" \/>\n<link rel=\"canonical\" href=\"https:\/\/www.garvanacoustic.com\/es\/colecciones\/coleccion-goccia\/\" \/>\n<meta property=\"og:locale\" content=\"es_ES\" \/>\n<meta property=\"og:type\" content=\"article\" \/>\n<meta property=\"og:title\" content=\"Colecci\u00f3n [GOCCIA]\" \/>\n<meta property=\"og:description\" content=\"Altavoces suspendidos, he aqu\u00ed la exclusiva colecci\u00f3n [GOCCIA] con un dise\u00f1o \u00fanico en cer\u00e1mica de Faenza. Visite el sitio web para descubrir todos los acabados.\" \/>\n<meta property=\"og:url\" content=\"https:\/\/www.garvanacoustic.com\/es\/colecciones\/coleccion-goccia\/\" \/>\n<meta property=\"og:site_name\" content=\"Garvan Acoustic\" \/>\n<meta property=\"article:publisher\" content=\"https:\/\/www.facebook.com\/garvanacoustic\" \/>\n<meta property=\"article:modified_time\" content=\"2024-01-29T10:33:25+00:00\" \/>\n<meta property=\"og:image\" content=\"https:\/\/www.garvanacoustic.com\/wp-content\/uploads\/2024\/07\/header-nwsl-garvan-e1759746705872.jpg\" \/>\n\t<meta property=\"og:image:width\" content=\"779\" \/>\n\t<meta property=\"og:image:height\" content=\"437\" \/>\n\t<meta property=\"og:image:type\" content=\"image\/jpeg\" \/>\n<meta name=\"twitter:card\" content=\"summary_large_image\" \/>\n<meta name=\"twitter:label1\" content=\"Tiempo de lectura\" \/>\n\t<meta name=\"twitter:data1\" content=\"3 minutos\" \/>\n<script type=\"application\/ld+json\" class=\"yoast-schema-graph\">{\"@context\":\"https:\\\/\\\/schema.org\",\"@graph\":[{\"@type\":\"WebPage\",\"@id\":\"https:\\\/\\\/www.garvanacoustic.com\\\/es\\\/colecciones\\\/coleccion-goccia\\\/\",\"url\":\"https:\\\/\\\/www.garvanacoustic.com\\\/es\\\/colecciones\\\/coleccion-goccia\\\/\",\"name\":\"Altavoces de audio: descubra los altavoces suspendidos de la l\u00ednea [GOCCIA]\",\"isPartOf\":{\"@id\":\"https:\\\/\\\/www.garvanacoustic.com\\\/es\\\/#website\"},\"datePublished\":\"2024-01-24T10:58:00+00:00\",\"dateModified\":\"2024-01-29T10:33:25+00:00\",\"description\":\"Altavoces suspendidos, he aqu\u00ed la exclusiva colecci\u00f3n [GOCCIA] con un dise\u00f1o \u00fanico en cer\u00e1mica de Faenza. Visite el sitio web para descubrir todos los acabados.\",\"breadcrumb\":{\"@id\":\"https:\\\/\\\/www.garvanacoustic.com\\\/es\\\/colecciones\\\/coleccion-goccia\\\/#breadcrumb\"},\"inLanguage\":\"es\",\"potentialAction\":[{\"@type\":\"ReadAction\",\"target\":[\"https:\\\/\\\/www.garvanacoustic.com\\\/es\\\/colecciones\\\/coleccion-goccia\\\/\"]}]},{\"@type\":\"BreadcrumbList\",\"@id\":\"https:\\\/\\\/www.garvanacoustic.com\\\/es\\\/colecciones\\\/coleccion-goccia\\\/#breadcrumb\",\"itemListElement\":[{\"@type\":\"ListItem\",\"position\":1,\"name\":\"Home\",\"item\":\"https:\\\/\\\/www.garvanacoustic.com\\\/es\\\/\"},{\"@type\":\"ListItem\",\"position\":2,\"name\":\"Colecciones\",\"item\":\"https:\\\/\\\/www.garvanacoustic.com\\\/es\\\/colecciones\\\/\"},{\"@type\":\"ListItem\",\"position\":3,\"name\":\"Colecci\u00f3n [GOCCIA]\"}]},{\"@type\":\"WebSite\",\"@id\":\"https:\\\/\\\/www.garvanacoustic.com\\\/es\\\/#website\",\"url\":\"https:\\\/\\\/www.garvanacoustic.com\\\/es\\\/\",\"name\":\"Garvan Acoustic\",\"description\":\"Diffusori e trattamento acustico: scopri la qualit\u00e0 del Made in Italy\",\"publisher\":{\"@id\":\"https:\\\/\\\/www.garvanacoustic.com\\\/es\\\/#organization\"},\"potentialAction\":[{\"@type\":\"SearchAction\",\"target\":{\"@type\":\"EntryPoint\",\"urlTemplate\":\"https:\\\/\\\/www.garvanacoustic.com\\\/es\\\/?s={search_term_string}\"},\"query-input\":{\"@type\":\"PropertyValueSpecification\",\"valueRequired\":true,\"valueName\":\"search_term_string\"}}],\"inLanguage\":\"es\"},{\"@type\":\"Organization\",\"@id\":\"https:\\\/\\\/www.garvanacoustic.com\\\/es\\\/#organization\",\"name\":\"Garvan Acoustic\",\"url\":\"https:\\\/\\\/www.garvanacoustic.com\\\/es\\\/\",\"logo\":{\"@type\":\"ImageObject\",\"inLanguage\":\"es\",\"@id\":\"https:\\\/\\\/www.garvanacoustic.com\\\/es\\\/#\\\/schema\\\/logo\\\/image\\\/\",\"url\":\"https:\\\/\\\/www.garvanacoustic.com\\\/wp-content\\\/uploads\\\/2018\\\/07\\\/garvan-acoustic-logo.png\",\"contentUrl\":\"https:\\\/\\\/www.garvanacoustic.com\\\/wp-content\\\/uploads\\\/2018\\\/07\\\/garvan-acoustic-logo.png\",\"width\":400,\"height\":161,\"caption\":\"Garvan Acoustic\"},\"image\":{\"@id\":\"https:\\\/\\\/www.garvanacoustic.com\\\/es\\\/#\\\/schema\\\/logo\\\/image\\\/\"},\"sameAs\":[\"https:\\\/\\\/www.facebook.com\\\/garvanacoustic\",\"https:\\\/\\\/www.instagram.com\\\/garvanacoustic\\\/\"],\"description\":\"Produttori di Diffusori Acustici e Pannelli Fonoassorbenti Made in Italy\",\"email\":\"garvan@garvanacoustic.com\",\"telephone\":\"0546 682097\"}]}<\/script>\n<!-- \/ Yoast SEO Premium plugin. -->","yoast_head_json":{"title":"Altavoces de audio: descubra los altavoces suspendidos de la l\u00ednea [GOCCIA]","description":"Altavoces suspendidos, he aqu\u00ed la exclusiva colecci\u00f3n [GOCCIA] con un dise\u00f1o \u00fanico en cer\u00e1mica de Faenza. Visite el sitio web para descubrir todos los acabados.","robots":{"index":"index","follow":"follow","max-snippet":"max-snippet:-1","max-image-preview":"max-image-preview:large","max-video-preview":"max-video-preview:-1"},"canonical":"https:\/\/www.garvanacoustic.com\/es\/colecciones\/coleccion-goccia\/","og_locale":"es_ES","og_type":"article","og_title":"Colecci\u00f3n [GOCCIA]","og_description":"Altavoces suspendidos, he aqu\u00ed la exclusiva colecci\u00f3n [GOCCIA] con un dise\u00f1o \u00fanico en cer\u00e1mica de Faenza. Visite el sitio web para descubrir todos los acabados.","og_url":"https:\/\/www.garvanacoustic.com\/es\/colecciones\/coleccion-goccia\/","og_site_name":"Garvan Acoustic","article_publisher":"https:\/\/www.facebook.com\/garvanacoustic","article_modified_time":"2024-01-29T10:33:25+00:00","og_image":[{"width":779,"height":437,"url":"https:\/\/www.garvanacoustic.com\/wp-content\/uploads\/2024\/07\/header-nwsl-garvan-e1759746705872.jpg","type":"image\/jpeg"}],"twitter_card":"summary_large_image","twitter_misc":{"Tiempo de lectura":"3 minutos"},"schema":{"@context":"https:\/\/schema.org","@graph":[{"@type":"WebPage","@id":"https:\/\/www.garvanacoustic.com\/es\/colecciones\/coleccion-goccia\/","url":"https:\/\/www.garvanacoustic.com\/es\/colecciones\/coleccion-goccia\/","name":"Altavoces de audio: descubra los altavoces suspendidos de la l\u00ednea [GOCCIA]","isPartOf":{"@id":"https:\/\/www.garvanacoustic.com\/es\/#website"},"datePublished":"2024-01-24T10:58:00+00:00","dateModified":"2024-01-29T10:33:25+00:00","description":"Altavoces suspendidos, he aqu\u00ed la exclusiva colecci\u00f3n [GOCCIA] con un dise\u00f1o \u00fanico en cer\u00e1mica de Faenza. Visite el sitio web para descubrir todos los acabados.","breadcrumb":{"@id":"https:\/\/www.garvanacoustic.com\/es\/colecciones\/coleccion-goccia\/#breadcrumb"},"inLanguage":"es","potentialAction":[{"@type":"ReadAction","target":["https:\/\/www.garvanacoustic.com\/es\/colecciones\/coleccion-goccia\/"]}]},{"@type":"BreadcrumbList","@id":"https:\/\/www.garvanacoustic.com\/es\/colecciones\/coleccion-goccia\/#breadcrumb","itemListElement":[{"@type":"ListItem","position":1,"name":"Home","item":"https:\/\/www.garvanacoustic.com\/es\/"},{"@type":"ListItem","position":2,"name":"Colecciones","item":"https:\/\/www.garvanacoustic.com\/es\/colecciones\/"},{"@type":"ListItem","position":3,"name":"Colecci\u00f3n [GOCCIA]"}]},{"@type":"WebSite","@id":"https:\/\/www.garvanacoustic.com\/es\/#website","url":"https:\/\/www.garvanacoustic.com\/es\/","name":"Garvan Acoustic","description":"Diffusori e trattamento acustico: scopri la qualit\u00e0 del Made in Italy","publisher":{"@id":"https:\/\/www.garvanacoustic.com\/es\/#organization"},"potentialAction":[{"@type":"SearchAction","target":{"@type":"EntryPoint","urlTemplate":"https:\/\/www.garvanacoustic.com\/es\/?s={search_term_string}"},"query-input":{"@type":"PropertyValueSpecification","valueRequired":true,"valueName":"search_term_string"}}],"inLanguage":"es"},{"@type":"Organization","@id":"https:\/\/www.garvanacoustic.com\/es\/#organization","name":"Garvan Acoustic","url":"https:\/\/www.garvanacoustic.com\/es\/","logo":{"@type":"ImageObject","inLanguage":"es","@id":"https:\/\/www.garvanacoustic.com\/es\/#\/schema\/logo\/image\/","url":"https:\/\/www.garvanacoustic.com\/wp-content\/uploads\/2018\/07\/garvan-acoustic-logo.png","contentUrl":"https:\/\/www.garvanacoustic.com\/wp-content\/uploads\/2018\/07\/garvan-acoustic-logo.png","width":400,"height":161,"caption":"Garvan Acoustic"},"image":{"@id":"https:\/\/www.garvanacoustic.com\/es\/#\/schema\/logo\/image\/"},"sameAs":["https:\/\/www.facebook.com\/garvanacoustic","https:\/\/www.instagram.com\/garvanacoustic\/"],"description":"Produttori di Diffusori Acustici e Pannelli Fonoassorbenti Made in Italy","email":"garvan@garvanacoustic.com","telephone":"0546 682097"}]}},"_links":{"self":[{"href":"https:\/\/www.garvanacoustic.com\/es\/wp-json\/wp\/v2\/pages\/65361","targetHints":{"allow":["GET"]}}],"collection":[{"href":"https:\/\/www.garvanacoustic.com\/es\/wp-json\/wp\/v2\/pages"}],"about":[{"href":"https:\/\/www.garvanacoustic.com\/es\/wp-json\/wp\/v2\/types\/page"}],"author":[{"embeddable":true,"href":"https:\/\/www.garvanacoustic.com\/es\/wp-json\/wp\/v2\/users\/6"}],"replies":[{"embeddable":true,"href":"https:\/\/www.garvanacoustic.com\/es\/wp-json\/wp\/v2\/comments?post=65361"}],"version-history":[{"count":4,"href":"https:\/\/www.garvanacoustic.com\/es\/wp-json\/wp\/v2\/pages\/65361\/revisions"}],"predecessor-version":[{"id":65621,"href":"https:\/\/www.garvanacoustic.com\/es\/wp-json\/wp\/v2\/pages\/65361\/revisions\/65621"}],"up":[{"embeddable":true,"href":"https:\/\/www.garvanacoustic.com\/es\/wp-json\/wp\/v2\/pages\/65258"}],"wp:attachment":[{"href":"https:\/\/www.garvanacoustic.com\/es\/wp-json\/wp\/v2\/media?parent=65361"}],"curies":[{"name":"wp","href":"https:\/\/api.w.org\/{rel}","templated":true}]}}