{"id":65396,"date":"2024-01-24T12:00:53","date_gmt":"2024-01-24T11:00:53","guid":{"rendered":"https:\/\/www.garvanacoustic.com\/empresa\/quienes-somos\/"},"modified":"2025-08-18T11:09:31","modified_gmt":"2025-08-18T09:09:31","slug":"quienes-somos","status":"publish","type":"page","link":"https:\/\/www.garvanacoustic.com\/es\/empresa\/quienes-somos\/","title":{"rendered":"Qui\u00e9nes somos"},"content":{"rendered":"<p class=\"ai-optimize-6 ai-optimize-introduction\"><section  class=\"bg-image-srcset cover-background\" style=\"background-image: url(https:\/\/www.garvanacoustic.com\/wp-content\/uploads\/2018\/10\/garvan-chi-siamo-header.jpg);\" data-bg-srcset=\"https:\/\/www.garvanacoustic.com\/wp-content\/uploads\/2018\/10\/garvan-chi-siamo-header.jpg 1920w, https:\/\/www.garvanacoustic.com\/wp-content\/uploads\/2018\/10\/garvan-chi-siamo-header-300x128.jpg 300w, https:\/\/www.garvanacoustic.com\/wp-content\/uploads\/2018\/10\/garvan-chi-siamo-header-768x329.jpg 768w, https:\/\/www.garvanacoustic.com\/wp-content\/uploads\/2018\/10\/garvan-chi-siamo-header-1024x438.jpg 1024w, https:\/\/www.garvanacoustic.com\/wp-content\/uploads\/2018\/10\/garvan-chi-siamo-header-81x35.jpg 81w\"><div class=\"selection-overlay\" style=\"background-color:rgba(48,48,48,0.7);\"><\/div><div class=\"container\"><div class=\"row\"><div class=\"wpb_column hcode-column-container vc_col-sm-8 vc_col-md-6 col-xs-mobile-fullwidth\" data-front-class=\"col-xs-mobile-fullwidth\"><div class=\"vc-column-innner-wrapper\"><div class=\"white-text slider-subtitle1 bg-inherit no-margin text-left no-padding\"  style=\"color:#ffffff !important\">Design. Create. Innovate.<\/div><\/div><\/div><\/div><\/div><\/section><section class=\" vc_custom_1539681349995\"><div class=\"container\"><div class=\"row\"><div class=\"wpb_column hcode-column-container sm-text-center vc_col-sm-12 vc_col-md-7 col-xs-mobile-fullwidth\" data-front-class=\"sm-text-center col-xs-mobile-fullwidth\"><div class=\"vc-column-innner-wrapper\"><img decoding=\"async\" width=\"600\" height=\"500\" src=\"https:\/\/www.garvanacoustic.com\/wp-content\/uploads\/2018\/10\/garvan-chi-siamo.jpg\" class=\"\" alt=\"\" srcset=\"https:\/\/www.garvanacoustic.com\/wp-content\/uploads\/2018\/10\/garvan-chi-siamo.jpg 600w, https:\/\/www.garvanacoustic.com\/wp-content\/uploads\/2018\/10\/garvan-chi-siamo-300x250.jpg 300w, https:\/\/www.garvanacoustic.com\/wp-content\/uploads\/2018\/10\/garvan-chi-siamo-81x68.jpg 81w\" sizes=\"(max-width: 600px) 100vw, 600px\" \/><\/div><\/div><div class=\"wpb_column hcode-column-container sm-text-center vc_col-sm-12 vc_col-md-5 col-xs-mobile-fullwidth\" data-front-class=\"sm-text-center col-xs-mobile-fullwidth\"><div class=\"vc-column-innner-wrapper\"><h1 class=\"section-title no-padding margin-five text-transform-none black-text\" style=\"font-weight:700;\">Fabricantes de altavoces y paneles fonoabsorbentes<\/h1><div class=\"title-small font-weight-300\"><p>Garvan ofrece la mejor experiencia auditiva a trav\u00e9s de altavoces arquitect\u00f3nicos que se integran perfectamente en el entorno. Con soluciones de dise\u00f1o u ocultas, con infinidad de materiales, colores y personalizaci\u00f3n. Nuestro objetivo es ser un veh\u00edculo para el cambio. Estamos donde la f\u00edsica ac\u00fastica y la ciencia de los materiales se encuentran con la belleza, el pensamiento art\u00edstico y la excelencia del Made in Italy.<\/p>\n<\/div><\/div><\/div><div class=\"wpb_column hcode-column-container sm-text-center xs-text-center vc_col-sm-12 col-xs-mobile-fullwidth\" data-front-class=\"sm-text-center xs-text-center col-xs-mobile-fullwidth\"><div class=\"vc-column-innner-wrapper\">[vc_empty_space]<div class=\"title-small font-weight-300\"><p>Existimos para poner nuestra concreci\u00f3n y nuestros conocimientos al servicio de la creatividad. Ayudamos a que los proyectos se materialicen y traigan armon\u00eda a la vida de las personas. Al fin y al cabo, existimos para mejorar el mundo que nos rodea.<\/p>\n<p class=\"ai-optimize-7\"><em>La empresa ha recibido beneficios en virtud de los reg\u00edmenes de ayudas estatales y de minimis para los que existe la obligaci\u00f3n de publicar en el Registro Nacional de Ayudas Estatales en virtud del Art. 52 de la Ley 234\/2012.<\/em><\/p>\n<\/div><\/div><\/div><\/div><\/div><\/section><section class=\"padding-three-tb\"><div class=\"container\"><div class=\"row\"><div class=\"wpb_column hcode-column-container vc_col-sm-6 col-xs-mobile-fullwidth\" data-front-class=\"col-xs-mobile-fullwidth\"><div class=\"vc-column-innner-wrapper\"><h1 class=\"section-title no-padding margin-five text-transform-none black-text\" style=\"font-weight:700;\">Nuestra historia<\/h1><\/div><\/div><div class=\"wpb_column hcode-column-container vc_col-sm-6 col-xs-mobile-fullwidth\" data-front-class=\"col-xs-mobile-fullwidth\"><div class=\"vc-column-innner-wrapper\">[vc_single_image image=\"76487\" img_size=\"medium\"]<\/div><\/div><div class=\"wpb_column hcode-column-container vc_col-sm-12 col-xs-mobile-fullwidth\" data-front-class=\"col-xs-mobile-fullwidth\"><div class=\"vc-column-innner-wrapper\"><p><strong>2005<\/strong><strong><br \/>\nRoberto Gaudenzi y Andrea Martelli fundan Garvan Acoustic | <\/strong>Ese mismo a\u00f1o se present\u00f3 la primera colecci\u00f3n de altavoces de dise\u00f1o interior con acabados nobles como el cuero, el acero inoxidable y las maderas nobles. La Gota en su primera versi\u00f3n ya forma parte del primer cat\u00e1logo. Desde el principio se introdujo el concepto de \"mueble ac\u00fastico\", un t\u00e9rmino que se sigue utilizando hoy en d\u00eda y que indica una mezcla de artesan\u00eda, fabricaci\u00f3n en Italia e innovaci\u00f3n constante, que caracteriza a cada uno de nuestros productos. La colaboraci\u00f3n con Samuele Brunetti es una ayuda inestimable en la organizaci\u00f3n interna y para empezar a comercializar productos.<\/p>\n<p class=\"ai-optimize-8\"><strong>2006<br \/>\nGarvan Acoustic innova con el cable de pared | <\/strong>A partir de una idea del estudio de arquitectura Bartoletti e Cicognani, con sede en Faenza, tras casi un a\u00f1o de investigaci\u00f3n y desarrollo se fabrica el primer altavoz empotrable del mundo. Est\u00e1 incluida en la actualizaci\u00f3n de 2006 del Cat\u00e1logo General Garvan.<\/p>\n<p class=\"ai-optimize-9\"><strong>2007<br \/>\nFuori Salone Milan | <\/strong>Por primera vez, Garvan expuso su colecci\u00f3n en el Fuorisalone de Mil\u00e1n, despertando un gran inter\u00e9s.<\/p>\n<p class=\"ai-optimize-10\"><strong>2008<br \/>\nAD Architectural Digest \/ After Show | <\/strong>El altavoz ac\u00fastico en forma de pir\u00e1mide SPE420 revestido de cuero aut\u00e9ntico aparece en una prestigiosa rese\u00f1a de instalaci\u00f3n de la revista AD Architectural Digest.<br \/>\nGarvan Acoustic proporciona sonido en los after shows m\u00e1s exclusivos para: Zucchero Fornaciari, Vasco Rossi, Luciano Ligabue organizados por Free Event.<\/p>\n<p class=\"ai-optimize-11\"><strong>2009<br \/>\nDifusor Goccia de cer\u00e1mica de Faenza | <\/strong>El difusor Goccia se redise\u00f1a en una nueva versi\u00f3n que incluye el uso de cer\u00e1mica de Faenza para crear la carcasa y un nuevo altavoz. La nueva Goccia ofrece la posibilidad de crear verdaderos objetos de arte, gracias a sus colores pastel, oro, cobre y platino, creados por la experiencia de Roberto Gatti.<\/p>\n<p class=\"ai-optimize-12\"><strong>2010<br \/>\nNueva colaboraci\u00f3n: Jacuzzi\u00ae y After Show | <\/strong>Comienza la colaboraci\u00f3n con Jacuzzi\u00ae y Garvan Acoustic instala su prestigioso espacio en la feria internacional Cersaie de Bolonia.<br \/>\nGarvan proporciona sonido en los after shows m\u00e1s exclusivos para: Black Eyed Peas, Muse, Luciano Ligabue organizados por Free Event.<\/p>\n<p class=\"ai-optimize-13\"><strong>2011<br \/>\nEfecto COR-TEN\u00ae \/ Premio al mejor dise\u00f1o | <\/strong>Garvan Acoustic es uno de los primeros, si no el primero, fabricante de altavoces en utilizar el efecto COR-TEN\u00ae para sus acabados; un tratamiento especial con un tacto texturizado y un color bru\u00f1ido que permanece inalterable con el paso del tiempo. El altavoz de exterior Garvan SA113 gana el premio \"Top Design\" en el Top Audio Video Show de Mil\u00e1n.<\/p>\n<p class=\"ai-optimize-14\"><strong>2012<br \/>\nIBM \/ Museo del Deporte de Tur\u00edn \/ MSC Crociere \/ Premio Toda una Vida a Ennio Morricone | <\/strong>Para la sede de IBM en Roma se utiliz\u00f3 la mejor tecnolog\u00eda audiovisual de vanguardia, y se eligieron los altavoces retr\u00e1ctiles Garvan no s\u00f3lo por su alta calidad de sonido, sino tambi\u00e9n por su notable valor est\u00e9tico.<br \/>\nLos altavoces empotrables Garvan Acoustic dan voz a las obras del Museo del Deporte de Tur\u00edn, el primer espacio de exposici\u00f3n permanente de Italia dedicado a recuerdos deportivos y el \u00fanico museo de Italia alojado en el interior de un estadio, el Estadio Ol\u00edmpico de Tur\u00edn.<br \/>\nGarvan Acoustic produce una serie de altavoces personalizados para el nuevo crucero MSC Divina 'bautizado' por Sophia Loren. Las obras se realizaron en colaboraci\u00f3n con el arquitecto Luca Mori, del estudio de arquitectura De Jorio.<br \/>\nGarvan ha tenido el privilegio de ser socio t\u00e9cnico de Soundtrack Stars, el Lifetime Achievement Award otorgado al Maestro Ennio Morricone con ocasi\u00f3n de la edici\u00f3n 2012 del Memorial \"Luciano's Friend The Talent Goes On\", preparando el lugar de la ceremonia de entrega del premio con \"Goccia\", el altavoz de cer\u00e1mica de Faenza.<\/p>\n<p class=\"ai-optimize-15\"><strong>2013<br \/>\nLanzamiento de nuevos altavoces<\/strong>de 360\u00b0 para exteriores <strong>mejorados con Corian\u00ae \/ MSC Crociere \/ 70\u00ba Festival Internacional de Cine de Venecia - Venecia | <\/strong>Entre los primeros, si no el primer fabricante de altavoces en utilizar el material Corian\u00ae para su nueva colecci\u00f3n de altavoces de 360\u00b0 para exteriores.<br \/>\nGarvan produce una serie de altavoces ac\u00fasticos especialmente creados para el nuevo crucero MSC Preziosa, botado por Sophia Loren. Las obras se realizaron en colaboraci\u00f3n con el arquitecto Luca Mori, del estudio de arquitectura De Jorio.<br \/>\nGarvan fue elegido colaborador t\u00e9cnico en el premio \"Soundtrack Stars\" a la mejor banda sonora de las pel\u00edculas a concurso en el \"70\u00ba Festival Internacional de Cine de Venecia\" 28 de agosto &gt; 7 de septiembre de 2013 Venecia.<\/p>\n<p class=\"ai-optimize-16\"><strong>2014<br \/>\nLanzamiento de SA210 y tecnolog\u00eda G-Bass\u2122 \/ Premio 'Protagonistas del Desarrollo' \/ Jacuzzi\u00ae. | <\/strong>Presentamos el nuevo altavoz para exteriores SA210 con la tecnolog\u00eda G.Bass\u2122 de Garvan: el uso de un transductor de doble l\u00ednea de transmisi\u00f3n para una respuesta \u00f3ptima en bajas frecuencias que no requiere el uso de subwoofers adicionales.<br \/>\nGarvan Acoustic es reconocida como una de las empresas destacadas de la provincia de R\u00e1vena distinguida por su crecimiento econ\u00f3mico, empleo, innovaci\u00f3n y calidad.<br \/>\nDel 8 al 13 de abril, el Sal\u00f3n del Mueble vuelve a Mil\u00e1n, donde Garvan Acoustic colaborar\u00e1 con Jacuzzi\u00ae, marca l\u00edder en el sector del spa y el ba\u00f1o.<\/p>\n<p class=\"ai-optimize-17\"><strong>2015<br \/>\nGresini Racing \/ Mostra Internazionale d'Arte Cinematografica | <\/strong>Aprilia Racing Team Gresini, el equipo italiano que compite en el Campeonato del Mundo de MotoGP, ha elegido los exclusivos altavoces Goccia de Garvan Acoustic para garantizar la mejor difusi\u00f3n sonora posible dentro de su zona de hospitalidad, el \"hogar\" del equipo y sus invitados durante el fin de semana del Gran Premio.<br \/>\nGarvan fue elegido socio t\u00e9cnico oficial para el premio \"Soundtrack Stars\" a la mejor banda sonora de las pel\u00edculas a concurso en el \"72\u00ba Festival Internacional de Cine de Venecia\" 2 &gt; 12 de septiembre de 2015 Venecia.<\/p>\n<p class=\"ai-optimize-18\"><strong>2016<br \/>\nPar\u00eds inaugura la 'Avenida de las canciones' \/ Aldo Drudi D-Performance \/ Mostra Internazionale d'Arte Cinematografica | <\/strong>El jueves 26 de mayo de 2016 en la Rue de Grenelle de Par\u00eds, en presencia de un numeroso p\u00fablico y de la embajadora de Italia ante la UNESCO, Vincenza Lomonaco, se present\u00f3 la obra multimedia Viale dei Canti. El mural de grafitos se alza junto al Instituto Italiano de Cultura, reflejando la fusi\u00f3n de las artes y el ingenio madeinitaly. Igual de italiano es el \"secreto musical\" que da vida a la instalaci\u00f3n art\u00edstica: seis altavoces invisibles proporcionados por Garvan e integrados en la pared difunden el surco sonoro del Viale dei Canti, creado por el compositor de fama internacional Stefano Gervasoni.<br \/>\nSocio en el proyecto Burasca creado por el dise\u00f1ador roma\u00f1olo Aldo Drudi, famoso por los gr\u00e1ficos de los cascos de muchos campeones de las dos ruedas, en primer lugar Valentino Rossi.<br \/>\nGarvan fue elegido socio t\u00e9cnico oficial del premio \"Soundtrack Stars\" a la mejor banda sonora de las pel\u00edculas a concurso en el \"73\u00ba Festival Internacional de Cine de Venecia\" 31 de agosto &gt; 10 de septiembre de 2016 Venecia.<\/p>\n<p class=\"ai-optimize-19\"><strong>2017<br \/>\nLanzamiento de los nuevos subwoofers empotrables en pared con tecnolog\u00eda G-Bass\u2122 | <\/strong>Presentados en la feria ISE de \u00c1msterdam, la nueva e innovadora serie WIR, subwoofers empotrables con transmisi\u00f3n G-Bass\u2122 que mejora el rendimiento respecto a una configuraci\u00f3n m\u00e1s tradicional con un impacto est\u00e9tico mucho menor.<\/p>\n<p class=\"ai-optimize-20\"><strong>2018<br \/>\nLaura Pausini agradece a Garvan Acoustic en su nuevo \u00e1lbum'Fatti Sentire' | <\/strong>El socio t\u00e9cnico de Garvan Acoustic, ORS Studios, recibe los agradecimientos en el nuevo \u00e1lbum de Laura Pausini, 'Fatti Sentire'. El \u00e1lbum se grab\u00f3 en parte en los estudios ORS, donde hay un sistema de sonido con altavoces Garvan Acoustic.<\/p>\n<p class=\"ai-optimize-21\"><strong>2018<br \/>\nGarvan en el Misano World Circuit Marco Simoncelli | <\/strong>Del 20 al 22 de julio, en el Misano World Circuit Marco Simoncelli 18 altavoces de pared y subwoofers Garvan Acoustic interpretaron fiel y aut\u00e9nticamente la poderosa melod\u00eda del motor Desmosedici Stradale de 4 cilindros de la nueva Ducati Panigale V4. En Eicma 2018, Ducati conf\u00eda en Garvan Acoustic para ofrecer a los visitantes la experiencia del puro sonido italiano.Dos altavoces SA225 reprodujeron fiel y aut\u00e9nticamente la poderosa melod\u00eda de la Ducati Panigale V4.<\/p>\n<p class=\"ai-optimize-22\"><strong>2019<br \/>\nAltavoces de gota en el cine<\/strong><strong> | <\/strong>Nuestros altavoces para exteriores SA210 aparecieron en la pel\u00edcula \"The Champion\" y en las series de televisi\u00f3n \"Set Up Girl\" y \"SOS Surgery\".<\/p>\n<p class=\"ai-optimize-23\" data-pm-slice=\"1 1 &#091;&#093;\"><strong>2020<br \/>\nEn la feria Design Shanghai<\/strong> | En la feria Design Shanghai (3 - 6 de junio de 2021), los altavoces Goccia sonorizan el prestigioso showroom de Roche Bobois. Instalaci\u00f3n realizada por nuestro distribuidor chino Sentimenthifi.<\/p>\n<p class=\"ai-optimize-24\"><strong>2021<br \/>\nLos altavoces Garvan se convierten en estrellas de la televisi\u00f3n<\/strong> | Los altavoces Goccia regresan a la televisi\u00f3n con las series \"Ritocc\u00e0ti!\" y \"Il Re del Bisturi\".<br \/>\n<strong>Nuevos productos en el cat\u00e1logo de Garvan<\/strong> | Se presentan los siguientes productos: Soundbars, microaltavoces y cuatro altavoces empotrables de 11 cm. Se introduce el nuevo altavoz de exterior SN120 con un rendimiento de referencia en el mercado.<\/p>\n<p class=\"ai-optimize-25\"><strong>2022<br \/>\nNuestros altavoces zarpan<\/strong> | Ferretti Yachts elige Garvan Acoustic como sistema de audio est\u00e1ndar para sus lujosos yates.<br \/>\n<strong>Garvan en Amazon Prime Video<\/strong> | Participamos en un nuevo formato dedicado a la excelencia italiana. Las c\u00e1maras de \"Italians Do It Better\" visitaron nuestra empresa para contar nuestra historia.<br \/>\n<strong>La Goccia en Misano<\/strong> | La Goccia, dise\u00f1ada por Drudi Performance con la gr\u00e1fica del GP de San Marino y la Riviera de R\u00edmini, se presenta en el circuito de Misano durante la conferencia FMI en el MotoGP.<br \/>\n<strong>Colaboraci\u00f3n con Gresini Racing<\/strong> | La colaboraci\u00f3n con Gresini Racing contin\u00faa. El piloto Enea Bastianini gana varias carreras en MotoGP.<br \/>\n<strong>Nuevos productos para home cinema<\/strong> | Introducci\u00f3n de nuevos altavoces ac\u00fasticos con canal central dividido para uso en home cinema y soundbars personalizadas de hasta 3 metros de largo.<\/p>\n<p class=\"ai-optimize-26\"><strong>2023<br \/>\nNace Audio Pista | <\/strong>En colaboraci\u00f3n con el circuito de Imola, nace el proyecto <em>Audio Pista<\/em>, que narra historias sonoras del mundo del automovilismo. La colaboraci\u00f3n con Gresini Racing contin\u00faa.<br \/>\n<strong>La Goccia como protagonista<\/strong> | El altavoz Goccia enriquece el set de la serie de televisi\u00f3n \"Il Patriarca\" disponible en Mediaset Infinity, as\u00ed como la nueva pel\u00edcula \"Una Commedia Pericolosa\" con Enrico Brignano.<br \/>\n<strong>Garvan Art\u2122<\/strong> | Nuevo proyecto <em>Garvan Art\u2122<\/em>, la primera colecci\u00f3n numerada de obras de arte fonoabsorbentes de Garvan Acoustic\u00ae, creada por la artista Maria Savini. Cada pieza combina excelencia ac\u00fastica y valor art\u00edstico, transformando el sonido en forma visual en paneles ac\u00fasticos con acabados exclusivos.<br \/>\n<strong>La Goccia sonoriza Misano<\/strong> | Los altavoces Goccia proporcionan sonido a la sala de reuniones del circuito de Misano, que alberga algunos de los eventos automovil\u00edsticos m\u00e1s importantes: MotoGP, Superbike y DTM.<br \/>\n<strong>Altavoces de exterior en hormig\u00f3n<\/strong> | Presentaci\u00f3n del nuevo altavoz de exterior Garvan SN120EA en hormig\u00f3n.<\/p>\n<p class=\"ai-optimize-27\"><strong>2024<br \/>\nNuevas soundbars y altavoces de exterior m\u00e1s potentes<\/strong> | Introducci\u00f3n de 12 soundbars personalizadas, divididas en 6 modelos empotrables y 6 on-wall, junto con una gama de altavoces de exterior con sonido de 360\u00b0, modelos SN220 y WN220. <strong>Nuevo artista para Garvan Art\u2122<\/strong> | <em>Garvan Art\u2122<\/em> se ampl\u00eda con obras de arte realizadas por el Maestro de Arte Adriano Venturelli en panel <em>SURFACE\u2122<\/em> con acabado <em>Materica WALL\u2122<\/em>. Cada obra contar\u00e1 con un certificado de autenticidad y propiedad emitido por la galer\u00eda de arte Anima&amp;Colors de M\u00f3dena, firmado por el Maestro de Arte Adriano Venturelli.<br \/>\n<strong>Colaboraciones en el automovilismo<\/strong> | Contin\u00faa la colaboraci\u00f3n con Gresini Racing. En asociaci\u00f3n con Ducati para el <em>WDW<\/em>, hemos creado una experiencia sonora que reproduce fielmente los magn\u00edficos sonidos de las motos Ducati.<\/p>\n<\/div><\/div><\/div><\/div><\/section><section style=\"background-color:#000000;\"><div class=\"container\"><div class=\"row\"><div class=\"wpb_column hcode-column-container vc_col-sm-12 col-xs-mobile-fullwidth\" data-front-class=\"col-xs-mobile-fullwidth\"><div class=\"vc-column-innner-wrapper\">[vc_video link=\"https:\/\/www.youtube.com\/embed\/_lpsMpqrpW0\" align=\"center\"]<\/div><\/div><\/div><\/div><\/section><section><div class=\"container\"><div class=\"row\"><div class=\"wpb_column hcode-column-container vc_col-sm-2 vc_col-lg-3 vc_col-md-2 vc_hidden-xs col-xs-mobile-fullwidth\" data-front-class=\"col-xs-mobile-fullwidth\"><div class=\"vc-column-innner-wrapper\"><\/div><\/div><div class=\"wpb_column hcode-column-container text-center vc_col-sm-8 vc_col-lg-6 vc_col-md-8 vc_col-xs-12\" data-front-class=\"text-center\"><div class=\"vc-column-innner-wrapper\"><h2 class=\"section-title no-padding margin-bottom-40px xs-margin-bottom-20px\">Suscr\u00edbase a nuestro bolet\u00edn<\/h2>\n<div class=\"wpcf7 no-js\" id=\"wpcf7-f22274-o1\" lang=\"it-IT\" dir=\"ltr\" data-wpcf7-id=\"22274\">\n<div class=\"screen-reader-response\"><p role=\"status\" aria-live=\"polite\" aria-atomic=\"true\"><\/p> <ul><\/ul><\/div>\n<form action=\"\/es\/wp-json\/wp\/v2\/pages\/65396#wpcf7-f22274-o1\" method=\"post\" class=\"wpcf7-form init cf7mls-no-scroll cf7mls-auto-return-first-step cf7mls-no-moving-animation\" aria-label=\"Modulo di contatto\" novalidate=\"novalidate\" data-status=\"init\">\n<fieldset class=\"hidden-fields-container\"><input type=\"hidden\" name=\"_wpcf7\" value=\"22274\" \/><input type=\"hidden\" name=\"_wpcf7_version\" value=\"6.1.5\" \/><input type=\"hidden\" name=\"_wpcf7_locale\" value=\"it_IT\" \/><input type=\"hidden\" name=\"_wpcf7_unit_tag\" value=\"wpcf7-f22274-o1\" \/><input type=\"hidden\" name=\"_wpcf7_container_post\" value=\"0\" \/><input type=\"hidden\" name=\"_wpcf7_posted_data_hash\" value=\"\" \/><input type=\"hidden\" name=\"_wpcf7_recaptcha_response\" value=\"\" \/>\n<\/fieldset>\n<div class=\"input-group\">\n\t<p><span class=\"wpcf7-form-control-wrap\" data-name=\"your-name\"><input size=\"40\" maxlength=\"400\" class=\"wpcf7-form-control wpcf7-text wpcf7-validates-as-required\" aria-required=\"true\" aria-invalid=\"false\" placeholder=\"Nome e Cognome\" value=\"\" type=\"text\" name=\"your-name\" \/><\/span><br \/>\n<span class=\"wpcf7-form-control-wrap\" data-name=\"your-company\"><input size=\"40\" maxlength=\"400\" class=\"wpcf7-form-control wpcf7-text\" aria-invalid=\"false\" placeholder=\"Azienda (facoltativo)\" value=\"\" type=\"text\" name=\"your-company\" \/><\/span><br \/>\n<span class=\"wpcf7-form-control-wrap\" data-name=\"your-email\"><input size=\"40\" maxlength=\"400\" class=\"wpcf7-form-control wpcf7-email wpcf7-validates-as-required wpcf7-text wpcf7-validates-as-email\" aria-required=\"true\" aria-invalid=\"false\" placeholder=\"Email\" value=\"\" type=\"email\" name=\"your-email\" \/><\/span>\n\t<\/p>\n<\/div>\n<div class=\"checkbox\">\n\t<p><span class=\"wpcf7-form-control-wrap\" data-name=\"privacy\"><span class=\"wpcf7-form-control wpcf7-acceptance\"><span class=\"wpcf7-list-item\"><label><input type=\"checkbox\" name=\"privacy\" value=\"1\" checked=\"checked\" aria-invalid=\"false\" \/><span class=\"wpcf7-list-item-label\">Con l\u2019invio della richiesta, autorizzo, ai sensi della <a href=\"https:\/\/www.garvanacoustic.com\/privacy-policy\/\" target=\"_blank\" rel=\"noopener\">legge sulla tutela delle privacy (2003\/196)<\/a>, Garvan ad utilizzare la mia e-mail per fini pubblicitari e\/o di marketing. Garvan Acoustic utilizzer\u00e0 i tuoi dati esclusivamente per questo scopo e non li inoltrer\u00e0 a terze parti.<\/span><\/label><\/span><\/span><\/span>\n\t<\/p>\n<\/div>\n<p><input class=\"wpcf7-form-control wpcf7-submit has-spinner\" type=\"submit\" value=\"ISCRIVITI\" \/>\n<\/p><div class=\"wpcf7-response-output\" aria-hidden=\"true\"><\/div>\n<\/form>\n<\/div>\n\n<\/div><\/div><div class=\"wpb_column hcode-column-container vc_col-sm-2 vc_col-lg-3 vc_col-md-2 vc_hidden-xs col-xs-mobile-fullwidth\" data-front-class=\"col-xs-mobile-fullwidth\"><div class=\"vc-column-innner-wrapper\"><\/div><\/div><\/div><\/div><\/section>","protected":false},"excerpt":{"rendered":"<p>Design. Create. Innovate.Fabricantes de altavoces y paneles fonoabsorbentesGarvan ofrece la mejor experiencia auditiva a trav\u00e9s de altavoces arquitect\u00f3nicos que se integran perfectamente en el entorno. Con soluciones de dise\u00f1o u ocultas, con infinidad de materiales, colores y personalizaci\u00f3n. Nuestro objetivo es ser un veh\u00edculo para el cambio. Estamos donde la f\u00edsica ac\u00fastica y la ciencia [&hellip;]<\/p>\n","protected":false},"author":6,"featured_media":0,"parent":65327,"menu_order":0,"comment_status":"closed","ping_status":"closed","template":"","meta":{"_joinchat":[],"footnotes":""},"class_list":["post-65396","page","type-page","status-publish","hentry"],"yoast_head":"<!-- This site is optimized with the Yoast SEO Premium plugin v27.4 (Yoast SEO v27.4) - https:\/\/yoast.com\/product\/yoast-seo-premium-wordpress\/ -->\n<title>Altavoces de audio para cada soluci\u00f3n: descubra Garvan Acoustic<\/title>\n<meta name=\"description\" content=\"Desde 2005, la empresa Garvan emplea las tecnolog\u00edas m\u00e1s avanzadas en la producci\u00f3n de altavoces de audio. Llame al 0546 682097 para obtener m\u00e1s informaci\u00f3n.\" \/>\n<meta name=\"robots\" content=\"index, follow, max-snippet:-1, max-image-preview:large, max-video-preview:-1\" \/>\n<link rel=\"canonical\" href=\"https:\/\/www.garvanacoustic.com\/es\/empresa\/quienes-somos\/\" \/>\n<meta property=\"og:locale\" content=\"es_ES\" \/>\n<meta property=\"og:type\" content=\"article\" \/>\n<meta property=\"og:title\" content=\"Qui\u00e9nes somos\" \/>\n<meta property=\"og:description\" content=\"Desde 2005, la empresa Garvan emplea las tecnolog\u00edas m\u00e1s avanzadas en la producci\u00f3n de altavoces de audio. Llame al 0546 682097 para obtener m\u00e1s informaci\u00f3n.\" \/>\n<meta property=\"og:url\" content=\"https:\/\/www.garvanacoustic.com\/es\/empresa\/quienes-somos\/\" \/>\n<meta property=\"og:site_name\" content=\"Garvan Acoustic\" \/>\n<meta property=\"article:publisher\" content=\"https:\/\/www.facebook.com\/garvanacoustic\" \/>\n<meta property=\"article:modified_time\" content=\"2025-08-18T09:09:31+00:00\" \/>\n<meta property=\"og:image\" content=\"https:\/\/www.garvanacoustic.com\/wp-content\/uploads\/2024\/07\/header-nwsl-garvan-e1759746705872.jpg\" \/>\n\t<meta property=\"og:image:width\" content=\"779\" \/>\n\t<meta property=\"og:image:height\" content=\"437\" \/>\n\t<meta property=\"og:image:type\" content=\"image\/jpeg\" \/>\n<meta name=\"twitter:card\" content=\"summary_large_image\" \/>\n<meta name=\"twitter:label1\" content=\"Tiempo de lectura\" \/>\n\t<meta name=\"twitter:data1\" content=\"12 minutos\" \/>\n<script type=\"application\/ld+json\" class=\"yoast-schema-graph\">{\"@context\":\"https:\\\/\\\/schema.org\",\"@graph\":[{\"@type\":\"WebPage\",\"@id\":\"https:\\\/\\\/www.garvanacoustic.com\\\/es\\\/empresa\\\/quienes-somos\\\/\",\"url\":\"https:\\\/\\\/www.garvanacoustic.com\\\/es\\\/empresa\\\/quienes-somos\\\/\",\"name\":\"Altavoces de audio para cada soluci\u00f3n: descubra Garvan Acoustic\",\"isPartOf\":{\"@id\":\"https:\\\/\\\/www.garvanacoustic.com\\\/es\\\/#website\"},\"datePublished\":\"2024-01-24T11:00:53+00:00\",\"dateModified\":\"2025-08-18T09:09:31+00:00\",\"description\":\"Desde 2005, la empresa Garvan emplea las tecnolog\u00edas m\u00e1s avanzadas en la producci\u00f3n de altavoces de audio. Llame al 0546 682097 para obtener m\u00e1s informaci\u00f3n.\",\"breadcrumb\":{\"@id\":\"https:\\\/\\\/www.garvanacoustic.com\\\/es\\\/empresa\\\/quienes-somos\\\/#breadcrumb\"},\"inLanguage\":\"es\",\"potentialAction\":[{\"@type\":\"ReadAction\",\"target\":[\"https:\\\/\\\/www.garvanacoustic.com\\\/es\\\/empresa\\\/quienes-somos\\\/\"]}]},{\"@type\":\"BreadcrumbList\",\"@id\":\"https:\\\/\\\/www.garvanacoustic.com\\\/es\\\/empresa\\\/quienes-somos\\\/#breadcrumb\",\"itemListElement\":[{\"@type\":\"ListItem\",\"position\":1,\"name\":\"Home\",\"item\":\"https:\\\/\\\/www.garvanacoustic.com\\\/es\\\/\"},{\"@type\":\"ListItem\",\"position\":2,\"name\":\"Empresa\",\"item\":\"https:\\\/\\\/www.garvanacoustic.com\\\/es\\\/empresa\\\/\"},{\"@type\":\"ListItem\",\"position\":3,\"name\":\"Qui\u00e9nes somos\"}]},{\"@type\":\"WebSite\",\"@id\":\"https:\\\/\\\/www.garvanacoustic.com\\\/es\\\/#website\",\"url\":\"https:\\\/\\\/www.garvanacoustic.com\\\/es\\\/\",\"name\":\"Garvan Acoustic\",\"description\":\"Diffusori e trattamento acustico: scopri la qualit\u00e0 del Made in Italy\",\"publisher\":{\"@id\":\"https:\\\/\\\/www.garvanacoustic.com\\\/es\\\/#organization\"},\"potentialAction\":[{\"@type\":\"SearchAction\",\"target\":{\"@type\":\"EntryPoint\",\"urlTemplate\":\"https:\\\/\\\/www.garvanacoustic.com\\\/es\\\/?s={search_term_string}\"},\"query-input\":{\"@type\":\"PropertyValueSpecification\",\"valueRequired\":true,\"valueName\":\"search_term_string\"}}],\"inLanguage\":\"es\"},{\"@type\":\"Organization\",\"@id\":\"https:\\\/\\\/www.garvanacoustic.com\\\/es\\\/#organization\",\"name\":\"Garvan Acoustic\",\"url\":\"https:\\\/\\\/www.garvanacoustic.com\\\/es\\\/\",\"logo\":{\"@type\":\"ImageObject\",\"inLanguage\":\"es\",\"@id\":\"https:\\\/\\\/www.garvanacoustic.com\\\/es\\\/#\\\/schema\\\/logo\\\/image\\\/\",\"url\":\"https:\\\/\\\/www.garvanacoustic.com\\\/wp-content\\\/uploads\\\/2018\\\/07\\\/garvan-acoustic-logo.png\",\"contentUrl\":\"https:\\\/\\\/www.garvanacoustic.com\\\/wp-content\\\/uploads\\\/2018\\\/07\\\/garvan-acoustic-logo.png\",\"width\":400,\"height\":161,\"caption\":\"Garvan Acoustic\"},\"image\":{\"@id\":\"https:\\\/\\\/www.garvanacoustic.com\\\/es\\\/#\\\/schema\\\/logo\\\/image\\\/\"},\"sameAs\":[\"https:\\\/\\\/www.facebook.com\\\/garvanacoustic\",\"https:\\\/\\\/www.instagram.com\\\/garvanacoustic\\\/\"],\"description\":\"Produttori di Diffusori Acustici e Pannelli Fonoassorbenti Made in Italy\",\"email\":\"garvan@garvanacoustic.com\",\"telephone\":\"0546 682097\"}]}<\/script>\n<!-- \/ Yoast SEO Premium plugin. -->","yoast_head_json":{"title":"Altavoces de audio para cada soluci\u00f3n: descubra Garvan Acoustic","description":"Desde 2005, la empresa Garvan emplea las tecnolog\u00edas m\u00e1s avanzadas en la producci\u00f3n de altavoces de audio. Llame al 0546 682097 para obtener m\u00e1s informaci\u00f3n.","robots":{"index":"index","follow":"follow","max-snippet":"max-snippet:-1","max-image-preview":"max-image-preview:large","max-video-preview":"max-video-preview:-1"},"canonical":"https:\/\/www.garvanacoustic.com\/es\/empresa\/quienes-somos\/","og_locale":"es_ES","og_type":"article","og_title":"Qui\u00e9nes somos","og_description":"Desde 2005, la empresa Garvan emplea las tecnolog\u00edas m\u00e1s avanzadas en la producci\u00f3n de altavoces de audio. Llame al 0546 682097 para obtener m\u00e1s informaci\u00f3n.","og_url":"https:\/\/www.garvanacoustic.com\/es\/empresa\/quienes-somos\/","og_site_name":"Garvan Acoustic","article_publisher":"https:\/\/www.facebook.com\/garvanacoustic","article_modified_time":"2025-08-18T09:09:31+00:00","og_image":[{"width":779,"height":437,"url":"https:\/\/www.garvanacoustic.com\/wp-content\/uploads\/2024\/07\/header-nwsl-garvan-e1759746705872.jpg","type":"image\/jpeg"}],"twitter_card":"summary_large_image","twitter_misc":{"Tiempo de lectura":"12 minutos"},"schema":{"@context":"https:\/\/schema.org","@graph":[{"@type":"WebPage","@id":"https:\/\/www.garvanacoustic.com\/es\/empresa\/quienes-somos\/","url":"https:\/\/www.garvanacoustic.com\/es\/empresa\/quienes-somos\/","name":"Altavoces de audio para cada soluci\u00f3n: descubra Garvan Acoustic","isPartOf":{"@id":"https:\/\/www.garvanacoustic.com\/es\/#website"},"datePublished":"2024-01-24T11:00:53+00:00","dateModified":"2025-08-18T09:09:31+00:00","description":"Desde 2005, la empresa Garvan emplea las tecnolog\u00edas m\u00e1s avanzadas en la producci\u00f3n de altavoces de audio. Llame al 0546 682097 para obtener m\u00e1s informaci\u00f3n.","breadcrumb":{"@id":"https:\/\/www.garvanacoustic.com\/es\/empresa\/quienes-somos\/#breadcrumb"},"inLanguage":"es","potentialAction":[{"@type":"ReadAction","target":["https:\/\/www.garvanacoustic.com\/es\/empresa\/quienes-somos\/"]}]},{"@type":"BreadcrumbList","@id":"https:\/\/www.garvanacoustic.com\/es\/empresa\/quienes-somos\/#breadcrumb","itemListElement":[{"@type":"ListItem","position":1,"name":"Home","item":"https:\/\/www.garvanacoustic.com\/es\/"},{"@type":"ListItem","position":2,"name":"Empresa","item":"https:\/\/www.garvanacoustic.com\/es\/empresa\/"},{"@type":"ListItem","position":3,"name":"Qui\u00e9nes somos"}]},{"@type":"WebSite","@id":"https:\/\/www.garvanacoustic.com\/es\/#website","url":"https:\/\/www.garvanacoustic.com\/es\/","name":"Garvan Acoustic","description":"Diffusori e trattamento acustico: scopri la qualit\u00e0 del Made in Italy","publisher":{"@id":"https:\/\/www.garvanacoustic.com\/es\/#organization"},"potentialAction":[{"@type":"SearchAction","target":{"@type":"EntryPoint","urlTemplate":"https:\/\/www.garvanacoustic.com\/es\/?s={search_term_string}"},"query-input":{"@type":"PropertyValueSpecification","valueRequired":true,"valueName":"search_term_string"}}],"inLanguage":"es"},{"@type":"Organization","@id":"https:\/\/www.garvanacoustic.com\/es\/#organization","name":"Garvan Acoustic","url":"https:\/\/www.garvanacoustic.com\/es\/","logo":{"@type":"ImageObject","inLanguage":"es","@id":"https:\/\/www.garvanacoustic.com\/es\/#\/schema\/logo\/image\/","url":"https:\/\/www.garvanacoustic.com\/wp-content\/uploads\/2018\/07\/garvan-acoustic-logo.png","contentUrl":"https:\/\/www.garvanacoustic.com\/wp-content\/uploads\/2018\/07\/garvan-acoustic-logo.png","width":400,"height":161,"caption":"Garvan Acoustic"},"image":{"@id":"https:\/\/www.garvanacoustic.com\/es\/#\/schema\/logo\/image\/"},"sameAs":["https:\/\/www.facebook.com\/garvanacoustic","https:\/\/www.instagram.com\/garvanacoustic\/"],"description":"Produttori di Diffusori Acustici e Pannelli Fonoassorbenti Made in Italy","email":"garvan@garvanacoustic.com","telephone":"0546 682097"}]}},"_links":{"self":[{"href":"https:\/\/www.garvanacoustic.com\/es\/wp-json\/wp\/v2\/pages\/65396","targetHints":{"allow":["GET"]}}],"collection":[{"href":"https:\/\/www.garvanacoustic.com\/es\/wp-json\/wp\/v2\/pages"}],"about":[{"href":"https:\/\/www.garvanacoustic.com\/es\/wp-json\/wp\/v2\/types\/page"}],"author":[{"embeddable":true,"href":"https:\/\/www.garvanacoustic.com\/es\/wp-json\/wp\/v2\/users\/6"}],"replies":[{"embeddable":true,"href":"https:\/\/www.garvanacoustic.com\/es\/wp-json\/wp\/v2\/comments?post=65396"}],"version-history":[{"count":11,"href":"https:\/\/www.garvanacoustic.com\/es\/wp-json\/wp\/v2\/pages\/65396\/revisions"}],"predecessor-version":[{"id":76496,"href":"https:\/\/www.garvanacoustic.com\/es\/wp-json\/wp\/v2\/pages\/65396\/revisions\/76496"}],"up":[{"embeddable":true,"href":"https:\/\/www.garvanacoustic.com\/es\/wp-json\/wp\/v2\/pages\/65327"}],"wp:attachment":[{"href":"https:\/\/www.garvanacoustic.com\/es\/wp-json\/wp\/v2\/media?parent=65396"}],"curies":[{"name":"wp","href":"https:\/\/api.w.org\/{rel}","templated":true}]}}