{"id":25417,"date":"2019-01-03T17:36:11","date_gmt":"2019-01-03T16:36:11","guid":{"rendered":"https:\/\/www.garvanacoustic.com\/?page_id=25417"},"modified":"2025-08-18T11:07:26","modified_gmt":"2025-08-18T09:07:26","slug":"a-propos-de-nous","status":"publish","type":"page","link":"https:\/\/www.garvanacoustic.com\/fr\/entreprise\/a-propos-de-nous\/","title":{"rendered":"\u00c0 propos de nous"},"content":{"rendered":"<p class=\"ai-optimize-98 ai-optimize-introduction\"><section  class=\"bg-image-srcset cover-background\" style=\"background-image: url(https:\/\/www.garvanacoustic.com\/wp-content\/uploads\/2018\/10\/garvan-chi-siamo-header.jpg);\" data-bg-srcset=\"https:\/\/www.garvanacoustic.com\/wp-content\/uploads\/2018\/10\/garvan-chi-siamo-header.jpg 1920w, https:\/\/www.garvanacoustic.com\/wp-content\/uploads\/2018\/10\/garvan-chi-siamo-header-300x128.jpg 300w, https:\/\/www.garvanacoustic.com\/wp-content\/uploads\/2018\/10\/garvan-chi-siamo-header-768x329.jpg 768w, https:\/\/www.garvanacoustic.com\/wp-content\/uploads\/2018\/10\/garvan-chi-siamo-header-1024x438.jpg 1024w, https:\/\/www.garvanacoustic.com\/wp-content\/uploads\/2018\/10\/garvan-chi-siamo-header-81x35.jpg 81w\"><div class=\"selection-overlay\" style=\"background-color:rgba(48,48,48,0.7);\"><\/div><div class=\"container\"><div class=\"row\"><div class=\"wpb_column hcode-column-container vc_col-sm-8 vc_col-md-6 col-xs-mobile-fullwidth\" data-front-class=\"col-xs-mobile-fullwidth\"><div class=\"vc-column-innner-wrapper\"><div class=\"white-text slider-subtitle1 bg-inherit no-margin text-left no-padding\"  style=\"color:#ffffff !important\">Design. Create. Innovate.<\/div><\/div><\/div><\/div><\/div><\/section><section class=\" vc_custom_1539681349995\"><div class=\"container\"><div class=\"row\"><div class=\"wpb_column hcode-column-container sm-text-center vc_col-sm-12 vc_col-md-7 col-xs-mobile-fullwidth\" data-front-class=\"sm-text-center col-xs-mobile-fullwidth\"><div class=\"vc-column-innner-wrapper\"><img decoding=\"async\" width=\"600\" height=\"500\" src=\"https:\/\/www.garvanacoustic.com\/wp-content\/uploads\/2018\/10\/garvan-chi-siamo.jpg\" class=\"\" alt=\"\" srcset=\"https:\/\/www.garvanacoustic.com\/wp-content\/uploads\/2018\/10\/garvan-chi-siamo.jpg 600w, https:\/\/www.garvanacoustic.com\/wp-content\/uploads\/2018\/10\/garvan-chi-siamo-300x250.jpg 300w, https:\/\/www.garvanacoustic.com\/wp-content\/uploads\/2018\/10\/garvan-chi-siamo-81x68.jpg 81w\" sizes=\"(max-width: 600px) 100vw, 600px\" \/><\/div><\/div><div class=\"wpb_column hcode-column-container sm-text-center vc_col-sm-12 vc_col-md-5 col-xs-mobile-fullwidth\" data-front-class=\"sm-text-center col-xs-mobile-fullwidth\"><div class=\"vc-column-innner-wrapper\"><h1 class=\"section-title no-padding margin-five text-transform-none black-text\" style=\"font-weight:700;\">Fabricants de haut-parleurs et de panneaux insonorisants<\/h1><div class=\"title-small font-weight-300\"><p>Garvan vous propose une exp\u00e9rience d\u2019\u00e9coute de haute qualit\u00e9 gr\u00e2ce aux enceintes architecturales qui s\u2019int\u00e8grent parfaitement dans l\u2019environnement.<\/p>\n<p class=\"ai-optimize-99\">Tout cela, gr\u00e2ce \u00e0 des solutions de design ou \u00e0 des solutions r\u00e9tractables, avec des mat\u00e9riaux, des couleurs et des personnalisations multiples.\u00a0 Notre but est d\u2019\u00eatre un moteur de changement. Nous sommes pr\u00e9sents l\u00e0 o\u00f9 la physique acoustique et la science des mat\u00e9riaux rencontrent la beaut\u00e9, la pens\u00e9e artistique et l\u2019excellence du Made in Italy.<\/p>\n<\/div><\/div><\/div><div class=\"wpb_column hcode-column-container sm-text-center xs-text-center vc_col-sm-12 col-xs-mobile-fullwidth\" data-front-class=\"sm-text-center xs-text-center col-xs-mobile-fullwidth\"><div class=\"vc-column-innner-wrapper\">[vc_empty_space]<div class=\"title-small font-weight-300\"><p>Nous vivons pour mettre notre art du concret et notre savoir-faire au service de la cr\u00e9ativit\u00e9.<br \/>\nNous vous aidons dans la r\u00e9alisations de vos projets, en contribuant ainsi \u00e0 l\u2019harmonie de votre vie.<br \/>\nNous vivons finalement pour rendre meilleur le monde qui nous entoure.<\/p>\n<\/div><\/div><\/div><\/div><\/div><\/section><section class=\"padding-three-tb\"><div class=\"container\"><div class=\"row\"><div class=\"wpb_column hcode-column-container vc_col-sm-6 col-xs-mobile-fullwidth\" data-front-class=\"col-xs-mobile-fullwidth\"><div class=\"vc-column-innner-wrapper\"><h1 class=\"section-title no-padding margin-five text-transform-none black-text\" style=\"font-weight:700;\">Notre histoire<\/h1><\/div><\/div><div class=\"wpb_column hcode-column-container vc_col-sm-6 col-xs-mobile-fullwidth\" data-front-class=\"col-xs-mobile-fullwidth\"><div class=\"vc-column-innner-wrapper\">[vc_single_image image=\"76485\" img_size=\"medium\"]<\/div><\/div><div class=\"wpb_column hcode-column-container vc_col-sm-12 col-xs-mobile-fullwidth\" data-front-class=\"col-xs-mobile-fullwidth\"><div class=\"vc-column-innner-wrapper\"><p><strong>2005<br \/>\nNaissance de Garvan Acoustic | <\/strong>Roberto Gaudenzi et Andrea Martelli donnent naissance \u00e0 Garvan Acoustic. Dans la m\u00eame ann\u00e9e a \u00e9t\u00e9 pr\u00e9sent\u00e9e la premi\u00e8re collection d\u2019enceintes acoustiques architecturales, en utilisant des finitions de valeur comme le cuir, l\u2019acier inoxydable et les bois nobles. Goccia, dans sa premi\u00e8re version, fait d\u00e9j\u00e0 partie du premier catalogue.<br \/>\nD\u00e8s le d\u00e9part on introduit le concept de \u201cHaut-parleurs Architecturaux\u201d, un terme encore utilis\u00e9 aujourd\u2019hui et qui indique un m\u00e9lange de savoir-faire, de Made in Italiy et d\u2019innovation constante, qui caract\u00e9rise chacun de nos produits.<br \/>\nLa collaboration avec Samuele Brunetti est une aide pr\u00e9cieuse pour l'organisation interne et pour commencer la commercialisation des produits.<\/p>\n<p class=\"ai-optimize-100\"><strong>2006<br \/>\nGarvan Acoustic innove avec le coffret acoustique au ras du mur | <\/strong>D\u2019apr\u00e8s une id\u00e9e du cabinet d\u2019architectes Bartoletti et Cicognani de Faenza, apr\u00e8s une ann\u00e9e de recherches et de travail, la premi\u00e8re enceinte encastr\u00e9e murale au monde voit le jour. Elle figure dans la mise \u00e0 jour du catalogue g\u00e9n\u00e9rale de 2006.<\/p>\n<p class=\"ai-optimize-101\"><strong>2007<br \/>\nFuori Salone de Milan | <\/strong>Pour la premi\u00e8re fois Garvan expose sa collection au Fuorisalone de Milan en suscitant un grand int\u00e9r\u00eat.<\/p>\n<p class=\"ai-optimize-102\"><strong>2008<br \/>\nAD Architectural Digest \/ Apr\u00e8s le spectacle | <\/strong>L\u2019enceinte acoustique en forme de pyramide recouverte de cuir v\u00e9ritable SPE420 est publi\u00e9e dans un commentaire concernant une prestigieuse installation sur la revue AD Architectural Digest.<br \/>\nGarvan Acoustic sonorise les environnements les plus exclusifs dans les apr\u00e8s spectacle pour : Zucchero Fornaciari, Vasco Rossi, Luciano Ligabue, organis\u00e9s par Free Event.<\/p>\n<p class=\"ai-optimize-103\"><strong>2009<br \/>\nEnceinte Goccia en c\u00e9ramique de Faenza <\/strong><strong>| <\/strong>L\u2019enceinte Goccia est revisit\u00e9e dans une nouvelle version qui pr\u00e9voit l\u2019emploi de la c\u00e9ramique de Faenza pour la cr\u00e9ation du coffrage et d\u2019un nouveau haut-parleur. La nouvelle Goccia revendique la possibilit\u00e9 de cr\u00e9er, gr\u00e2ce \u00e0 ses couleurs pastel de l\u2019or, du cuivre et du platine, des v\u00e9ritables objets d\u2019art, r\u00e9alis\u00e9s gr\u00e2ce \u00e0 l\u2019exp\u00e9rience de Roberto Gatti.<\/p>\n<p class=\"ai-optimize-104\"><strong>2010<br \/>\nNouveau partenariat : Jacuzzi\u00ae et Apr\u00e8s Spectacle | <\/strong>Ici commence la collaboration avec Jacuzzi\u00ae. Garvan Acoustic s\u2019occupe de la sonorisation de leur prestigieux espace au salon international Cersaie de Bologne.<br \/>\nGarvan sonorise les environnements les plus exclusifs dans les apr\u00e8s spectacles pour : Black Eyed Peas, Muse, Luciano Ligabue, organis\u00e9s par Free Event.<\/p>\n<p class=\"ai-optimize-105\"><strong>2011<br \/>\nEffet COR-TEN\u00ae \/ Meilleur Prix Design | <\/strong>Garvan Acoustic est parmi les premiers, sinon le tout premier, producteurs d\u2019enceintes acoustiques \u00e0 utiliser pour ses finitions l\u2019effet COR-TEN\u00ae : un traitement sp\u00e9cial avec un effet tactile et une couleur brunie qui reste inchang\u00e9e au fil du temps.<br \/>\nL\u2019enceinte d\u2019ext\u00e9rieur Garvan SA113 remporte le prix \"Meilleur Design\" au Top Audio Vid\u00e9o Spectacle de Milan.<\/p>\n<p class=\"ai-optimize-106\"><strong>2012<br \/>\nIBM \/ Mus\u00e9e des sports de Turin \/ MSC Croisi\u00e8res \/ R\u00e9compense pour l\u2019ensemble de la carri\u00e8re \u00e0 Ennio Morricone | <\/strong>Pour la construction du si\u00e8ge IBM \u00e0 Rome les meilleures technologies de pointe ont \u00e9t\u00e9 utilis\u00e9es dans le domaine de l\u2019audio-visuel, et les enceintes encastrables Garvan ont \u00e9t\u00e9 choisies non seulement pour leur haute qualit\u00e9 sonore mais aussi pour leur remarquable valeur esth\u00e9tique.<br \/>\nLes enceintes encastrables Garvan Acoustic donnent nouvelle vie aux \u0153uvres du Mus\u00e9e des sports de Turin, premier espace d\u2019exposition permanente en Italie, d\u00e9di\u00e9 aux souvenirs sportifs et le seul mus\u00e9e en Italie \u00e0 \u00eatre log\u00e9 dans un stade, le Stade Olimpico de Turin.<br \/>\nGarvan Acoustic cr\u00e9e une s\u00e9rie d\u2019enceintes acoustiques personnalis\u00e9es pour le nouveau navire de croisi\u00e8re MSC Divina \"baptis\u00e9\" par Sophia Loren. Le travail a \u00e9t\u00e9 r\u00e9alis\u00e9 en collaboration avec l\u2019Architecte Luca Mori du cabinet d\u2019architectes De Jorio. Garvan a eu le privil\u00e8ge d\u2019\u00eatre le partenaire technique du Soundtrack Stars pour la r\u00e9compense d\u00e9cern\u00e9e au Maestro Ennio Morricone, pour l\u2019ensemble de sa carri\u00e8re, lors du Memorial \u201cLuciano\u2019s Friend The Talent Goes On\u201d \u00e9dition 2012, en pr\u00e9parant l\u2019emplacement de la remise des prix avec \u201cGoccia\u201d, l\u2019enceinte en C\u00e9ramique de Faenza.<\/p>\n<p class=\"ai-optimize-107\"><strong>2013<br \/>\nLancement de nouvelles enceintes d\u2019ext\u00e9rieur 360\u00b0 en Corian\u00ae \/ MSC Croisi\u00e8res \/ 70e Mostra du cin\u00e9ma de Venise | <\/strong>Parmi les premiers, sinon le premier, producteur d\u2019enceintes acoustiques \u00e0 utiliser le Corian\u00ae comme mat\u00e9riau pour la nouvelle collection d\u2019enceintes acoustiques d\u2019ext\u00e9rieur 360\u00b0.<br \/>\nGarvan cr\u00e9e une s\u00e9rie d\u2019enceintes acoustiques sp\u00e9cialement con\u00e7ues pour le nouveau navire de croisi\u00e8re MSC Preziosa, lanc\u00e9 par Sophia Loren. Le travail a \u00e9t\u00e9 r\u00e9alis\u00e9 en collaboration avec l\u2019Architecte Luca Mori du cabinet d\u2019architectes De Jorio.<br \/>\nGarvan a \u00e9t\u00e9 choisi comme partenaire technique du prix \u201cSoundtrack Stars\u201d pour la meilleure bande sonore des films en comp\u00e9tition au \u201c70e Festival International du Film de Venise\u201d du 28 ao\u00fbt au 7 septembre 2013.<\/p>\n<p class=\"ai-optimize-108\"><strong>2014<br \/>\nLancement SA210 et technologie G-Bass\u2122 \/ Prix \"Protagonistes pour le d\u00e9veloppement\" \/ Jacuzzi\u00ae | <\/strong>Pr\u00e9sentation de la nouvelle enceinte d\u2019ext\u00e9rieur SA210 avec Technologie G.Bass\u2122 issue de la recherche Garvan : emploi d\u2019un double haut-parleur charg\u00e9 de ligne de transmission pour une r\u00e9ponse optimale dans les basses fr\u00e9quences qui ne n\u00e9cessite pas l\u2019utilisation de subwoofers suppl\u00e9mentaires.<br \/>\nGarvan Acoustic est reconnue comme faisant partie des meilleures entreprises de la province de Ravenne, se d\u00e9marquant par la croissance \u00e9conomique, l\u2019offre d\u2019emploi, l\u2019innovation et la qualit\u00e9.<br \/>\nDu 8 au 13 Avril, au Salon du Meuble de Milan, Garvan Acoustic sera le partenaire de Jacuzzi\u00ae, une marque leader dans le domaine du bien-\u00eatre et la baln\u00e9oth\u00e9rapie.<\/p>\n<p class=\"ai-optimize-109\"><strong>2015<br \/>\nGresini Racing \/ Mostra de Venise | <\/strong>L'Aprilia Racing Team Gresini, l\u2019\u00e9quipe italienne engag\u00e9e dans le Championnat du Monde MotoGP, a choisi les enceintes exclusives Goccia de Garvan Acoustic en vue d\u2019assurer la meilleure diffusion du son \u00e0 l\u2019int\u00e9rieur de son espace d\u2019accueil, la \"maison\" de l\u2019\u00e9quipe et de ses h\u00f4tes pendant la fin de semaine du Grand Prix.<br \/>\nGarvan a \u00e9t\u00e9 choisi comme partenaire technique officiel du prix \"Soundtrack Stars\" pour la meilleure bande sonore des films en comp\u00e9tition au \"72e Festival International du Film de Venise\", du 2 au 12 septembre 2015.<\/p>\n<p class=\"ai-optimize-110\"><strong>2016<br \/>\nParis inaugure le \u00ab Viale dei canti \u00bb \/ Aldo Drudi D-Performance \/ Mostra de Venise | <\/strong>Jeudi 26 mai 2016 dans la Rue de Grenelle \u00e0 Paris, en pr\u00e9sence d\u2019un large public et de l\u2019Ambassadeur d\u2019Italie \u00e0 l\u2019UNESCO, Vincenza Lomonaco, a eu lieu l\u2019\u0153uvre multim\u00e9dia Viale dei Canti. La peinture murale de graffiti se trouve \u00e0 c\u00f4t\u00e9 de l\u2019Institut Italien de la Culture, et refl\u00e8te la fusion des arts et du g\u00e9nie Made in Italy. De ce g\u00e9nie rel\u00e8ve aussi le \u00absecret musical\u00bb qui donne vie \u00e0 l\u2019installation artistique : six enceintes acoustiques invisibles mises \u00e0 disposition par Garvan, int\u00e9gr\u00e9es dans le mur, accompagnent le chemin sonore du Viale dei Canti, r\u00e9alis\u00e9 par le compositeur de renomm\u00e9e internationale Stefano Gervasoni.<br \/>\nGarvan est partenaire du projet Burasca, r\u00e9alis\u00e9 par le designer de Romagne Aldo Drudi, c\u00e9l\u00e8bre pour les \u0153uvres graphiques sur les casques de nombreux champions de moto, tout d\u2019abord Valentino Rossi.<br \/>\nGarvan a \u00e9t\u00e9 choisi comme partenaire technique officiel du prix \"Soundtrack Stars\" pour la meilleure bande sonore des films en comp\u00e9tition au \"73e Festival International du Film de Venise\", du 31 ao\u00fbt au 10 septembre 2016.<\/p>\n<p class=\"ai-optimize-111\"><strong>2017<br \/>\nLancement de nouveaux caissons de basses encastr\u00e9s avec technologie G-Bass\u2122 | <\/strong>Pr\u00e9sent\u00e9e au Salon Europ\u00e9en ISE \u00e0 Amsterdam, la nouvelle et innovante s\u00e9rie WIR, caissons de basses encastr\u00e9s au ras du mur et des cloisons en plaques de pl\u00e2tre, avec transmission G-Bass\u2122, am\u00e9liore les performances du mod\u00e8le traditionnel, tout en se fondant dans l\u2019environnement.<\/p>\n<p class=\"ai-optimize-112\"><strong>2018<br \/>\nLaura Pausini remercie Garvan Acoustic dans son nouvel album \"Fatti Sentire\" | <\/strong>Garvan Acoustic est partenaire tecnique de ORS Studios et est mentionn\u00e9 dans le nouvel album \"Fatti Sentire\" de la chanteuse italienne Laura Pausini. L'album a \u00e9t\u00e9 enregistr\u00e9 partiellement chez ORS Studios, qui pr\u00e9sente un syst\u00e8me audio avec les enceintes de Garvan Acoustic.<\/p>\n<p class=\"ai-optimize-113\"><strong>2018<br \/>\nGarvan au Misano World Circuit Marco Simoncelli | <\/strong>Du 20 au 22 juillet dix-huit parmi les haut-parleurs on-wall et subwoofers de Garvan Acoustic ont reproduit fid\u00e8lement le son puissant du moteur \u00e0 4 cylindres Desmosedici Stradale de la nouvelle Ducati Panigale V4, chez le Misano World Circuit Marco Simoncelli.<br \/>\nLors de Eicma 2018, Ducati a fait confiance en Garvan Acoustic pour donner aux visiteurs la possibilit\u00e9 d\u2019entendre un pur Son Italien. Deux haut-parleurs SA225 ont reproduit fid\u00e8lement et authentiquement la puissante m\u00e9lodie de Ducati Panigale V4.<\/p>\n<p class=\"ai-optimize-114\"><strong>2019<br \/>\nLes enceintes Goccia au cin\u00e9ma | <\/strong>Nos haut-parleurs d\u2019ext\u00e9rieur SA210 sont protagonistes dans le film \u00ab Le D\u00e9fi du champion \u00bb et dans les s\u00e9ries \u00ab Set Up Girls \u00bb et \u00ab SOS Chirurgia \u00bb.<\/p>\n<p class=\"ai-optimize-115\"><strong>2020<br \/>\nNouveaux produits du catalogue Garvan | <\/strong>Les produits suivants sont pr\u00e9sent\u00e9s : Barres de son, Micro haut-parleurs et 4 haut-parleurs encastrables mesurant 11 cm.<\/p>\n<p class=\"ai-optimize-116\" data-pm-slice=\"1 1 &#091;&#093;\"><strong>2020<br \/>\n\u00c0 la foire Design Shanghai<\/strong> | \u00c0 la foire Design Shanghai (3 \u2013 6 juin 2021), les enceintes Goccia sonorisent le prestigieux showroom de Roche Bobois. Installation r\u00e9alis\u00e9e par notre distributeur chinois Sentimenthifi.<\/p>\n<p class=\"ai-optimize-117\"><strong>2021<br \/>\nLes enceintes Garvan stars de la t\u00e9l\u00e9vision<\/strong> | Les Goccia reviennent \u00e0 la t\u00e9l\u00e9vision avec les s\u00e9ries TV \u00ab Ritocc\u00e0ti! \u00bb et \u00ab Il Re del Bisturi \u00bb. <strong>Nouveaux produits dans le catalogue Garvan<\/strong> | Sont pr\u00e9sent\u00e9s : des barres de son, des micro haut-parleurs et quatre enceintes encastrables de 11 cm. Le nouveau haut-parleur d'ext\u00e9rieur SN120 est lanc\u00e9 avec des performances de r\u00e9f\u00e9rence sur le march\u00e9 actuel.<\/p>\n<p class=\"ai-optimize-118\" data-pm-slice=\"1 1 &#091;&#093;\"><strong>2022<br \/>\nNos enceintes prennent le large<\/strong> | Ferretti Yachts choisit Garvan Acoustic comme syst\u00e8me audio standard pour ses prestigieux yachts.<br \/>\n<strong>Garvan sur Amazon Prime Video<\/strong> | Nous participons \u00e0 un nouveau format d\u00e9di\u00e9 \u00e0 l'excellence italienne. Les cam\u00e9ras de \u00ab Italians Do It Better \u00bb visitent notre entreprise pour raconter notre histoire.<br \/>\n<strong>La Goccia \u00e0 Misano<\/strong> | La Goccia, con\u00e7ue par Drudi Performance avec les graphismes du GP de Saint-Marin et de la Riviera de Rimini, est pr\u00e9sent\u00e9e au circuit de Misano lors de la conf\u00e9rence FMI pendant le MotoGP.<br \/>\n<strong>Collaboration avec Gresini Racing<\/strong> | La collaboration avec Gresini Racing se poursuit, le pilote Enea Bastianini remporte plusieurs courses en MotoGP.<br \/>\n<strong>Nouveaux produits pour le home-cin\u00e9ma<\/strong> | Introduction de nouvelles enceintes acoustiques avec un canal central d\u00e9doubl\u00e9 pour une utilisation home-cin\u00e9ma et de barres de son sur mesure allant jusqu'\u00e0 3 m\u00e8tres.<\/p>\n<p class=\"ai-optimize-119\"><strong>2023<br \/>\nNaissance d'Audio Pista<\/strong> | En collaboration avec l'autodrome d'Imola, le projet <em>Audio Pista<\/em> est lanc\u00e9 pour raconter les histoires sonores du monde du sport automobile. La collaboration avec Gresini Racing se poursuit.<br \/>\n<strong>La Goccia en vedette<\/strong> | L'enceinte Goccia enrichit le d\u00e9cor de la s\u00e9rie TV \u00ab Il Patriarca \u00bb disponible sur Mediaset Infinity, ainsi que du tout nouveau film \u00ab Una Commedia Pericolosa \u00bb avec Enrico Brignano.<br \/>\n<strong>Garvan Art\u2122<\/strong> | Nouveau projet <em>Garvan Art\u2122<\/em>, la premi\u00e8re collection num\u00e9rot\u00e9e d'\u0153uvres d'art acoustiques absorbantes de Garvan Acoustic\u00ae, cr\u00e9\u00e9e par l'artiste Maria Savini. Chaque pi\u00e8ce allie excellence acoustique et valeur artistique, transformant le son en une forme visuelle sur des panneaux acoustiques aux finitions exclusives.<br \/>\n<strong>La Goccia sonorise Misano<\/strong> | Les enceintes acoustiques Goccia sonorisent la salle de r\u00e9union du circuit de Misano, qui accueille certains des \u00e9v\u00e9nements automobiles les plus importants : MotoGP, Superbike et DTM.<br \/>\n<strong>Enceintes ext\u00e9rieures en b\u00e9ton<\/strong> | Pr\u00e9sentation de la nouvelle enceinte acoustique d'ext\u00e9rieur Garvan SN120EA en b\u00e9ton.<\/p>\n<p class=\"ai-optimize-120\"><strong>2024<br \/>\n<\/strong><strong>Nouvelles barres de son et enceintes ext\u00e9rieures plus puissantes<\/strong> | Introduction de 12 barres de son sur mesure, divis\u00e9es en 6 mod\u00e8les encastrables et 6 on-wall, ainsi qu'une gamme d'enceintes d'ext\u00e9rieur avec un son \u00e0 360\u00b0, mod\u00e8les SN220 et WN220.<br \/>\n<strong>Nouvel artiste pour Garvan Art\u2122<\/strong> | <em>Garvan Art\u2122<\/em> s'enrichit avec des \u0153uvres d'art r\u00e9alis\u00e9es par le Ma\u00eetre d'Art Adriano Venturelli sur panneau <em>SURFACE\u2122<\/em> avec finition <em>Materica WALL\u2122<\/em>. Chaque \u0153uvre est accompagn\u00e9e d'un certificat d'authenticit\u00e9 et de propri\u00e9t\u00e9, d\u00e9livr\u00e9 par la galerie d'art Anima&amp;Colors de Mod\u00e8ne avec la signature de l'auteur, le Ma\u00eetre d'Art Adriano Venturelli.<br \/>\n<strong>Collaborations dans le sport automobile<\/strong> | La collaboration avec Gresini Racing continue. En partenariat avec Ducati lors du <em>WDW<\/em>, nous avons cr\u00e9\u00e9 une exp\u00e9rience sonore reproduisant fid\u00e8lement les magnifiques sons des motos Ducati.<\/p>\n<\/div><\/div><\/div><\/div><\/section><section style=\"background-color:#000000;\"><div class=\"container\"><div class=\"row\"><div class=\"wpb_column hcode-column-container vc_col-sm-12 col-xs-mobile-fullwidth\" data-front-class=\"col-xs-mobile-fullwidth\"><div class=\"vc-column-innner-wrapper\"><div class=\"fit-videos\"><iframe loading=\"lazy\" width=\"800\" height=\"400\" webkitAllowFullScreen mozallowfullscreen allowFullScreen src=\"https:\/\/www.youtube.com\/embed\/_lpsMpqrpW0?autoplay=0&loop=0\"><\/iframe><\/div><\/div><\/div><\/div><\/div><\/section><section><div class=\"container\"><div class=\"row\"><div class=\"wpb_column hcode-column-container vc_col-sm-2 vc_col-lg-3 vc_col-md-2 vc_hidden-xs col-xs-mobile-fullwidth\" data-front-class=\"col-xs-mobile-fullwidth\"><div class=\"vc-column-innner-wrapper\"><\/div><\/div><div class=\"wpb_column hcode-column-container text-center vc_col-sm-8 vc_col-lg-6 vc_col-md-8 vc_col-xs-12\" data-front-class=\"text-center\"><div class=\"vc-column-innner-wrapper\"><h2 class=\"section-title no-padding margin-bottom-40px xs-margin-bottom-20px\">Abonnez-vous \u00e0 notre newsletter<\/h2>\n<div class=\"wpcf7 no-js\" id=\"wpcf7-f28138-o1\" lang=\"it-IT\" dir=\"ltr\" data-wpcf7-id=\"28138\">\n<div class=\"screen-reader-response\"><p role=\"status\" aria-live=\"polite\" aria-atomic=\"true\"><\/p> <ul><\/ul><\/div>\n<form action=\"\/fr\/wp-json\/wp\/v2\/pages\/25417#wpcf7-f28138-o1\" method=\"post\" class=\"wpcf7-form init cf7mls-no-scroll cf7mls-auto-return-first-step cf7mls-no-moving-animation\" aria-label=\"Modulo di contatto\" novalidate=\"novalidate\" data-status=\"init\">\n<fieldset class=\"hidden-fields-container\"><input type=\"hidden\" name=\"_wpcf7\" value=\"28138\" \/><input type=\"hidden\" name=\"_wpcf7_version\" value=\"6.1.5\" \/><input type=\"hidden\" name=\"_wpcf7_locale\" value=\"it_IT\" \/><input type=\"hidden\" name=\"_wpcf7_unit_tag\" value=\"wpcf7-f28138-o1\" \/><input type=\"hidden\" name=\"_wpcf7_container_post\" value=\"0\" \/><input type=\"hidden\" name=\"_wpcf7_posted_data_hash\" value=\"\" \/><input type=\"hidden\" name=\"_wpcf7_recaptcha_response\" value=\"\" \/>\n<\/fieldset>\n<div class=\"input-group\">\n\t<p><span class=\"wpcf7-form-control-wrap\" data-name=\"your-name\"><input size=\"40\" maxlength=\"400\" class=\"wpcf7-form-control wpcf7-text wpcf7-validates-as-required\" aria-required=\"true\" aria-invalid=\"false\" placeholder=\"Nom et pr\u00e9nom\" value=\"\" type=\"text\" name=\"your-name\" \/><\/span><br \/>\n<span class=\"wpcf7-form-control-wrap\" data-name=\"your-company\"><input size=\"40\" maxlength=\"400\" class=\"wpcf7-form-control wpcf7-text\" aria-invalid=\"false\" placeholder=\"Entreprise (facultatif)\" value=\"\" type=\"text\" name=\"your-company\" \/><\/span><br \/>\n<span class=\"wpcf7-form-control-wrap\" data-name=\"your-email\"><input size=\"40\" maxlength=\"400\" class=\"wpcf7-form-control wpcf7-email wpcf7-validates-as-required wpcf7-text wpcf7-validates-as-email\" aria-required=\"true\" aria-invalid=\"false\" placeholder=\"Email\" value=\"\" type=\"email\" name=\"your-email\" \/><\/span>\n\t<\/p>\n<\/div>\n<div class=\"checkbox\">\n\t<p><span class=\"wpcf7-form-control-wrap\" data-name=\"privacy\"><span class=\"wpcf7-form-control wpcf7-acceptance\"><span class=\"wpcf7-list-item\"><label><input type=\"checkbox\" name=\"privacy\" value=\"1\" checked=\"checked\" aria-invalid=\"false\" \/><span class=\"wpcf7-list-item-label\">En envoyant cette demande, j\u2019autorise Garvan, conform\u00e9ment \u00e0 la <a href=\"https:\/\/www.garvanacoustic.com\/fr\/privacy-policy\/\" target=\"_blank\" rel=\"noopener\">loi italienne sur la protection de la vie priv\u00e9e (2003\/196)<\/a>, \u00e0 utiliser mon adresse e-mail \u00e0 des fins publicitaires et\/ou de marketing. Garvan Acoustic utilisera vos donn\u00e9es exclusivement \u00e0 cette fin et ne les transmettra pas \u00e0 des tiers.<\/span><\/label><\/span><\/span><\/span>\n\t<\/p>\n<\/div>\n<p><input class=\"wpcf7-form-control wpcf7-submit has-spinner\" type=\"submit\" value=\"S\u2019INSCRIRE\" \/>\n<\/p><div class=\"wpcf7-response-output\" aria-hidden=\"true\"><\/div>\n<\/form>\n<\/div>\n\n<\/div><\/div><div class=\"wpb_column hcode-column-container vc_col-sm-2 vc_col-lg-3 vc_col-md-2 vc_hidden-xs col-xs-mobile-fullwidth\" data-front-class=\"col-xs-mobile-fullwidth\"><div class=\"vc-column-innner-wrapper\"><\/div><\/div><\/div><\/div><\/section>","protected":false},"excerpt":{"rendered":"<p>Design. Create. Innovate.Fabricants de haut-parleurs et de panneaux insonorisantsGarvan vous propose une exp\u00e9rience d\u2019\u00e9coute de haute qualit\u00e9 gr\u00e2ce aux enceintes architecturales qui s\u2019int\u00e8grent parfaitement dans l\u2019environnement. Tout cela, gr\u00e2ce \u00e0 des solutions de design ou \u00e0 des solutions r\u00e9tractables, avec des mat\u00e9riaux, des couleurs et des personnalisations multiples.\u00a0 Notre but est d\u2019\u00eatre un moteur de [&hellip;]<\/p>\n","protected":false},"author":6,"featured_media":0,"parent":25356,"menu_order":0,"comment_status":"closed","ping_status":"closed","template":"","meta":{"_joinchat":[],"footnotes":""},"class_list":["post-25417","page","type-page","status-publish","hentry"],"yoast_head":"<!-- This site is optimized with the Yoast SEO Premium plugin v27.4 (Yoast SEO v27.4) - https:\/\/yoast.com\/product\/yoast-seo-premium-wordpress\/ -->\n<title>\u00c0 propos de nous - Garvan Acoustic<\/title>\n<meta name=\"robots\" content=\"index, follow, max-snippet:-1, max-image-preview:large, max-video-preview:-1\" \/>\n<link rel=\"canonical\" href=\"https:\/\/www.garvanacoustic.com\/fr\/entreprise\/a-propos-de-nous\/\" \/>\n<meta property=\"og:locale\" content=\"fr_FR\" \/>\n<meta property=\"og:type\" content=\"article\" \/>\n<meta property=\"og:title\" content=\"\u00c0 propos de nous\" \/>\n<meta property=\"og:description\" content=\"Design. Create. Innovate.Fabricants de haut-parleurs et de panneaux insonorisantsGarvan vous propose une exp\u00e9rience d\u2019\u00e9coute de haute qualit\u00e9 gr\u00e2ce aux enceintes architecturales qui s\u2019int\u00e8grent parfaitement dans l\u2019environnement. Tout cela, gr\u00e2ce \u00e0 des solutions de design ou \u00e0 des solutions r\u00e9tractables, avec des mat\u00e9riaux, des couleurs et des personnalisations multiples.\u00a0 Notre but est d\u2019\u00eatre un moteur de [&hellip;]\" \/>\n<meta property=\"og:url\" content=\"https:\/\/www.garvanacoustic.com\/fr\/entreprise\/a-propos-de-nous\/\" \/>\n<meta property=\"og:site_name\" content=\"Garvan Acoustic\" \/>\n<meta property=\"article:publisher\" content=\"https:\/\/www.facebook.com\/garvanacoustic\" \/>\n<meta property=\"article:modified_time\" content=\"2025-08-18T09:07:26+00:00\" \/>\n<meta property=\"og:image\" content=\"https:\/\/www.garvanacoustic.com\/wp-content\/uploads\/2024\/07\/header-nwsl-garvan-e1759746705872.jpg\" \/>\n\t<meta property=\"og:image:width\" content=\"779\" \/>\n\t<meta property=\"og:image:height\" content=\"437\" \/>\n\t<meta property=\"og:image:type\" content=\"image\/jpeg\" \/>\n<meta name=\"twitter:card\" content=\"summary_large_image\" \/>\n<meta name=\"twitter:label1\" content=\"Dur\u00e9e de lecture estim\u00e9e\" \/>\n\t<meta name=\"twitter:data1\" content=\"12 minutes\" \/>\n<script type=\"application\/ld+json\" class=\"yoast-schema-graph\">{\"@context\":\"https:\\\/\\\/schema.org\",\"@graph\":[{\"@type\":\"WebPage\",\"@id\":\"https:\\\/\\\/www.garvanacoustic.com\\\/fr\\\/entreprise\\\/a-propos-de-nous\\\/\",\"url\":\"https:\\\/\\\/www.garvanacoustic.com\\\/fr\\\/entreprise\\\/a-propos-de-nous\\\/\",\"name\":\"\u00c0 propos de nous - Garvan Acoustic\",\"isPartOf\":{\"@id\":\"https:\\\/\\\/www.garvanacoustic.com\\\/fr\\\/#website\"},\"datePublished\":\"2019-01-03T16:36:11+00:00\",\"dateModified\":\"2025-08-18T09:07:26+00:00\",\"breadcrumb\":{\"@id\":\"https:\\\/\\\/www.garvanacoustic.com\\\/fr\\\/entreprise\\\/a-propos-de-nous\\\/#breadcrumb\"},\"inLanguage\":\"fr-FR\",\"potentialAction\":[{\"@type\":\"ReadAction\",\"target\":[\"https:\\\/\\\/www.garvanacoustic.com\\\/fr\\\/entreprise\\\/a-propos-de-nous\\\/\"]}]},{\"@type\":\"BreadcrumbList\",\"@id\":\"https:\\\/\\\/www.garvanacoustic.com\\\/fr\\\/entreprise\\\/a-propos-de-nous\\\/#breadcrumb\",\"itemListElement\":[{\"@type\":\"ListItem\",\"position\":1,\"name\":\"Home\",\"item\":\"https:\\\/\\\/www.garvanacoustic.com\\\/fr\\\/\"},{\"@type\":\"ListItem\",\"position\":2,\"name\":\"Entreprise\",\"item\":\"https:\\\/\\\/www.garvanacoustic.com\\\/fr\\\/entreprise\\\/\"},{\"@type\":\"ListItem\",\"position\":3,\"name\":\"\u00c0 propos de nous\"}]},{\"@type\":\"WebSite\",\"@id\":\"https:\\\/\\\/www.garvanacoustic.com\\\/fr\\\/#website\",\"url\":\"https:\\\/\\\/www.garvanacoustic.com\\\/fr\\\/\",\"name\":\"Garvan Acoustic\",\"description\":\"Diffusori e trattamento acustico: scopri la qualit\u00e0 del Made in Italy\",\"publisher\":{\"@id\":\"https:\\\/\\\/www.garvanacoustic.com\\\/fr\\\/#organization\"},\"potentialAction\":[{\"@type\":\"SearchAction\",\"target\":{\"@type\":\"EntryPoint\",\"urlTemplate\":\"https:\\\/\\\/www.garvanacoustic.com\\\/fr\\\/?s={search_term_string}\"},\"query-input\":{\"@type\":\"PropertyValueSpecification\",\"valueRequired\":true,\"valueName\":\"search_term_string\"}}],\"inLanguage\":\"fr-FR\"},{\"@type\":\"Organization\",\"@id\":\"https:\\\/\\\/www.garvanacoustic.com\\\/fr\\\/#organization\",\"name\":\"Garvan Acoustic\",\"url\":\"https:\\\/\\\/www.garvanacoustic.com\\\/fr\\\/\",\"logo\":{\"@type\":\"ImageObject\",\"inLanguage\":\"fr-FR\",\"@id\":\"https:\\\/\\\/www.garvanacoustic.com\\\/fr\\\/#\\\/schema\\\/logo\\\/image\\\/\",\"url\":\"https:\\\/\\\/www.garvanacoustic.com\\\/wp-content\\\/uploads\\\/2018\\\/07\\\/garvan-acoustic-logo.png\",\"contentUrl\":\"https:\\\/\\\/www.garvanacoustic.com\\\/wp-content\\\/uploads\\\/2018\\\/07\\\/garvan-acoustic-logo.png\",\"width\":400,\"height\":161,\"caption\":\"Garvan Acoustic\"},\"image\":{\"@id\":\"https:\\\/\\\/www.garvanacoustic.com\\\/fr\\\/#\\\/schema\\\/logo\\\/image\\\/\"},\"sameAs\":[\"https:\\\/\\\/www.facebook.com\\\/garvanacoustic\",\"https:\\\/\\\/www.instagram.com\\\/garvanacoustic\\\/\"],\"description\":\"Produttori di Diffusori Acustici e Pannelli Fonoassorbenti Made in Italy\",\"email\":\"garvan@garvanacoustic.com\",\"telephone\":\"0546 682097\"}]}<\/script>\n<!-- \/ Yoast SEO Premium plugin. -->","yoast_head_json":{"title":"\u00c0 propos de nous - Garvan Acoustic","robots":{"index":"index","follow":"follow","max-snippet":"max-snippet:-1","max-image-preview":"max-image-preview:large","max-video-preview":"max-video-preview:-1"},"canonical":"https:\/\/www.garvanacoustic.com\/fr\/entreprise\/a-propos-de-nous\/","og_locale":"fr_FR","og_type":"article","og_title":"\u00c0 propos de nous","og_description":"Design. Create. Innovate.Fabricants de haut-parleurs et de panneaux insonorisantsGarvan vous propose une exp\u00e9rience d\u2019\u00e9coute de haute qualit\u00e9 gr\u00e2ce aux enceintes architecturales qui s\u2019int\u00e8grent parfaitement dans l\u2019environnement. Tout cela, gr\u00e2ce \u00e0 des solutions de design ou \u00e0 des solutions r\u00e9tractables, avec des mat\u00e9riaux, des couleurs et des personnalisations multiples.\u00a0 Notre but est d\u2019\u00eatre un moteur de [&hellip;]","og_url":"https:\/\/www.garvanacoustic.com\/fr\/entreprise\/a-propos-de-nous\/","og_site_name":"Garvan Acoustic","article_publisher":"https:\/\/www.facebook.com\/garvanacoustic","article_modified_time":"2025-08-18T09:07:26+00:00","og_image":[{"width":779,"height":437,"url":"https:\/\/www.garvanacoustic.com\/wp-content\/uploads\/2024\/07\/header-nwsl-garvan-e1759746705872.jpg","type":"image\/jpeg"}],"twitter_card":"summary_large_image","twitter_misc":{"Dur\u00e9e de lecture estim\u00e9e":"12 minutes"},"schema":{"@context":"https:\/\/schema.org","@graph":[{"@type":"WebPage","@id":"https:\/\/www.garvanacoustic.com\/fr\/entreprise\/a-propos-de-nous\/","url":"https:\/\/www.garvanacoustic.com\/fr\/entreprise\/a-propos-de-nous\/","name":"\u00c0 propos de nous - Garvan Acoustic","isPartOf":{"@id":"https:\/\/www.garvanacoustic.com\/fr\/#website"},"datePublished":"2019-01-03T16:36:11+00:00","dateModified":"2025-08-18T09:07:26+00:00","breadcrumb":{"@id":"https:\/\/www.garvanacoustic.com\/fr\/entreprise\/a-propos-de-nous\/#breadcrumb"},"inLanguage":"fr-FR","potentialAction":[{"@type":"ReadAction","target":["https:\/\/www.garvanacoustic.com\/fr\/entreprise\/a-propos-de-nous\/"]}]},{"@type":"BreadcrumbList","@id":"https:\/\/www.garvanacoustic.com\/fr\/entreprise\/a-propos-de-nous\/#breadcrumb","itemListElement":[{"@type":"ListItem","position":1,"name":"Home","item":"https:\/\/www.garvanacoustic.com\/fr\/"},{"@type":"ListItem","position":2,"name":"Entreprise","item":"https:\/\/www.garvanacoustic.com\/fr\/entreprise\/"},{"@type":"ListItem","position":3,"name":"\u00c0 propos de nous"}]},{"@type":"WebSite","@id":"https:\/\/www.garvanacoustic.com\/fr\/#website","url":"https:\/\/www.garvanacoustic.com\/fr\/","name":"Garvan Acoustic","description":"Diffusori e trattamento acustico: scopri la qualit\u00e0 del Made in Italy","publisher":{"@id":"https:\/\/www.garvanacoustic.com\/fr\/#organization"},"potentialAction":[{"@type":"SearchAction","target":{"@type":"EntryPoint","urlTemplate":"https:\/\/www.garvanacoustic.com\/fr\/?s={search_term_string}"},"query-input":{"@type":"PropertyValueSpecification","valueRequired":true,"valueName":"search_term_string"}}],"inLanguage":"fr-FR"},{"@type":"Organization","@id":"https:\/\/www.garvanacoustic.com\/fr\/#organization","name":"Garvan Acoustic","url":"https:\/\/www.garvanacoustic.com\/fr\/","logo":{"@type":"ImageObject","inLanguage":"fr-FR","@id":"https:\/\/www.garvanacoustic.com\/fr\/#\/schema\/logo\/image\/","url":"https:\/\/www.garvanacoustic.com\/wp-content\/uploads\/2018\/07\/garvan-acoustic-logo.png","contentUrl":"https:\/\/www.garvanacoustic.com\/wp-content\/uploads\/2018\/07\/garvan-acoustic-logo.png","width":400,"height":161,"caption":"Garvan Acoustic"},"image":{"@id":"https:\/\/www.garvanacoustic.com\/fr\/#\/schema\/logo\/image\/"},"sameAs":["https:\/\/www.facebook.com\/garvanacoustic","https:\/\/www.instagram.com\/garvanacoustic\/"],"description":"Produttori di Diffusori Acustici e Pannelli Fonoassorbenti Made in Italy","email":"garvan@garvanacoustic.com","telephone":"0546 682097"}]}},"_links":{"self":[{"href":"https:\/\/www.garvanacoustic.com\/fr\/wp-json\/wp\/v2\/pages\/25417","targetHints":{"allow":["GET"]}}],"collection":[{"href":"https:\/\/www.garvanacoustic.com\/fr\/wp-json\/wp\/v2\/pages"}],"about":[{"href":"https:\/\/www.garvanacoustic.com\/fr\/wp-json\/wp\/v2\/types\/page"}],"author":[{"embeddable":true,"href":"https:\/\/www.garvanacoustic.com\/fr\/wp-json\/wp\/v2\/users\/6"}],"replies":[{"embeddable":true,"href":"https:\/\/www.garvanacoustic.com\/fr\/wp-json\/wp\/v2\/comments?post=25417"}],"version-history":[{"count":14,"href":"https:\/\/www.garvanacoustic.com\/fr\/wp-json\/wp\/v2\/pages\/25417\/revisions"}],"predecessor-version":[{"id":76491,"href":"https:\/\/www.garvanacoustic.com\/fr\/wp-json\/wp\/v2\/pages\/25417\/revisions\/76491"}],"up":[{"embeddable":true,"href":"https:\/\/www.garvanacoustic.com\/fr\/wp-json\/wp\/v2\/pages\/25356"}],"wp:attachment":[{"href":"https:\/\/www.garvanacoustic.com\/fr\/wp-json\/wp\/v2\/media?parent=25417"}],"curies":[{"name":"wp","href":"https:\/\/api.w.org\/{rel}","templated":true}]}}