{"id":26572,"date":"2019-01-23T14:44:21","date_gmt":"2019-01-23T13:44:21","guid":{"rendered":"https:\/\/www.garvanacoustic.com\/?page_id=26572"},"modified":"2019-05-23T11:51:39","modified_gmt":"2019-05-23T09:51:39","slug":"enceintes-detagere","status":"publish","type":"page","link":"https:\/\/www.garvanacoustic.com\/fr\/enceintes\/enceintes-detagere\/","title":{"rendered":"Enceintes d&rsquo;\u00e9tag\u00e8re"},"content":{"rendered":"<section  class=\"wow fadeIn bg-image-srcset cover-background\" style=\"background-image: url(https:\/\/www.garvanacoustic.com\/wp-content\/uploads\/2019\/05\/Diffusori-da-libreria.jpg);\" data-bg-srcset=\"https:\/\/www.garvanacoustic.com\/wp-content\/uploads\/2019\/05\/Diffusori-da-libreria.jpg 1920w, https:\/\/www.garvanacoustic.com\/wp-content\/uploads\/2019\/05\/Diffusori-da-libreria-300x67.jpg 300w, https:\/\/www.garvanacoustic.com\/wp-content\/uploads\/2019\/05\/Diffusori-da-libreria-768x172.jpg 768w, https:\/\/www.garvanacoustic.com\/wp-content\/uploads\/2019\/05\/Diffusori-da-libreria-1024x229.jpg 1024w, https:\/\/www.garvanacoustic.com\/wp-content\/uploads\/2019\/05\/Diffusori-da-libreria-81x18.jpg 81w\"><div class=\"selection-overlay\" style=\"opacity:0.5;background-color:#000000;\"><\/div><div class=\"container\"><div class=\"row\"><div class=\"wpb_column hcode-column-container center-col text-center vc_col-sm-10 vc_col-md-6 col-xs-mobile-fullwidth\" data-front-class=\"center-col text-center col-xs-mobile-fullwidth\"><div class=\"vc-column-innner-wrapper\"><p class=\"titolo\"><strong>Enceintes d'\u00e9tag\u00e8re<\/strong><\/p>\n<p class=\"testo-sottotitolo text-med center-col margin-seven no-margin-bottom white-text\">Les enceintes d\u2019\u00e9tag\u00e8re en acier unissent les lignes \u00e9pur\u00e9es \u00e0 la technologie unique de Garvan pour un son riche et pur. Une solution convenant \u00e0 la fois aux syst\u00e8mes de home-cin\u00e9ma et multiroom, ainsi qu'\u00e0 toute solution audio. La large gamme de couleurs et de finitions esth\u00e9tiques rend ces produits adaptables \u00e0 tout environnement.<\/p>\n<\/div><\/div><\/div><\/div><\/section><section class=\"no-padding\"><div class=\"container-fluid\"><div class=\"row\"><div class=\"wpb_column hcode-column-container text-center  col-xs-mobile-fullwidth\" data-front-class=\"text-center col-xs-mobile-fullwidth front-column-class\"><div class=\"vc-column-innner-wrapper\"><div  class=\"work-4col gutter work-with-title wide wide-title \"><div class=\"col-md-12  grid-gallery overflow-hidden no-padding content-section\"><div class=\"tab-content portfolio-infinite-scroll-pagination\"><ul class=\"grid masonry-items masonry-portfolio-grid   hcode-portfolio-1\" data-portfolio=\"\" data-uniqueid=\"hcode-portfolio-1\"><li class=\"portfolio-filter-284 portfolio-filter-312 portfolio-filter-221 \"><figure><div class=\"gallery-img\"><a href=\"https:\/\/www.garvanacoustic.com\/fr\/produit\/enceinte-pour-etagere-kb112\/\"><img decoding=\"async\" width=\"900\" height=\"600\" src=\"https:\/\/www.garvanacoustic.com\/wp-content\/uploads\/2021\/02\/Enceinte-pour-\u00e9tag\u00e8re-Garvan-SB112-1.jpg\" class=\"hcode-portfolio-img wp-post-image\" alt=\"Enceinte pour \u00e9tag\u00e8re Garvan SB112\" srcset=\"https:\/\/www.garvanacoustic.com\/wp-content\/uploads\/2021\/02\/Enceinte-pour-\u00e9tag\u00e8re-Garvan-SB112-1.jpg 900w, https:\/\/www.garvanacoustic.com\/wp-content\/uploads\/2021\/02\/Enceinte-pour-\u00e9tag\u00e8re-Garvan-SB112-1-300x200.jpg 300w, https:\/\/www.garvanacoustic.com\/wp-content\/uploads\/2021\/02\/Enceinte-pour-\u00e9tag\u00e8re-Garvan-SB112-1-768x512.jpg 768w, https:\/\/www.garvanacoustic.com\/wp-content\/uploads\/2021\/02\/Enceinte-pour-\u00e9tag\u00e8re-Garvan-SB112-1-81x54.jpg 81w\" sizes=\"(max-width: 900px) 100vw, 900px\" \/><\/a><\/div><figcaption><h3 class=\"\"><a href=\"https:\/\/www.garvanacoustic.com\/fr\/produit\/enceinte-pour-etagere-kb112\/\">KB112<\/a><\/h3><a class=\"btn inner-link btn-black btn-small\" href=\"https:\/\/www.garvanacoustic.com\/fr\/produit\/enceinte-pour-etagere-kb112\/\">D\u00e9couvrir<\/a><\/figcaption><\/figure><\/li><li class=\"portfolio-filter-284 portfolio-filter-312 portfolio-filter-221 \"><figure><div class=\"gallery-img\"><a href=\"https:\/\/www.garvanacoustic.com\/fr\/produit\/kb213\/\"><img decoding=\"async\" width=\"900\" height=\"600\" src=\"https:\/\/www.garvanacoustic.com\/wp-content\/uploads\/2019\/01\/diffusori-da-scaffale-hi-end-Garvan-SB213.jpg\" class=\"hcode-portfolio-img wp-post-image\" alt=\"Enceintes de biblioth\u00e8que Garvan SB213\" srcset=\"https:\/\/www.garvanacoustic.com\/wp-content\/uploads\/2019\/01\/diffusori-da-scaffale-hi-end-Garvan-SB213.jpg 900w, https:\/\/www.garvanacoustic.com\/wp-content\/uploads\/2019\/01\/diffusori-da-scaffale-hi-end-Garvan-SB213-300x200.jpg 300w, https:\/\/www.garvanacoustic.com\/wp-content\/uploads\/2019\/01\/diffusori-da-scaffale-hi-end-Garvan-SB213-768x512.jpg 768w, https:\/\/www.garvanacoustic.com\/wp-content\/uploads\/2019\/01\/diffusori-da-scaffale-hi-end-Garvan-SB213-81x54.jpg 81w\" sizes=\"(max-width: 900px) 100vw, 900px\" \/><\/a><\/div><figcaption><h3 class=\"\"><a href=\"https:\/\/www.garvanacoustic.com\/fr\/produit\/kb213\/\">KB213<\/a><\/h3><a class=\"btn inner-link btn-black btn-small\" href=\"https:\/\/www.garvanacoustic.com\/fr\/produit\/kb213\/\">D\u00e9couvrir<\/a><\/figcaption><\/figure><\/li><li class=\"portfolio-filter-284 portfolio-filter-312 portfolio-filter-221 \"><figure><div class=\"gallery-img\"><a href=\"https:\/\/www.garvanacoustic.com\/fr\/produit\/haut-parleur-pour-etagere-hifi-kb313\/\"><img decoding=\"async\" width=\"900\" height=\"600\" src=\"https:\/\/www.garvanacoustic.com\/wp-content\/uploads\/2021\/02\/Haut-parleur-pour-\u00e9tag\u00e8re-hifi-Garvan-SB313-1.jpg\" class=\"hcode-portfolio-img wp-post-image\" alt=\"Haut parleur pour \u00e9tag\u00e8re hifi Garvan SB313\" srcset=\"https:\/\/www.garvanacoustic.com\/wp-content\/uploads\/2021\/02\/Haut-parleur-pour-\u00e9tag\u00e8re-hifi-Garvan-SB313-1.jpg 900w, https:\/\/www.garvanacoustic.com\/wp-content\/uploads\/2021\/02\/Haut-parleur-pour-\u00e9tag\u00e8re-hifi-Garvan-SB313-1-300x200.jpg 300w, https:\/\/www.garvanacoustic.com\/wp-content\/uploads\/2021\/02\/Haut-parleur-pour-\u00e9tag\u00e8re-hifi-Garvan-SB313-1-768x512.jpg 768w, https:\/\/www.garvanacoustic.com\/wp-content\/uploads\/2021\/02\/Haut-parleur-pour-\u00e9tag\u00e8re-hifi-Garvan-SB313-1-81x54.jpg 81w\" sizes=\"(max-width: 900px) 100vw, 900px\" \/><\/a><\/div><figcaption><h3 class=\"\"><a href=\"https:\/\/www.garvanacoustic.com\/fr\/produit\/haut-parleur-pour-etagere-hifi-kb313\/\">KB313<\/a><\/h3><a class=\"btn inner-link btn-black btn-small\" href=\"https:\/\/www.garvanacoustic.com\/fr\/produit\/haut-parleur-pour-etagere-hifi-kb313\/\">D\u00e9couvrir<\/a><\/figcaption><\/figure><\/li><li class=\"portfolio-filter-284 portfolio-filter-312 portfolio-filter-221 \"><figure><div class=\"gallery-img\"><a href=\"https:\/\/www.garvanacoustic.com\/fr\/produit\/haut-parleur-pour-etagere-kb316\/\"><img decoding=\"async\" width=\"900\" height=\"600\" src=\"https:\/\/www.garvanacoustic.com\/wp-content\/uploads\/2021\/03\/Haut-parleur-pour-\u00e9tag\u00e8re-Garvan-SB316-1.jpg\" class=\"hcode-portfolio-img wp-post-image\" alt=\"Haut parleur pour \u00e9tag\u00e8re Garvan SB316\" srcset=\"https:\/\/www.garvanacoustic.com\/wp-content\/uploads\/2021\/03\/Haut-parleur-pour-\u00e9tag\u00e8re-Garvan-SB316-1.jpg 900w, https:\/\/www.garvanacoustic.com\/wp-content\/uploads\/2021\/03\/Haut-parleur-pour-\u00e9tag\u00e8re-Garvan-SB316-1-300x200.jpg 300w, https:\/\/www.garvanacoustic.com\/wp-content\/uploads\/2021\/03\/Haut-parleur-pour-\u00e9tag\u00e8re-Garvan-SB316-1-768x512.jpg 768w, https:\/\/www.garvanacoustic.com\/wp-content\/uploads\/2021\/03\/Haut-parleur-pour-\u00e9tag\u00e8re-Garvan-SB316-1-81x54.jpg 81w\" sizes=\"(max-width: 900px) 100vw, 900px\" \/><\/a><\/div><figcaption><h3 class=\"\"><a href=\"https:\/\/www.garvanacoustic.com\/fr\/produit\/haut-parleur-pour-etagere-kb316\/\">KB316<\/a><\/h3><a class=\"btn inner-link btn-black btn-small\" href=\"https:\/\/www.garvanacoustic.com\/fr\/produit\/haut-parleur-pour-etagere-kb316\/\">D\u00e9couvrir<\/a><\/figcaption><\/figure><\/li><li class=\"portfolio-filter-284 portfolio-filter-312 portfolio-filter-221 \"><figure><div class=\"gallery-img\"><a href=\"https:\/\/www.garvanacoustic.com\/fr\/produit\/haut-parleur-pour-etagere-hifi-kb513\/\"><img decoding=\"async\" width=\"900\" height=\"600\" src=\"https:\/\/www.garvanacoustic.com\/wp-content\/uploads\/2019\/01\/sb513.jpg\" class=\"hcode-portfolio-img wp-post-image\" alt=\"\" srcset=\"https:\/\/www.garvanacoustic.com\/wp-content\/uploads\/2019\/01\/sb513.jpg 900w, https:\/\/www.garvanacoustic.com\/wp-content\/uploads\/2019\/01\/sb513-300x200.jpg 300w, https:\/\/www.garvanacoustic.com\/wp-content\/uploads\/2019\/01\/sb513-768x512.jpg 768w, https:\/\/www.garvanacoustic.com\/wp-content\/uploads\/2019\/01\/sb513-81x54.jpg 81w\" sizes=\"(max-width: 900px) 100vw, 900px\" \/><\/a><\/div><figcaption><h3 class=\"\"><a href=\"https:\/\/www.garvanacoustic.com\/fr\/produit\/haut-parleur-pour-etagere-hifi-kb513\/\">KB513<\/a><\/h3><a class=\"btn inner-link btn-black btn-small\" href=\"https:\/\/www.garvanacoustic.com\/fr\/produit\/haut-parleur-pour-etagere-hifi-kb513\/\">D\u00e9couvrir<\/a><\/figcaption><\/figure><\/li><li class=\"portfolio-filter-229 portfolio-filter-284 portfolio-filter-312 portfolio-filter-316 portfolio-filter-358 portfolio-filter-221 \"><figure><div class=\"gallery-img\"><a href=\"https:\/\/www.garvanacoustic.com\/fr\/produit\/haut-parleur-acoustique-compact-kw109\/\"><img decoding=\"async\" width=\"768\" height=\"510\" src=\"https:\/\/www.garvanacoustic.com\/wp-content\/uploads\/2026\/02\/speakers-Cilindro-KW109_front.png\" class=\"hcode-portfolio-img wp-post-image\" alt=\"\" srcset=\"https:\/\/www.garvanacoustic.com\/wp-content\/uploads\/2026\/02\/speakers-Cilindro-KW109_front.png 768w, https:\/\/www.garvanacoustic.com\/wp-content\/uploads\/2026\/02\/speakers-Cilindro-KW109_front-300x199.png 300w, https:\/\/www.garvanacoustic.com\/wp-content\/uploads\/2026\/02\/speakers-Cilindro-KW109_front-81x54.png 81w\" sizes=\"(max-width: 768px) 100vw, 768px\" \/><\/a><\/div><figcaption><h3 class=\"\"><a href=\"https:\/\/www.garvanacoustic.com\/fr\/produit\/haut-parleur-acoustique-compact-kw109\/\">KW109<\/a><\/h3><a class=\"btn inner-link btn-black btn-small\" href=\"https:\/\/www.garvanacoustic.com\/fr\/produit\/haut-parleur-acoustique-compact-kw109\/\">D\u00e9couvrir<\/a><\/figcaption><\/figure><\/li><\/ul><\/div><\/div><\/div><\/div><\/div><\/div><\/div><\/section><section  class=\"no-padding sm-no-padding xs-no-padding bg-image-srcset cover-background\" style=\"background-image: url(https:\/\/www.garvanacoustic.com\/wp-content\/uploads\/2019\/05\/coro-home-1024x320.jpg);\" data-bg-srcset=\"https:\/\/www.garvanacoustic.com\/wp-content\/uploads\/2019\/05\/coro-home-1024x320.jpg 1024w, https:\/\/www.garvanacoustic.com\/wp-content\/uploads\/2019\/05\/coro-home-1024x320-300x94.jpg 300w, https:\/\/www.garvanacoustic.com\/wp-content\/uploads\/2019\/05\/coro-home-1024x320-768x240.jpg 768w, https:\/\/www.garvanacoustic.com\/wp-content\/uploads\/2019\/05\/coro-home-1024x320-81x25.jpg 81w\"><div class=\"wpb_column hcode-column-container  vc_custom_1537348976209 vc_col-sm-6 col-xs-mobile-fullwidth\" data-front-class=\" vc_custom_1537348976209 col-xs-mobile-fullwidth\"><div class=\"vc-column-innner-wrapper\"><\/div><\/div><div class=\"wpb_column hcode-column-container text-center sm-text-center xs-text-center padding-twelve sm-padding-twelve xs-padding-twelve sm-margin-five-top xs-margin-five-top vc_col-sm-6 col-xs-mobile-fullwidth\" data-front-class=\"text-center sm-text-center xs-text-center padding-twelve sm-padding-twelve xs-padding-twelve sm-margin-five-top xs-margin-five-top col-xs-mobile-fullwidth\"><div class=\"vc-column-innner-wrapper\"><p class=\"titolo-collezione\">[CORO]<\/p>\n<div class=\"hcode-space  margin-two-all\"><\/div><p class=\"sottotitolo\">Enceintes modernes plates<\/p>\n<p><a class=\"link\" href=\"https:\/\/www.garvanacoustic.com\/fr\/collections\/collection-coro\/\">D\u00e9couvrez \u203a<\/a><\/p>\n<\/div><\/div><\/section>","protected":false},"excerpt":{"rendered":"<p>[vc_raw_html]PGxpbmsgaHJlZj0iaHR0cHM6Ly9mb250cy5nb29nbGVhcGlzLmNvbS9jc3MyP2ZhbWlseT1Nb250c2VycmF0OndnaHRANDAwOzYwMDs3MDAmYW1wO2Rpc3BsYXk9c3dhcCIgcmVsPSJzdHlsZXNoZWV0Ij4KCjxzdHlsZT4KQG1lZGlhIChtYXgtd2lkdGg6IDc2OHB4KXsKICAuZ2EtaGVybyB7IG1hcmdpbi10b3A6IDgzcHggIWltcG9ydGFudDsgfSAgICAgICAgICAvKiBldml0YSBjaGUgdmFkYSBzb3R0byBpbCBtZW51ICovCiAgLmdhLWhlcm8tY29udGVudCB7IGRpc3BsYXk6IG5vbmUgIWltcG9ydGFudDsgfSAvKiBOQVNDT05ERSB0ZXN0byArIGZyZWNjaWEgKi8KfQoKLyogbWljcm8tYW5pbWF6aW9uZSBTT0xPIGRlc2t0b3AgKi8KQG1lZGlhIChtaW4td2lkdGg6IDc2OXB4KXsKICAuZ2EtYXJyb3cgewogICAgYW5pbWF0aW9uOiBnYS1ib3VuY2UgMi40cyBlYXNlLWluLW91dCBpbmZpbml0ZTsKICB9CiAgQGtleWZyYW1lcyBnYS1ib3VuY2UgewogICAgMCUsIDEwMCUgeyB0cmFuc2Zvcm06IHRyYW5zbGF0ZVkoMCk7IH0KICAgIDUwJSAgICAgIHsgdHJhbnNmb3JtOiB0cmFuc2xhdGVZKDRweCk7IH0KICB9Cn0KPC9zdHlsZT4KCjxkaXYgY2xhc3M9ImdhLWhlcm8iIHN0eWxlPSIgIHdpZHRoOiAxMDAlOyBtYXJnaW46IDAgYXV0bzsgcG9zaXRpb246IHJlbGF0aXZlOyBvdmVyZmxvdzogaGlkZGVuOyBhc3BlY3QtcmF0aW86IDE2IC8gOTsgYmFja2dyb3VuZC1pbWFnZTogdXJsKCdodHRwczovL3d3dy5nYXJ2YW5hY291c3RpYy5jb20vd3AtY29udGVudC91cGxvYWRzLzIwMjYvMDIvR2FydmFuLUNpbGluZHJvLUtXMTA5LmpwZycpOyBiYWNrZ3JvdW5kLXNpemU6IGNvdmVyOyBiYWNrZ3JvdW5kLXBvc2l0aW9uOiBjZW50ZXI7ICAiPgogIDwhLS0gT3ZlcmxheSBncmFkaWVudCAtLT4KICA8ZGl2IHN0eWxlPSIgIHBvc2l0aW9uOiBhYnNvbHV0ZTsgbGVmdDogMDsgcmlnaHQ6IDA7IGJvdHRvbTogMDsgaGVpZ2h0OiAzMCU7IGJhY2tncm91bmQ6IGxpbmVhci1ncmFkaWVudCggdG8gdG9wLCByZ2JhKDAsMCwwLDAuODgpIDAlLCByZ2JhKDAsMCwwLDAuNjgpIDM1JSwgcmdiYSgwLDAsMCwwLjMyKSA2MiUsIHJnYmEoMCwwLDAsMC4wKSAxMDAlICk7IGRpc3BsYXk6IGZsZXg7IGFsaWduLWl0ZW1zOiBjZW50ZXI7IGp1c3RpZnktY29udGVudDogY2VudGVyOyBwYWRkaW5nOiAwIGNsYW1wKDE2cHgsIDN2dywgMzJweCk7IGJveC1zaXppbmc6IGJvcmRlci1ib3g7ICAiPgogICAgPCEtLSBDT05URU5VVE8gKGRlc2t0b3Agb25seSkgLS0+CiAgICA8ZGl2IGNsYXNzPSJnYS1oZXJvLWNvbnRlbnQiIHN0eWxlPSIgIGRpc3BsYXk6IGZsZXg7IGFsaWduLWl0ZW1zOiBjZW50ZXI7IGp1c3RpZnktY29udGVudDogY2VudGVyOyBnYXA6IGNsYW1wKDE2cHgsIDIuNnZ3LCAyMnB4KTsgdHJhbnNmb3JtOiB0cmFuc2xhdGVYKC0yJSk7ICAiPgogICAgICA8IS0tIFRpdG9sbyAtLT4KICAgICAgPGRpdiBzdHlsZT0iICBjb2xvcjogI2ZmZmZmZjsgZm9udC1mYW1pbHk6IE1vbnRzZXJyYXQsIEFyaWFsLCBzYW5zLXNlcmlmOyBmb250LXdlaWdodDogNzAwOyBmb250LXNpemU6IGNsYW1wKDI2cHgsIDQuMnZ3LCA1MHB4KTsgbGluZS1oZWlnaHQ6IDE7IGxldHRlci1zcGFjaW5nOiAwLjVweDsgd2hpdGUtc3BhY2U6IG5vd3JhcDsgICI+CiAgS1cxMDkKICAgICAgPC9kaXY+CgogICAgICA8IS0tIEZyZWNjaWEgKGRlc2t0b3ApIC0tPgogICAgICA8YSBjbGFzcz0iZ2EtYXJyb3ciIGhyZWY9IiNwcm9kb3R0byIgc3R5bGU9IiAgd2lkdGg6IDUycHg7IGhlaWdodDogNTJweDsgYm9yZGVyLXJhZGl1czogOTk5cHg7IGJvcmRlcjogMnB4IHNvbGlkIHJnYmEoMjU1LDI1NSwyNTUsMC45KTsgZGlzcGxheTogaW5saW5lLWZsZXg7IGFsaWduLWl0ZW1zOiBjZW50ZXI7IGp1c3RpZnktY29udGVudDogY2VudGVyOyB0ZXh0LWRlY29yYXRpb246IG5vbmU7IGJhY2tncm91bmQ6IHJnYmEoMjU1LDI1NSwyNTUsMC4wMik7ICAiIGFyaWEtbGFiZWw9IlNjcm9sbCI+CiAgICAgICAgPCEtLSBTVkcgZnJlY2NpYSAzMHB4IC0tPgogICAgICAgIDxzdmcgd2lkdGg9IjMwIiBoZWlnaHQ9IjMwIiB2aWV3Ym94PSIwIDAgMjQgMjQiIGZpbGw9Im5vbmUiIHhtbG5zPSJodHRwOi8vd3d3LnczLm9yZy8yMDAwL3N2ZyIgYXJpYS1oaWRkZW49InRydWUiPgogICAgICAgICAgPHBhdGggZD0iTTEyIDR2MTIiIHN0cm9rZT0id2hpdGUiIHN0cm9rZS13aWR0aD0iMiIgc3Ryb2tlLWxpbmVjYXA9InJvdW5kIi8+CiAgICAgICAgICA8cGF0aCBkPSJNNyAxM2w1IDUgNS01IiBzdHJva2U9IndoaXRlIiBzdHJva2Utd2lkdGg9IjIiIHN0cm9rZS1saW5lY2FwPSJyb3VuZCIgc3Ryb2tlLWxpbmVqb2luPSJyb3VuZCIvPgogICAgICAgIDwvc3ZnPgogICAgICA8L2E+CiAgICA8L2Rpdj4KICA8L2Rpdj4KPC9kaXY+Cgo8ZGl2IGlkPSJwcm9kb3R0byI+PC9kaXY+Cg==[\/vc_raw_html]Haut-parleur acoustique compact KW109 Le KW109 est un haut-parleur acoustique compact \u00e0 gamme compl\u00e8te con\u00e7u pour les installations int\u00e9rieures o\u00f9 une int\u00e9gration visuelle extr\u00eamement discr\u00e8te est requise sans sacrifier la qualit\u00e9 du son. La forme cylindrique ferm\u00e9e en aluminium abrite un seul haut-parleur pleine gamme de 76 mm, offrant une reproduction claire et \u00e9quilibr\u00e9e avec [&hellip;]<\/p>\n","protected":false},"author":6,"featured_media":0,"parent":26549,"menu_order":0,"comment_status":"open","ping_status":"closed","template":"","meta":{"_joinchat":[],"footnotes":""},"class_list":["post-26572","page","type-page","status-publish","hentry"],"yoast_head":"<!-- This site is optimized with the Yoast SEO Premium plugin v27.4 (Yoast SEO v27.4) - https:\/\/yoast.com\/product\/yoast-seo-premium-wordpress\/ -->\n<title>Enceintes d&#039;\u00e9tag\u00e8re - Garvan Acoustic<\/title>\n<meta name=\"robots\" content=\"index, follow, max-snippet:-1, max-image-preview:large, max-video-preview:-1\" \/>\n<link rel=\"canonical\" href=\"https:\/\/www.garvanacoustic.com\/fr\/enceintes\/enceintes-detagere\/\" \/>\n<meta property=\"og:locale\" content=\"fr_FR\" \/>\n<meta property=\"og:type\" content=\"article\" \/>\n<meta property=\"og:title\" content=\"Enceintes d&#039;\u00e9tag\u00e8re\" \/>\n<meta property=\"og:description\" content=\"[vc_raw_html]PGxpbmsgaHJlZj0iaHR0cHM6Ly9mb250cy5nb29nbGVhcGlzLmNvbS9jc3MyP2ZhbWlseT1Nb250c2VycmF0OndnaHRANDAwOzYwMDs3MDAmYW1wO2Rpc3BsYXk9c3dhcCIgcmVsPSJzdHlsZXNoZWV0Ij4KCjxzdHlsZT4KQG1lZGlhIChtYXgtd2lkdGg6IDc2OHB4KXsKICAuZ2EtaGVybyB7IG1hcmdpbi10b3A6IDgzcHggIWltcG9ydGFudDsgfSAgICAgICAgICAvKiBldml0YSBjaGUgdmFkYSBzb3R0byBpbCBtZW51ICovCiAgLmdhLWhlcm8tY29udGVudCB7IGRpc3BsYXk6IG5vbmUgIWltcG9ydGFudDsgfSAvKiBOQVNDT05ERSB0ZXN0byArIGZyZWNjaWEgKi8KfQoKLyogbWljcm8tYW5pbWF6aW9uZSBTT0xPIGRlc2t0b3AgKi8KQG1lZGlhIChtaW4td2lkdGg6IDc2OXB4KXsKICAuZ2EtYXJyb3cgewogICAgYW5pbWF0aW9uOiBnYS1ib3VuY2UgMi40cyBlYXNlLWluLW91dCBpbmZpbml0ZTsKICB9CiAgQGtleWZyYW1lcyBnYS1ib3VuY2UgewogICAgMCUsIDEwMCUgeyB0cmFuc2Zvcm06IHRyYW5zbGF0ZVkoMCk7IH0KICAgIDUwJSAgICAgIHsgdHJhbnNmb3JtOiB0cmFuc2xhdGVZKDRweCk7IH0KICB9Cn0KPC9zdHlsZT4KCjxkaXYgY2xhc3M9ImdhLWhlcm8iIHN0eWxlPSIgIHdpZHRoOiAxMDAlOyBtYXJnaW46IDAgYXV0bzsgcG9zaXRpb246IHJlbGF0aXZlOyBvdmVyZmxvdzogaGlkZGVuOyBhc3BlY3QtcmF0aW86IDE2IC8gOTsgYmFja2dyb3VuZC1pbWFnZTogdXJsKCdodHRwczovL3d3dy5nYXJ2YW5hY291c3RpYy5jb20vd3AtY29udGVudC91cGxvYWRzLzIwMjYvMDIvR2FydmFuLUNpbGluZHJvLUtXMTA5LmpwZycpOyBiYWNrZ3JvdW5kLXNpemU6IGNvdmVyOyBiYWNrZ3JvdW5kLXBvc2l0aW9uOiBjZW50ZXI7ICAiPgogIDwhLS0gT3ZlcmxheSBncmFkaWVudCAtLT4KICA8ZGl2IHN0eWxlPSIgIHBvc2l0aW9uOiBhYnNvbHV0ZTsgbGVmdDogMDsgcmlnaHQ6IDA7IGJvdHRvbTogMDsgaGVpZ2h0OiAzMCU7IGJhY2tncm91bmQ6IGxpbmVhci1ncmFkaWVudCggdG8gdG9wLCByZ2JhKDAsMCwwLDAuODgpIDAlLCByZ2JhKDAsMCwwLDAuNjgpIDM1JSwgcmdiYSgwLDAsMCwwLjMyKSA2MiUsIHJnYmEoMCwwLDAsMC4wKSAxMDAlICk7IGRpc3BsYXk6IGZsZXg7IGFsaWduLWl0ZW1zOiBjZW50ZXI7IGp1c3RpZnktY29udGVudDogY2VudGVyOyBwYWRkaW5nOiAwIGNsYW1wKDE2cHgsIDN2dywgMzJweCk7IGJveC1zaXppbmc6IGJvcmRlci1ib3g7ICAiPgogICAgPCEtLSBDT05URU5VVE8gKGRlc2t0b3Agb25seSkgLS0+CiAgICA8ZGl2IGNsYXNzPSJnYS1oZXJvLWNvbnRlbnQiIHN0eWxlPSIgIGRpc3BsYXk6IGZsZXg7IGFsaWduLWl0ZW1zOiBjZW50ZXI7IGp1c3RpZnktY29udGVudDogY2VudGVyOyBnYXA6IGNsYW1wKDE2cHgsIDIuNnZ3LCAyMnB4KTsgdHJhbnNmb3JtOiB0cmFuc2xhdGVYKC0yJSk7ICAiPgogICAgICA8IS0tIFRpdG9sbyAtLT4KICAgICAgPGRpdiBzdHlsZT0iICBjb2xvcjogI2ZmZmZmZjsgZm9udC1mYW1pbHk6IE1vbnRzZXJyYXQsIEFyaWFsLCBzYW5zLXNlcmlmOyBmb250LXdlaWdodDogNzAwOyBmb250LXNpemU6IGNsYW1wKDI2cHgsIDQuMnZ3LCA1MHB4KTsgbGluZS1oZWlnaHQ6IDE7IGxldHRlci1zcGFjaW5nOiAwLjVweDsgd2hpdGUtc3BhY2U6IG5vd3JhcDsgICI+CiAgS1cxMDkKICAgICAgPC9kaXY+CgogICAgICA8IS0tIEZyZWNjaWEgKGRlc2t0b3ApIC0tPgogICAgICA8YSBjbGFzcz0iZ2EtYXJyb3ciIGhyZWY9IiNwcm9kb3R0byIgc3R5bGU9IiAgd2lkdGg6IDUycHg7IGhlaWdodDogNTJweDsgYm9yZGVyLXJhZGl1czogOTk5cHg7IGJvcmRlcjogMnB4IHNvbGlkIHJnYmEoMjU1LDI1NSwyNTUsMC45KTsgZGlzcGxheTogaW5saW5lLWZsZXg7IGFsaWduLWl0ZW1zOiBjZW50ZXI7IGp1c3RpZnktY29udGVudDogY2VudGVyOyB0ZXh0LWRlY29yYXRpb246IG5vbmU7IGJhY2tncm91bmQ6IHJnYmEoMjU1LDI1NSwyNTUsMC4wMik7ICAiIGFyaWEtbGFiZWw9IlNjcm9sbCI+CiAgICAgICAgPCEtLSBTVkcgZnJlY2NpYSAzMHB4IC0tPgogICAgICAgIDxzdmcgd2lkdGg9IjMwIiBoZWlnaHQ9IjMwIiB2aWV3Ym94PSIwIDAgMjQgMjQiIGZpbGw9Im5vbmUiIHhtbG5zPSJodHRwOi8vd3d3LnczLm9yZy8yMDAwL3N2ZyIgYXJpYS1oaWRkZW49InRydWUiPgogICAgICAgICAgPHBhdGggZD0iTTEyIDR2MTIiIHN0cm9rZT0id2hpdGUiIHN0cm9rZS13aWR0aD0iMiIgc3Ryb2tlLWxpbmVjYXA9InJvdW5kIi8+CiAgICAgICAgICA8cGF0aCBkPSJNNyAxM2w1IDUgNS01IiBzdHJva2U9IndoaXRlIiBzdHJva2Utd2lkdGg9IjIiIHN0cm9rZS1saW5lY2FwPSJyb3VuZCIgc3Ryb2tlLWxpbmVqb2luPSJyb3VuZCIvPgogICAgICAgIDwvc3ZnPgogICAgICA8L2E+CiAgICA8L2Rpdj4KICA8L2Rpdj4KPC9kaXY+Cgo8ZGl2IGlkPSJwcm9kb3R0byI+PC9kaXY+Cg==[\/vc_raw_html]Haut-parleur acoustique compact KW109 Le KW109 est un haut-parleur acoustique compact \u00e0 gamme compl\u00e8te con\u00e7u pour les installations int\u00e9rieures o\u00f9 une int\u00e9gration visuelle extr\u00eamement discr\u00e8te est requise sans sacrifier la qualit\u00e9 du son. La forme cylindrique ferm\u00e9e en aluminium abrite un seul haut-parleur pleine gamme de 76 mm, offrant une reproduction claire et \u00e9quilibr\u00e9e avec [&hellip;]\" \/>\n<meta property=\"og:url\" content=\"https:\/\/www.garvanacoustic.com\/fr\/enceintes\/enceintes-detagere\/\" \/>\n<meta property=\"og:site_name\" content=\"Garvan Acoustic\" \/>\n<meta property=\"article:publisher\" content=\"https:\/\/www.facebook.com\/garvanacoustic\" \/>\n<meta property=\"article:modified_time\" content=\"2019-05-23T09:51:39+00:00\" \/>\n<meta property=\"og:image\" content=\"https:\/\/www.garvanacoustic.com\/wp-content\/uploads\/2024\/07\/header-nwsl-garvan-e1759746705872.jpg\" \/>\n\t<meta property=\"og:image:width\" content=\"779\" \/>\n\t<meta property=\"og:image:height\" content=\"437\" \/>\n\t<meta property=\"og:image:type\" content=\"image\/jpeg\" \/>\n<meta name=\"twitter:card\" content=\"summary_large_image\" \/>\n<meta name=\"twitter:label1\" content=\"Dur\u00e9e de lecture estim\u00e9e\" \/>\n\t<meta name=\"twitter:data1\" content=\"1 minute\" \/>\n<script type=\"application\/ld+json\" class=\"yoast-schema-graph\">{\"@context\":\"https:\\\/\\\/schema.org\",\"@graph\":[{\"@type\":\"WebPage\",\"@id\":\"https:\\\/\\\/www.garvanacoustic.com\\\/fr\\\/enceintes\\\/enceintes-detagere\\\/\",\"url\":\"https:\\\/\\\/www.garvanacoustic.com\\\/fr\\\/enceintes\\\/enceintes-detagere\\\/\",\"name\":\"Enceintes d'\u00e9tag\u00e8re - Garvan Acoustic\",\"isPartOf\":{\"@id\":\"https:\\\/\\\/www.garvanacoustic.com\\\/fr\\\/#website\"},\"datePublished\":\"2019-01-23T13:44:21+00:00\",\"dateModified\":\"2019-05-23T09:51:39+00:00\",\"breadcrumb\":{\"@id\":\"https:\\\/\\\/www.garvanacoustic.com\\\/fr\\\/enceintes\\\/enceintes-detagere\\\/#breadcrumb\"},\"inLanguage\":\"fr-FR\",\"potentialAction\":[{\"@type\":\"ReadAction\",\"target\":[\"https:\\\/\\\/www.garvanacoustic.com\\\/fr\\\/enceintes\\\/enceintes-detagere\\\/\"]}]},{\"@type\":\"BreadcrumbList\",\"@id\":\"https:\\\/\\\/www.garvanacoustic.com\\\/fr\\\/enceintes\\\/enceintes-detagere\\\/#breadcrumb\",\"itemListElement\":[{\"@type\":\"ListItem\",\"position\":1,\"name\":\"Home\",\"item\":\"https:\\\/\\\/www.garvanacoustic.com\\\/fr\\\/\"},{\"@type\":\"ListItem\",\"position\":2,\"name\":\"Enceintes\",\"item\":\"https:\\\/\\\/www.garvanacoustic.com\\\/fr\\\/enceintes\\\/\"},{\"@type\":\"ListItem\",\"position\":3,\"name\":\"Enceintes d&#8217;\u00e9tag\u00e8re\"}]},{\"@type\":\"WebSite\",\"@id\":\"https:\\\/\\\/www.garvanacoustic.com\\\/fr\\\/#website\",\"url\":\"https:\\\/\\\/www.garvanacoustic.com\\\/fr\\\/\",\"name\":\"Garvan Acoustic\",\"description\":\"Diffusori e trattamento acustico: scopri la qualit\u00e0 del Made in Italy\",\"publisher\":{\"@id\":\"https:\\\/\\\/www.garvanacoustic.com\\\/fr\\\/#organization\"},\"potentialAction\":[{\"@type\":\"SearchAction\",\"target\":{\"@type\":\"EntryPoint\",\"urlTemplate\":\"https:\\\/\\\/www.garvanacoustic.com\\\/fr\\\/?s={search_term_string}\"},\"query-input\":{\"@type\":\"PropertyValueSpecification\",\"valueRequired\":true,\"valueName\":\"search_term_string\"}}],\"inLanguage\":\"fr-FR\"},{\"@type\":\"Organization\",\"@id\":\"https:\\\/\\\/www.garvanacoustic.com\\\/fr\\\/#organization\",\"name\":\"Garvan Acoustic\",\"url\":\"https:\\\/\\\/www.garvanacoustic.com\\\/fr\\\/\",\"logo\":{\"@type\":\"ImageObject\",\"inLanguage\":\"fr-FR\",\"@id\":\"https:\\\/\\\/www.garvanacoustic.com\\\/fr\\\/#\\\/schema\\\/logo\\\/image\\\/\",\"url\":\"https:\\\/\\\/www.garvanacoustic.com\\\/wp-content\\\/uploads\\\/2018\\\/07\\\/garvan-acoustic-logo.png\",\"contentUrl\":\"https:\\\/\\\/www.garvanacoustic.com\\\/wp-content\\\/uploads\\\/2018\\\/07\\\/garvan-acoustic-logo.png\",\"width\":400,\"height\":161,\"caption\":\"Garvan Acoustic\"},\"image\":{\"@id\":\"https:\\\/\\\/www.garvanacoustic.com\\\/fr\\\/#\\\/schema\\\/logo\\\/image\\\/\"},\"sameAs\":[\"https:\\\/\\\/www.facebook.com\\\/garvanacoustic\",\"https:\\\/\\\/www.instagram.com\\\/garvanacoustic\\\/\"],\"description\":\"Produttori di Diffusori Acustici e Pannelli Fonoassorbenti Made in Italy\",\"email\":\"garvan@garvanacoustic.com\",\"telephone\":\"0546 682097\"}]}<\/script>\n<!-- \/ Yoast SEO Premium plugin. -->","yoast_head_json":{"title":"Enceintes d'\u00e9tag\u00e8re - Garvan Acoustic","robots":{"index":"index","follow":"follow","max-snippet":"max-snippet:-1","max-image-preview":"max-image-preview:large","max-video-preview":"max-video-preview:-1"},"canonical":"https:\/\/www.garvanacoustic.com\/fr\/enceintes\/enceintes-detagere\/","og_locale":"fr_FR","og_type":"article","og_title":"Enceintes d'\u00e9tag\u00e8re","og_description":"[vc_raw_html]PGxpbmsgaHJlZj0iaHR0cHM6Ly9mb250cy5nb29nbGVhcGlzLmNvbS9jc3MyP2ZhbWlseT1Nb250c2VycmF0OndnaHRANDAwOzYwMDs3MDAmYW1wO2Rpc3BsYXk9c3dhcCIgcmVsPSJzdHlsZXNoZWV0Ij4KCjxzdHlsZT4KQG1lZGlhIChtYXgtd2lkdGg6IDc2OHB4KXsKICAuZ2EtaGVybyB7IG1hcmdpbi10b3A6IDgzcHggIWltcG9ydGFudDsgfSAgICAgICAgICAvKiBldml0YSBjaGUgdmFkYSBzb3R0byBpbCBtZW51ICovCiAgLmdhLWhlcm8tY29udGVudCB7IGRpc3BsYXk6IG5vbmUgIWltcG9ydGFudDsgfSAvKiBOQVNDT05ERSB0ZXN0byArIGZyZWNjaWEgKi8KfQoKLyogbWljcm8tYW5pbWF6aW9uZSBTT0xPIGRlc2t0b3AgKi8KQG1lZGlhIChtaW4td2lkdGg6IDc2OXB4KXsKICAuZ2EtYXJyb3cgewogICAgYW5pbWF0aW9uOiBnYS1ib3VuY2UgMi40cyBlYXNlLWluLW91dCBpbmZpbml0ZTsKICB9CiAgQGtleWZyYW1lcyBnYS1ib3VuY2UgewogICAgMCUsIDEwMCUgeyB0cmFuc2Zvcm06IHRyYW5zbGF0ZVkoMCk7IH0KICAgIDUwJSAgICAgIHsgdHJhbnNmb3JtOiB0cmFuc2xhdGVZKDRweCk7IH0KICB9Cn0KPC9zdHlsZT4KCjxkaXYgY2xhc3M9ImdhLWhlcm8iIHN0eWxlPSIgIHdpZHRoOiAxMDAlOyBtYXJnaW46IDAgYXV0bzsgcG9zaXRpb246IHJlbGF0aXZlOyBvdmVyZmxvdzogaGlkZGVuOyBhc3BlY3QtcmF0aW86IDE2IC8gOTsgYmFja2dyb3VuZC1pbWFnZTogdXJsKCdodHRwczovL3d3dy5nYXJ2YW5hY291c3RpYy5jb20vd3AtY29udGVudC91cGxvYWRzLzIwMjYvMDIvR2FydmFuLUNpbGluZHJvLUtXMTA5LmpwZycpOyBiYWNrZ3JvdW5kLXNpemU6IGNvdmVyOyBiYWNrZ3JvdW5kLXBvc2l0aW9uOiBjZW50ZXI7ICAiPgogIDwhLS0gT3ZlcmxheSBncmFkaWVudCAtLT4KICA8ZGl2IHN0eWxlPSIgIHBvc2l0aW9uOiBhYnNvbHV0ZTsgbGVmdDogMDsgcmlnaHQ6IDA7IGJvdHRvbTogMDsgaGVpZ2h0OiAzMCU7IGJhY2tncm91bmQ6IGxpbmVhci1ncmFkaWVudCggdG8gdG9wLCByZ2JhKDAsMCwwLDAuODgpIDAlLCByZ2JhKDAsMCwwLDAuNjgpIDM1JSwgcmdiYSgwLDAsMCwwLjMyKSA2MiUsIHJnYmEoMCwwLDAsMC4wKSAxMDAlICk7IGRpc3BsYXk6IGZsZXg7IGFsaWduLWl0ZW1zOiBjZW50ZXI7IGp1c3RpZnktY29udGVudDogY2VudGVyOyBwYWRkaW5nOiAwIGNsYW1wKDE2cHgsIDN2dywgMzJweCk7IGJveC1zaXppbmc6IGJvcmRlci1ib3g7ICAiPgogICAgPCEtLSBDT05URU5VVE8gKGRlc2t0b3Agb25seSkgLS0+CiAgICA8ZGl2IGNsYXNzPSJnYS1oZXJvLWNvbnRlbnQiIHN0eWxlPSIgIGRpc3BsYXk6IGZsZXg7IGFsaWduLWl0ZW1zOiBjZW50ZXI7IGp1c3RpZnktY29udGVudDogY2VudGVyOyBnYXA6IGNsYW1wKDE2cHgsIDIuNnZ3LCAyMnB4KTsgdHJhbnNmb3JtOiB0cmFuc2xhdGVYKC0yJSk7ICAiPgogICAgICA8IS0tIFRpdG9sbyAtLT4KICAgICAgPGRpdiBzdHlsZT0iICBjb2xvcjogI2ZmZmZmZjsgZm9udC1mYW1pbHk6IE1vbnRzZXJyYXQsIEFyaWFsLCBzYW5zLXNlcmlmOyBmb250LXdlaWdodDogNzAwOyBmb250LXNpemU6IGNsYW1wKDI2cHgsIDQuMnZ3LCA1MHB4KTsgbGluZS1oZWlnaHQ6IDE7IGxldHRlci1zcGFjaW5nOiAwLjVweDsgd2hpdGUtc3BhY2U6IG5vd3JhcDsgICI+CiAgS1cxMDkKICAgICAgPC9kaXY+CgogICAgICA8IS0tIEZyZWNjaWEgKGRlc2t0b3ApIC0tPgogICAgICA8YSBjbGFzcz0iZ2EtYXJyb3ciIGhyZWY9IiNwcm9kb3R0byIgc3R5bGU9IiAgd2lkdGg6IDUycHg7IGhlaWdodDogNTJweDsgYm9yZGVyLXJhZGl1czogOTk5cHg7IGJvcmRlcjogMnB4IHNvbGlkIHJnYmEoMjU1LDI1NSwyNTUsMC45KTsgZGlzcGxheTogaW5saW5lLWZsZXg7IGFsaWduLWl0ZW1zOiBjZW50ZXI7IGp1c3RpZnktY29udGVudDogY2VudGVyOyB0ZXh0LWRlY29yYXRpb246IG5vbmU7IGJhY2tncm91bmQ6IHJnYmEoMjU1LDI1NSwyNTUsMC4wMik7ICAiIGFyaWEtbGFiZWw9IlNjcm9sbCI+CiAgICAgICAgPCEtLSBTVkcgZnJlY2NpYSAzMHB4IC0tPgogICAgICAgIDxzdmcgd2lkdGg9IjMwIiBoZWlnaHQ9IjMwIiB2aWV3Ym94PSIwIDAgMjQgMjQiIGZpbGw9Im5vbmUiIHhtbG5zPSJodHRwOi8vd3d3LnczLm9yZy8yMDAwL3N2ZyIgYXJpYS1oaWRkZW49InRydWUiPgogICAgICAgICAgPHBhdGggZD0iTTEyIDR2MTIiIHN0cm9rZT0id2hpdGUiIHN0cm9rZS13aWR0aD0iMiIgc3Ryb2tlLWxpbmVjYXA9InJvdW5kIi8+CiAgICAgICAgICA8cGF0aCBkPSJNNyAxM2w1IDUgNS01IiBzdHJva2U9IndoaXRlIiBzdHJva2Utd2lkdGg9IjIiIHN0cm9rZS1saW5lY2FwPSJyb3VuZCIgc3Ryb2tlLWxpbmVqb2luPSJyb3VuZCIvPgogICAgICAgIDwvc3ZnPgogICAgICA8L2E+CiAgICA8L2Rpdj4KICA8L2Rpdj4KPC9kaXY+Cgo8ZGl2IGlkPSJwcm9kb3R0byI+PC9kaXY+Cg==[\/vc_raw_html]Haut-parleur acoustique compact KW109 Le KW109 est un haut-parleur acoustique compact \u00e0 gamme compl\u00e8te con\u00e7u pour les installations int\u00e9rieures o\u00f9 une int\u00e9gration visuelle extr\u00eamement discr\u00e8te est requise sans sacrifier la qualit\u00e9 du son. La forme cylindrique ferm\u00e9e en aluminium abrite un seul haut-parleur pleine gamme de 76 mm, offrant une reproduction claire et \u00e9quilibr\u00e9e avec [&hellip;]","og_url":"https:\/\/www.garvanacoustic.com\/fr\/enceintes\/enceintes-detagere\/","og_site_name":"Garvan Acoustic","article_publisher":"https:\/\/www.facebook.com\/garvanacoustic","article_modified_time":"2019-05-23T09:51:39+00:00","og_image":[{"width":779,"height":437,"url":"https:\/\/www.garvanacoustic.com\/wp-content\/uploads\/2024\/07\/header-nwsl-garvan-e1759746705872.jpg","type":"image\/jpeg"}],"twitter_card":"summary_large_image","twitter_misc":{"Dur\u00e9e de lecture estim\u00e9e":"1 minute"},"schema":{"@context":"https:\/\/schema.org","@graph":[{"@type":"WebPage","@id":"https:\/\/www.garvanacoustic.com\/fr\/enceintes\/enceintes-detagere\/","url":"https:\/\/www.garvanacoustic.com\/fr\/enceintes\/enceintes-detagere\/","name":"Enceintes d'\u00e9tag\u00e8re - Garvan Acoustic","isPartOf":{"@id":"https:\/\/www.garvanacoustic.com\/fr\/#website"},"datePublished":"2019-01-23T13:44:21+00:00","dateModified":"2019-05-23T09:51:39+00:00","breadcrumb":{"@id":"https:\/\/www.garvanacoustic.com\/fr\/enceintes\/enceintes-detagere\/#breadcrumb"},"inLanguage":"fr-FR","potentialAction":[{"@type":"ReadAction","target":["https:\/\/www.garvanacoustic.com\/fr\/enceintes\/enceintes-detagere\/"]}]},{"@type":"BreadcrumbList","@id":"https:\/\/www.garvanacoustic.com\/fr\/enceintes\/enceintes-detagere\/#breadcrumb","itemListElement":[{"@type":"ListItem","position":1,"name":"Home","item":"https:\/\/www.garvanacoustic.com\/fr\/"},{"@type":"ListItem","position":2,"name":"Enceintes","item":"https:\/\/www.garvanacoustic.com\/fr\/enceintes\/"},{"@type":"ListItem","position":3,"name":"Enceintes d&#8217;\u00e9tag\u00e8re"}]},{"@type":"WebSite","@id":"https:\/\/www.garvanacoustic.com\/fr\/#website","url":"https:\/\/www.garvanacoustic.com\/fr\/","name":"Garvan Acoustic","description":"Diffusori e trattamento acustico: scopri la qualit\u00e0 del Made in Italy","publisher":{"@id":"https:\/\/www.garvanacoustic.com\/fr\/#organization"},"potentialAction":[{"@type":"SearchAction","target":{"@type":"EntryPoint","urlTemplate":"https:\/\/www.garvanacoustic.com\/fr\/?s={search_term_string}"},"query-input":{"@type":"PropertyValueSpecification","valueRequired":true,"valueName":"search_term_string"}}],"inLanguage":"fr-FR"},{"@type":"Organization","@id":"https:\/\/www.garvanacoustic.com\/fr\/#organization","name":"Garvan Acoustic","url":"https:\/\/www.garvanacoustic.com\/fr\/","logo":{"@type":"ImageObject","inLanguage":"fr-FR","@id":"https:\/\/www.garvanacoustic.com\/fr\/#\/schema\/logo\/image\/","url":"https:\/\/www.garvanacoustic.com\/wp-content\/uploads\/2018\/07\/garvan-acoustic-logo.png","contentUrl":"https:\/\/www.garvanacoustic.com\/wp-content\/uploads\/2018\/07\/garvan-acoustic-logo.png","width":400,"height":161,"caption":"Garvan Acoustic"},"image":{"@id":"https:\/\/www.garvanacoustic.com\/fr\/#\/schema\/logo\/image\/"},"sameAs":["https:\/\/www.facebook.com\/garvanacoustic","https:\/\/www.instagram.com\/garvanacoustic\/"],"description":"Produttori di Diffusori Acustici e Pannelli Fonoassorbenti Made in Italy","email":"garvan@garvanacoustic.com","telephone":"0546 682097"}]}},"_links":{"self":[{"href":"https:\/\/www.garvanacoustic.com\/fr\/wp-json\/wp\/v2\/pages\/26572","targetHints":{"allow":["GET"]}}],"collection":[{"href":"https:\/\/www.garvanacoustic.com\/fr\/wp-json\/wp\/v2\/pages"}],"about":[{"href":"https:\/\/www.garvanacoustic.com\/fr\/wp-json\/wp\/v2\/types\/page"}],"author":[{"embeddable":true,"href":"https:\/\/www.garvanacoustic.com\/fr\/wp-json\/wp\/v2\/users\/6"}],"replies":[{"embeddable":true,"href":"https:\/\/www.garvanacoustic.com\/fr\/wp-json\/wp\/v2\/comments?post=26572"}],"version-history":[{"count":9,"href":"https:\/\/www.garvanacoustic.com\/fr\/wp-json\/wp\/v2\/pages\/26572\/revisions"}],"predecessor-version":[{"id":31194,"href":"https:\/\/www.garvanacoustic.com\/fr\/wp-json\/wp\/v2\/pages\/26572\/revisions\/31194"}],"up":[{"embeddable":true,"href":"https:\/\/www.garvanacoustic.com\/fr\/wp-json\/wp\/v2\/pages\/26549"}],"wp:attachment":[{"href":"https:\/\/www.garvanacoustic.com\/fr\/wp-json\/wp\/v2\/media?parent=26572"}],"curies":[{"name":"wp","href":"https:\/\/api.w.org\/{rel}","templated":true}]}}